{"id":53637,"date":"2024-08-14T10:59:37","date_gmt":"2024-08-14T14:59:37","guid":{"rendered":"https:\/\/nouveau.maisonmallet.com\/?post_type=event&#038;p=53637"},"modified":"2024-08-31T08:36:49","modified_gmt":"2024-08-31T12:36:49","slug":"cormier-olivier","status":"publish","type":"event","link":"https:\/\/nouveau.maisonmallet.com\/back05_01\/?event=cormier-olivier","title":{"rendered":"CORMIER, Olivier"},"content":{"rendered":"<p>La Maison L.J.G. Mallet a le regret de vous annoncer le d\u00e9c\u00e8s de<\/p>\n<p>Olivier Cormier<\/p>\n<p>1978 \u2013 2024<\/p>\n<p>&nbsp;<\/p>\n<p>\u00c0 Havre Saint-Pierre, le 14 ao\u00fbt 2024, est d\u00e9c\u00e9d\u00e9 \u00e0 l\u2019\u00e2ge de 46 ans monsieur Olivier Cormier fils de monsieur Gabriel Cormier et de madame Lise Saucier domicili\u00e9 \u00e0 Havre Saint-Pierre.<\/p>\n<p>Les fun\u00e9railles de monsieur Olivier Cormier auront lieu le lundi 26 ao\u00fbt 2024 \u00e0 11 h en l\u2019\u00e9glise Saint-Pierre de Havre Saint-Pierre et de l\u00e0 au cimeti\u00e8re de Havre Saint-Pierre.<\/p>\n<p>Selon ses volont\u00e9s il a \u00e9t\u00e9 confi\u00e9 au cr\u00e9matorium de la Maison L.J.G. Mallet pour cr\u00e9mation.<\/p>\n<p>La famille re\u00e7oit parents et amis le dimanche 25 ao\u00fbt 2024 de 19 h \u00e0 22 h. Le lundi 26 ao\u00fbt 2024 jour des fun\u00e9railles \u00e0 compter de 10 h au salon de la Maison L.J.G. Mallet du 1429, rue du Canot \u00e0 Havre Saint-Pierre.<\/p>\n<p>Il laisse dans le deuil son p\u00e8re monsieur Gabriel Cormier, sa m\u00e8re madame Lise Saucier, ses fr\u00e8res\u00a0: Alain et Philippe, sa ni\u00e8ce No\u00e9mie (Ricky Patton) ainsi que ses oncles, ses tantes, ses cousins, ses cousines et de nombreux amis.<\/p>\n<p>La famille a confi\u00e9 la direction des fun\u00e9railles aux services professionnels de la Maison L.J.G. Mallet du 1429, rue du Canot \u00e0 Havre Saint-Pierre, maintenant reconnue Distinction et membre de la Corporation des Thanatologues du Qu\u00e9bec.<\/p>\n<p>Vous pouvez consulter cet avis de d\u00e9c\u00e8s, sur le site web \u00e0 l\u2019adresse\u00a0 <a href=\"https:\/\/nouveau.maisonmallet.com\">www.maisonmallet.com<\/a><\/p>\n<p>Ceux et celles qui le d\u00e9sirent, peuvent y envoyer des messages de sympathie.<\/p>\n<hr \/>\n<p>Envoyer vos condol\u00e9ances<\/p>\n<p>[contact-form to=\u00a0\u00bbphilcor71@gmail.com\u00a0\u00bb subject=\u00a0\u00bbCondol\u00e9ances Olivier Cormier\u00a0\u00bb][contact-field label=\u00a0\u00bbVotre nom\u00a0\u00bb type=\u00a0\u00bbname\u00a0\u00bb required=\u00a0\u00bb1&Prime;][contact-field label=\u00a0\u00bbVotre courriel\u00a0\u00bb type=\u00a0\u00bbemail\u00a0\u00bb required=\u00a0\u00bb1&Prime;][contact-field label=\u00a0\u00bbCondol\u00e9ances\u00a0\u00bb type=\u00a0\u00bbtextarea\u00a0\u00bb][\/contact-form]<\/p>\n","protected":false},"featured_media":53694,"template":"","event_cat":[7],"class_list":["post-53637","event","type-event","status-publish","has-post-thumbnail","hentry","event_cat-maison-l-j-g-mallet-inc"],"_links":{"self":[{"href":"https:\/\/nouveau.maisonmallet.com\/back05_01\/index.php?rest_route=\/wp\/v2\/event\/53637","targetHints":{"allow":["GET"]}}],"collection":[{"href":"https:\/\/nouveau.maisonmallet.com\/back05_01\/index.php?rest_route=\/wp\/v2\/event"}],"about":[{"href":"https:\/\/nouveau.maisonmallet.com\/back05_01\/index.php?rest_route=\/wp\/v2\/types\/event"}],"wp:featuredmedia":[{"embeddable":true,"href":"https:\/\/nouveau.maisonmallet.com\/back05_01\/index.php?rest_route=\/wp\/v2\/media\/53694"}],"wp:attachment":[{"href":"https:\/\/nouveau.maisonmallet.com\/back05_01\/index.php?rest_route=%2Fwp%2Fv2%2Fmedia&parent=53637"}],"wp:term":[{"taxonomy":"event_cat","embeddable":true,"href":"https:\/\/nouveau.maisonmallet.com\/back05_01\/index.php?rest_route=%2Fwp%2Fv2%2Fevent_cat&post=53637"}],"curies":[{"name":"wp","href":"https:\/\/api.w.org\/{rel}","templated":true}]}}