{"id":53823,"date":"2024-07-03T20:29:10","date_gmt":"2024-07-04T00:29:10","guid":{"rendered":"https:\/\/nouveau.maisonmallet.com\/?post_type=event&#038;p=53823"},"modified":"2024-08-31T08:36:01","modified_gmt":"2024-08-31T12:36:01","slug":"bijould-muriel","status":"publish","type":"event","link":"https:\/\/nouveau.maisonmallet.com\/back05_01\/?event=bijould-muriel","title":{"rendered":"BIJOULD, Muriel"},"content":{"rendered":"<p>Le Complexe Thanatologique Mallet &amp; fils a le regret de vous annoncer le d\u00e9c\u00e8s de<\/p>\n<p>&nbsp;<\/p>\n<p>Muriel Bijould<\/p>\n<p>1928 \u2013 2024<\/p>\n<p>&nbsp;<\/p>\n<p>\u00c0 Sept-\u00celes (r\u00e9sidence Urgel Pelletier), le 3 juillet 2024, est d\u00e9c\u00e9d\u00e9e \u00e0 l\u2019\u00e2ge de 96 ans madame Muriel Bijould fille de feu Ovilla Bijould et de feu Catherine Cormier, domicili\u00e9e \u00e0 Sept-\u00celes autrefois de Shelter Bay.<\/p>\n<p>Les fun\u00e9railles de madame Muriel Bijould auront lieu le vendredi 30 ao\u00fbt 2024 \u00e0 11 h , en l\u2019\u00e9glise Sacr\u00e9-C\u0153ur situ\u00e9e au 38, rue Parent \u00e0 Port-Cartier et de l\u00e0 au cimeti\u00e8re de Port-Cartier.<\/p>\n<p>Selon ses volont\u00e9s, elle a \u00e9t\u00e9 confi\u00e9e au cr\u00e9matorium de la Maison Mallet &amp; fils pour cr\u00e9mation.<\/p>\n<p>\u00c0 Sept-\u00celes\u00a0:<\/p>\n<p>La famille re\u00e7oit parents et amis le jeudi 29 ao\u00fbt 2024 de 19 h \u00e0 21 h. au Complexe Thanatologique Mallet &amp; fils situ\u00e9e au 585, Boul. Laure Sept-\u00celes.<\/p>\n<p>\u00c0 Port-Cartier\u00a0:<\/p>\n<p>La famille re\u00e7oit parents et amis le vendredi 30 ao\u00fbt 2024 jour des fun\u00e9railles \u00e0 compter de de 10 h \u00e0 l\u2019\u00e9glise Sacr\u00e9-C\u0153ur situ\u00e9e au 38, rue Parent \u00e0 Port-Cartier<\/p>\n<p>Elle laisse dans le deuil sa fille Marie-Claude (Claude Lauzier), son petit-fils C\u00e9dric (Caroline Richard) ainsi que ses s\u0153urs\u00a0: Pierrette (feu \u00c9mile Dubois) et Clairette (feu Jean Michaud), ses neveux et ses ni\u00e8ces, ses cousins, ses cousines et de nombreux ami(e)s.<\/p>\n<p>Elle \u00e9tait la s\u0153ur de feu Fleurette et de feu Sandy (feu Laurette Rail).<\/p>\n<p>Vos marques de sympathie peuvent se traduire par un don \u00e0 La fondation r\u00e9gionale h\u00f4pital Sept-\u00celes <a href=\"http:\/\/www.fondationsept-iles.qc.ca\">www.fondationsept-iles.qc.ca<\/a> et\/ou \u00e0 la Fondation du cancer du sein du Qu\u00e9bec <a href=\"http:\/\/www.rubanrose.org\">www.rubanrose.org<\/a><\/p>\n<p>La famille a confi\u00e9 la direction des fun\u00e9railles aux services professionnels de la maison Mallet &amp; fils du 585, Boul. Laure \u00e0 Sept-\u00celes, maintenant reconnue Distinction et membre de la Corporation des Thanatologues du Qu\u00e9bec<\/p>\n<p>Vous pouvez consulter cet avis de d\u00e9c\u00e8s, sur le <a href=\"https:\/\/nouveau.maisonmallet.com\">www.maisonmallet.com<\/a><\/p>\n<p>Ceux et celles qui le d\u00e9sirent, peuvent y envoyer des messages de sympathie.<\/p>\n<hr \/>\n<p>Envoyer vos condol\u00e9ances<\/p>\n<p>[contact-form to=\u00a0\u00bbmc.therrien@septiles.ca\u00a0\u00bb subject=\u00a0\u00bbCondol\u00e9ances Muriel Bijould\u00a0\u00bb][contact-field label=\u00a0\u00bbVotre nom\u00a0\u00bb type=\u00a0\u00bbname\u00a0\u00bb required=\u00a0\u00bb1&Prime;][contact-field label=\u00a0\u00bbVotre courriel\u00a0\u00bb type=\u00a0\u00bbemail\u00a0\u00bb required=\u00a0\u00bb1&Prime;][contact-field label=\u00a0\u00bbCondol\u00e9ances\u00a0\u00bb type=\u00a0\u00bbtextarea\u00a0\u00bb][\/contact-form]<\/p>\n","protected":false},"featured_media":53841,"template":"","event_cat":[6],"class_list":["post-53823","event","type-event","status-publish","has-post-thumbnail","hentry","event_cat-maison-mallet-et-fils-inc"],"_links":{"self":[{"href":"https:\/\/nouveau.maisonmallet.com\/back05_01\/index.php?rest_route=\/wp\/v2\/event\/53823","targetHints":{"allow":["GET"]}}],"collection":[{"href":"https:\/\/nouveau.maisonmallet.com\/back05_01\/index.php?rest_route=\/wp\/v2\/event"}],"about":[{"href":"https:\/\/nouveau.maisonmallet.com\/back05_01\/index.php?rest_route=\/wp\/v2\/types\/event"}],"wp:featuredmedia":[{"embeddable":true,"href":"https:\/\/nouveau.maisonmallet.com\/back05_01\/index.php?rest_route=\/wp\/v2\/media\/53841"}],"wp:attachment":[{"href":"https:\/\/nouveau.maisonmallet.com\/back05_01\/index.php?rest_route=%2Fwp%2Fv2%2Fmedia&parent=53823"}],"wp:term":[{"taxonomy":"event_cat","embeddable":true,"href":"https:\/\/nouveau.maisonmallet.com\/back05_01\/index.php?rest_route=%2Fwp%2Fv2%2Fevent_cat&post=53823"}],"curies":[{"name":"wp","href":"https:\/\/api.w.org\/{rel}","templated":true}]}}