{"id":5598,"date":"2019-09-26T09:41:11","date_gmt":"2019-09-26T13:41:11","guid":{"rendered":"https:\/\/nouveau.maisonmallet.com\/?post_type=event&#038;p=5598"},"modified":"2019-10-02T19:41:59","modified_gmt":"2019-10-02T23:41:59","slug":"soucy-real01041944","status":"publish","type":"event","link":"https:\/\/nouveau.maisonmallet.com\/back05_01\/?event=soucy-real01041944","title":{"rendered":"SOUCY,R\u00e9al"},"content":{"rendered":"<p>1944 \u2013 2019<\/p>\n<p>SOUCY, R\u00e9al<\/p>\n<p>&nbsp;<\/p>\n<p>\u00c0 Qu\u00e9bec, le 26 septembre 2019, est d\u00e9c\u00e9d\u00e9 \u00e0 l\u2019\u00e2ge de 75 ans, monsieur R\u00e9al Soucy conjoint de feue Raymonde Collin et domicili\u00e9 \u00e0 Port-Cartier.<\/p>\n<p>Les fun\u00e9railles de monsieur R\u00e9al Soucy auront lieu le jeudi 3 octobre 2019 \u00e0 17 h en l\u2019\u00e9glise Sacr\u00e9-C\u0153ur situ\u00e9e au 38, rue Parent \u00e0 Port-Cartier et de l\u00e0 au cimeti\u00e8re de Port-Cartier.<\/p>\n<p>Selon ses volont\u00e9s, il a \u00e9t\u00e9 confi\u00e9 au cr\u00e9matorium de la Maison Mallet &amp; fils pour cr\u00e9mation.<\/p>\n<p>La famille re\u00e7oit parents et amis le jeudi 3 octobre 2019 jour des fun\u00e9railles \u00e0 compter de 16 h \u00e0 l\u2019\u00e9glise Sacr\u00e9-C\u0153ur de Port-Cartier.<\/p>\n<p>Il laisse dans le deuil ses filles Chantal (Bruno D\u00e9garie) et Annik (Louis St-Amand), ses petits-fils\u00a0: Micha\u00ebl (Myriam Grenier) et Matis, ses petites-filles\u00a0: Kathleen (Philippe Deroy) et Jade ainsi que ses fr\u00e8res\u00a0: Bruno (Claire Cayer), Alain (Louise Leblanc), Michel (H\u00e9l\u00e8ne Tremblay) et Jeannot (Ginette Gosselin), sa s\u0153ur Pierrette (Roger Ren\u00e9), ses beaux-fr\u00e8res ses belles-s\u0153urs ses neveux, ses ni\u00e8ces, ses cousins, ses cousines et de nombreux ami(e)s.<\/p>\n<p>Il \u00e9tait le fr\u00e8re de feu R\u00e9jean (Jeanne d\u2019Arc Malencon).<\/p>\n<p>Vos marques de sympathie peuvent se traduire par un don \u00e0 la Fondation du CHU de Qu\u00e9bec (Soins palliatifs L\u2019HDQ) <a href=\"http:\/\/www.fondationduchudequebec.org\/\">www.fondationduchudequebec.org<\/a> et ou \u00e0 la Fondation des maladies du c\u0153ur et de l\u2019AVC <a href=\"http:\/\/www.fmcoeur.qc.ca\/\">www.fmcoeur.qc.ca<\/a><\/p>\n<p>La famille a confi\u00e9 la direction des fun\u00e9railles aux services professionnels de la maison Mallet &amp; fils du 57, route 138 \u00e0 Port-Cartier, maintenant reconnue Distinction et membre de la Corporation des Thanatologues du Qu\u00e9bec.<\/p>\n<p>Vous pouvez consulter cet avis de d\u00e9c\u00e8s, sur le <a href=\"https:\/\/nouveau.maisonmallet.com\/back05_01\/\">www.maisonmallet.com<\/a><\/p>\n<p>Ceux et celles qui le d\u00e9sirent, peuvent y envoyer des messages de sympathie.<\/p>\n<p>&nbsp;<\/p>\n<hr \/>\n<p>Envoyer vos condol\u00e9ances<\/p>\n<p>[contact-form to=\u00a0\u00bbctherriault257@globetrotter.net\u00a0\u00bb subject=\u00a0\u00bbCondol\u00e9ances Real Soucy\u00a0\u00bb][contact-field label=\u00a0\u00bbVotre nom\u00a0\u00bb type=\u00a0\u00bbname\u00a0\u00bb required=\u00a0\u00bb1&Prime;][contact-field label=\u00a0\u00bbVotre courriel\u00a0\u00bb type=\u00a0\u00bbemail\u00a0\u00bb required=\u00a0\u00bb1&Prime;][contact-field label=\u00a0\u00bbCondol\u00e9ances\u00a0\u00bb type=\u00a0\u00bbtextarea\u00a0\u00bb][\/contact-form]<\/p>\n","protected":false},"featured_media":5629,"template":"","event_cat":[6],"class_list":["post-5598","event","type-event","status-publish","has-post-thumbnail","hentry","event_cat-maison-mallet-et-fils-inc"],"_links":{"self":[{"href":"https:\/\/nouveau.maisonmallet.com\/back05_01\/index.php?rest_route=\/wp\/v2\/event\/5598","targetHints":{"allow":["GET"]}}],"collection":[{"href":"https:\/\/nouveau.maisonmallet.com\/back05_01\/index.php?rest_route=\/wp\/v2\/event"}],"about":[{"href":"https:\/\/nouveau.maisonmallet.com\/back05_01\/index.php?rest_route=\/wp\/v2\/types\/event"}],"wp:featuredmedia":[{"embeddable":true,"href":"https:\/\/nouveau.maisonmallet.com\/back05_01\/index.php?rest_route=\/wp\/v2\/media\/5629"}],"wp:attachment":[{"href":"https:\/\/nouveau.maisonmallet.com\/back05_01\/index.php?rest_route=%2Fwp%2Fv2%2Fmedia&parent=5598"}],"wp:term":[{"taxonomy":"event_cat","embeddable":true,"href":"https:\/\/nouveau.maisonmallet.com\/back05_01\/index.php?rest_route=%2Fwp%2Fv2%2Fevent_cat&post=5598"}],"curies":[{"name":"wp","href":"https:\/\/api.w.org\/{rel}","templated":true}]}}