{"id":56153,"date":"2024-10-22T10:51:46","date_gmt":"2024-10-22T14:51:46","guid":{"rendered":"https:\/\/nouveau.maisonmallet.com\/?post_type=event&#038;p=56153"},"modified":"2024-11-01T10:03:46","modified_gmt":"2024-11-01T14:03:46","slug":"hote-hotesse","status":"publish","type":"event","link":"https:\/\/nouveau.maisonmallet.com\/back05_01\/?event=hote-hotesse","title":{"rendered":"H\u00f4te &#8211; H\u00f4tesse"},"content":{"rendered":"<p><strong>H\u00f4te &#8211; H\u00f4tesse<\/strong><\/p>\n<p><strong>\u00a0<\/strong><\/p>\n<p>La Maison Mallet &amp; fils est \u00e0 la recherche d\u2019H\u00f4te \u2013 d\u2019H\u00f4tesse \u00e0 temps partiel sur appel. Cet emploi est parfait pour des retrait\u00e9s ou des \u00e9tudiants. Nous vous invitons \u00e0 nous faire part de votre int\u00e9r\u00eat en nous faisant parvenir votre candidature.<\/p>\n<p>L\u2019employ\u00e9 agit en soutien lors d\u2019exposition de d\u00e9funt. Il \/ elle devra avoir une apparence soign\u00e9e empreint de professionnalisme. Son r\u00f4le est important au sein de l\u2019\u00e9quipe car il agit aupr\u00e8s des familles endeuill\u00e9es.<\/p>\n<p><strong>FONCTIONS<\/strong><\/p>\n<ul>\n<li>Accueillir les familles \u00e0 l\u2019arriv\u00e9e au salon.<\/li>\n<li>S\u2019assurer de l\u2019ouverture et la fermeture du salon.<\/li>\n<li>Compl\u00e9ter et guider les visiteurs pour les formulaires de dons ou d\u2019offrande de messe.<\/li>\n<li>R\u00e9pondre aux besoins sp\u00e9cifiques (Questionnements \/ informations\u2026) des familles en leur offrant une exp\u00e9rience unique.<\/li>\n<li>Veiller \u00e0 faire parvenir toutes les demandes aux responsables de la direction.<\/li>\n<li>Toutes autres t\u00e2ches connexes.<\/li>\n<\/ul>\n<p><strong>CE QU\u2019IL VOUS FAUT<\/strong><\/p>\n<ul>\n<li>D\u00e9montrer de l\u2019int\u00e9r\u00eat et de l\u2019initiative.<\/li>\n<li>Faire preuve <strong>d\u2019empathie, de professionnalisme et de discr\u00e9tion<\/strong>.<\/li>\n<li>Capacit\u00e9 \u00e0 travailler en \u00e9quipe.<\/li>\n<li>Rigueur et souci du d\u00e9tail.<\/li>\n<li>Jugement et discernement.<\/li>\n<li>Sens de l\u2019organisation.<\/li>\n<\/ul>\n<p><strong>AVANTAGE<\/strong><\/p>\n<ul>\n<li>R\u00e9mun\u00e9ration \u00e0 l\u2019heure.<\/li>\n<li>Horaire variable suivant les besoins des familles<\/li>\n<li>Le travail s\u2019effectue de jour, de soir et la fin de semaine.<\/li>\n<li>Travaille en \u00e9quipe et non routinier.<\/li>\n<li><strong>Joignez vous \u00e0 notre \u00e9quipe!<\/strong><\/li>\n<\/ul>\n<p><strong>POUR POSTULER<\/strong><\/p>\n<ul>\n<li>Faites nous parvenir votre CV en tout temps, \u00e0 notre bureau, 585, Boul. Laure, Sept-\u00celes et ou par e-mail : <a href=\"mailto:admin@maisonmallet.com\"><strong>admin@maisonmallet.com<\/strong><\/a><\/li>\n<\/ul>\n<hr \/>\n<p>Envoyer vos condol\u00e9ances<\/p>\n<p>[contact-form to=\u00a0\u00bbadmin@maisonmallet.com\u00a0\u00bb subject=\u00a0\u00bbCondol\u00e9ances\u00a0\u00bb][contact-field label=\u00a0\u00bbVotre nom\u00a0\u00bb type=\u00a0\u00bbname\u00a0\u00bb required=\u00a0\u00bb1&Prime;][contact-field label=\u00a0\u00bbVotre courriel\u00a0\u00bb type=\u00a0\u00bbemail\u00a0\u00bb required=\u00a0\u00bb1&Prime;][contact-field label=\u00a0\u00bbCondol\u00e9ances\u00a0\u00bb type=\u00a0\u00bbtextarea\u00a0\u00bb][\/contact-form]<\/p>\n","protected":false},"featured_media":56169,"template":"","event_cat":[6],"class_list":["post-56153","event","type-event","status-publish","has-post-thumbnail","hentry","event_cat-maison-mallet-et-fils-inc"],"_links":{"self":[{"href":"https:\/\/nouveau.maisonmallet.com\/back05_01\/index.php?rest_route=\/wp\/v2\/event\/56153","targetHints":{"allow":["GET"]}}],"collection":[{"href":"https:\/\/nouveau.maisonmallet.com\/back05_01\/index.php?rest_route=\/wp\/v2\/event"}],"about":[{"href":"https:\/\/nouveau.maisonmallet.com\/back05_01\/index.php?rest_route=\/wp\/v2\/types\/event"}],"wp:featuredmedia":[{"embeddable":true,"href":"https:\/\/nouveau.maisonmallet.com\/back05_01\/index.php?rest_route=\/wp\/v2\/media\/56169"}],"wp:attachment":[{"href":"https:\/\/nouveau.maisonmallet.com\/back05_01\/index.php?rest_route=%2Fwp%2Fv2%2Fmedia&parent=56153"}],"wp:term":[{"taxonomy":"event_cat","embeddable":true,"href":"https:\/\/nouveau.maisonmallet.com\/back05_01\/index.php?rest_route=%2Fwp%2Fv2%2Fevent_cat&post=56153"}],"curies":[{"name":"wp","href":"https:\/\/api.w.org\/{rel}","templated":true}]}}