{"id":58100,"date":"2024-11-19T11:54:59","date_gmt":"2024-11-19T16:54:59","guid":{"rendered":"https:\/\/nouveau.maisonmallet.com\/?post_type=event&#038;p=58100"},"modified":"2024-12-15T18:01:59","modified_gmt":"2024-12-15T23:01:59","slug":"lefebvre-gilles","status":"publish","type":"event","link":"https:\/\/nouveau.maisonmallet.com\/back05_01\/?event=lefebvre-gilles","title":{"rendered":"LEFEBVRE, Gilles"},"content":{"rendered":"<p>Le Complexe Thanatologique Mallet &amp; fils a le regret de vous annoncer le d\u00e9c\u00e8s de<\/p>\n<p>Gilles Lefebvre<\/p>\n<p>1945 \u2013 2024<\/p>\n<p>&nbsp;<\/p>\n<p>\u00c0 Sept-\u00celes, le 19 novembre 2024, est d\u00e9c\u00e9d\u00e9 \u00e0 l\u2019\u00e2ge de 79 ans, monsieur Gilles Lefebvre fils de feu Rosaire Lefebvre et de feu Hermence Poirier domicili\u00e9 \u00e0 Sept-\u00celes.<\/p>\n<p>Selon ses volont\u00e9s, il a \u00e9t\u00e9 confi\u00e9 au cr\u00e9matorium de la maison Mallet &amp; fils pour cr\u00e9mation.<\/p>\n<p>La c\u00e9r\u00e9monie comm\u00e9morative de monsieur Gilles Lefebvre aura lieu le jeudi 5 d\u00e9cembre 2024 \u00e0 11 h \u00e0 la Coop\u00e9rative fun\u00e9raire de l\u2019Estrie du 485, rue du 24-Juin \u00e0 Sherbrooke et de l\u00e0 au cimeti\u00e8re Saint-Michel.<\/p>\n<p>La famille re\u00e7oit parents et amis le mercredi 4 d\u00e9cembre 2024 de 19 h \u00e0 21 h ainsi que le jeudi 5 d\u00e9cembre 2024 jour de la c\u00e9r\u00e9monie \u00e0 compter de 9 h \u00e0 la Coop\u00e9rative fun\u00e9raire de l\u2019Estrie du 485, rue 24-Juin \u00e0 Sherbrooke.<\/p>\n<p>Il laisse dans le deuil sa fille Dani\u00e8le (Jacques Labb\u00e9), ses fr\u00e8res et ses s\u0153urs\u00a0: Ren\u00e9 (Micheline Therrien), Christiane (Normand Labrecque), Suzanne (Alain Muller) et Pierre ainsi que son ami d\u2019enfance tr\u00e8s pr\u00e9cieux Marcel Prince (Colette Larouche), ses neveux, ses ni\u00e8ces, ses cousins, ses cousines et de nombreux ami(e)s.<\/p>\n<p>Il \u00e9tait le fr\u00e8re de feu Richard, feu Louise, feu Mireille, feu Denis, feu Claude et feu Daniel.<\/p>\n<p>La famille tient \u00e0 remercier St\u00e9phane et Daniel du Centre de Formation des Routiers de Montr\u00e9al (CFRM) Gilles \u00e9tait fier de ce centre.<\/p>\n<p>La famille a confi\u00e9 les arrangements aux services professionnels de la Maison Mallet &amp; fils du 585 Boul. Laure \u00e0 Sept-\u00celes, maintenant reconnue Distinction et membre de la Corporation des Thanatologues du Qu\u00e9bec.<\/p>\n<p>Vous pouvez consulter cet avis de d\u00e9c\u00e8s sur le <a href=\"https:\/\/nouveau.maisonmallet.com\">www.maisonmallet.com<\/a><\/p>\n<p>Ceux et celles qui le d\u00e9sirent, peuvent y envoyer des messages de sympathie.<\/p>\n<hr \/>\n<p>Envoyer vos condol\u00e9ances<\/p>\n<p>[contact-form to=\u00a0\u00bbdlefebvre068@gmail.com\u00a0\u00bb subject=\u00a0\u00bbCondol\u00e9ances Gilles Lefebvre\u00a0\u00bb][contact-field label=\u00a0\u00bbVotre nom\u00a0\u00bb type=\u00a0\u00bbname\u00a0\u00bb required=\u00a0\u00bb1&Prime;][contact-field label=\u00a0\u00bbVotre courriel\u00a0\u00bb type=\u00a0\u00bbemail\u00a0\u00bb required=\u00a0\u00bb1&Prime;][contact-field label=\u00a0\u00bbCondol\u00e9ances\u00a0\u00bb type=\u00a0\u00bbtextarea\u00a0\u00bb][\/contact-form]<\/p>\n","protected":false},"featured_media":58105,"template":"","event_cat":[6],"class_list":["post-58100","event","type-event","status-publish","has-post-thumbnail","hentry","event_cat-maison-mallet-et-fils-inc"],"_links":{"self":[{"href":"https:\/\/nouveau.maisonmallet.com\/back05_01\/index.php?rest_route=\/wp\/v2\/event\/58100","targetHints":{"allow":["GET"]}}],"collection":[{"href":"https:\/\/nouveau.maisonmallet.com\/back05_01\/index.php?rest_route=\/wp\/v2\/event"}],"about":[{"href":"https:\/\/nouveau.maisonmallet.com\/back05_01\/index.php?rest_route=\/wp\/v2\/types\/event"}],"wp:featuredmedia":[{"embeddable":true,"href":"https:\/\/nouveau.maisonmallet.com\/back05_01\/index.php?rest_route=\/wp\/v2\/media\/58105"}],"wp:attachment":[{"href":"https:\/\/nouveau.maisonmallet.com\/back05_01\/index.php?rest_route=%2Fwp%2Fv2%2Fmedia&parent=58100"}],"wp:term":[{"taxonomy":"event_cat","embeddable":true,"href":"https:\/\/nouveau.maisonmallet.com\/back05_01\/index.php?rest_route=%2Fwp%2Fv2%2Fevent_cat&post=58100"}],"curies":[{"name":"wp","href":"https:\/\/api.w.org\/{rel}","templated":true}]}}