{"id":58583,"date":"2024-11-30T09:42:27","date_gmt":"2024-11-30T14:42:27","guid":{"rendered":"https:\/\/nouveau.maisonmallet.com\/?post_type=event&#038;p=58583"},"modified":"2025-03-12T22:17:51","modified_gmt":"2025-03-13T02:17:51","slug":"levesque-therese","status":"publish","type":"event","link":"https:\/\/nouveau.maisonmallet.com\/back05_01\/?event=levesque-therese","title":{"rendered":"LEVESQUE, Th\u00e9r\u00e8se"},"content":{"rendered":"<p>Le Complexe Thanatologique Mallet &#038; fils a le regret de vous annoncer le d\u00e9c\u00e8s de<\/p>\n<p>Th\u00e9r\u00e8se Levesque<br \/>\n1936 \u2013 2024<\/p>\n<p>\u00c0 Sept-\u00celes, le 30 novembre 2024, est d\u00e9c\u00e9d\u00e9e \u00e0 l\u2019\u00e2ge de 88 ans, madame Th\u00e9r\u00e8se Levesque fille de feu Jean-Paul Levesque et de feu Annette Aub\u00e9 domicili\u00e9e \u00e0 Sept-\u00celes.<\/p>\n<p>Les fun\u00e9railles de madame Th\u00e9r\u00e8se Levesque auront lieu le lundi 23 juin 2025 \u00e0 14 h en l\u2019\u00e9glise St-Joseph situ\u00e9e au 535, ave. Brochu \u00e0 Sept-\u00celes et de l\u00e0 au cimeti\u00e8re Catholique de Sept-\u00celes <\/p>\n<p>Selon ses volont\u00e9s, elle a \u00e9t\u00e9 confi\u00e9e au cr\u00e9matorium de la Maison Mallet &#038; fils pour cr\u00e9mation.<\/p>\n<p>La famille re\u00e7oit parents et amis le lundi 23 juin 2025 jour des fun\u00e9railles \u00e0 compter de 13 en l\u2019\u00e9glise St-Joseph situ\u00e9e au 535, ave. Brochu \u00e0 Sept-\u00celes.<\/p>\n<p>Elle laisse dans le deuil ses s\u0153urs : Pauline, Ghislaine et Francine, ses fr\u00e8res : Jean-Louis et Gilles (Th\u00e9r\u00e8se Giasson), ainsi que ses neveux, ses ni\u00e8ces, ses cousins, ses cousines, et de nombreux ami(e)s.<\/p>\n<p>Elle \u00e9tait la s\u0153ur de feu Jeannine.<\/p>\n<p>La famille tient \u00e0 remercier Jackie Tremblay (grande amie) pour son d\u00e9vouement ainsi que le personnel de la r\u00e9sidence les B\u00e2tisseurs et des soins \u00e0 domicile du C.L.S.C pour les bons soins prodigu\u00e9s durant ces derni\u00e8res ann\u00e9es.<\/p>\n<p>Vos marques de sympathie peuvent se traduire par un don \u00e0 l\u2019\u00c9lyme des sables www.elymedessables.com<\/p>\n<p>La famille a confi\u00e9 la direction des fun\u00e9railles aux services professionnels de la Maison Mallet &#038; fils du 585, boul. Laure \u00e0 Sept-\u00celes, maintenant reconnue Distinction et membre de la Corporation des Thanatologues du Qu\u00e9bec.<\/p>\n<p>Vous pouvez consulter cet avis de d\u00e9c\u00e8s sur le : www.maisonmallet.com  <\/p>\n<p>Ceux et celles qui le d\u00e9sirent, peuvent y envoyer des messages de sympathie.<\/p>\n<p>[contact-form to=\u00a0\u00bbfrancine.levesque9@videotron.ca\u00a0\u00bb subject=\u00a0\u00bbCondol\u00e9ances Th\u00e9r\u00e8se Levesque\u00a0\u00bb][contact-field label=\u00a0\u00bbVotre nom\u00a0\u00bb type=\u00a0\u00bbname\u00a0\u00bb required=\u00a0\u00bb1&Prime;][contact-field label=\u00a0\u00bbVotre courriel\u00a0\u00bb type=\u00a0\u00bbemail\u00a0\u00bb required=\u00a0\u00bb1&Prime;][contact-field label=\u00a0\u00bbCondol\u00e9ances\u00a0\u00bb type=\u00a0\u00bbtextarea\u00a0\u00bb][\/contact-form]<\/p>\n","protected":false},"featured_media":58678,"template":"","event_cat":[6],"class_list":["post-58583","event","type-event","status-publish","has-post-thumbnail","hentry","event_cat-maison-mallet-et-fils-inc"],"_links":{"self":[{"href":"https:\/\/nouveau.maisonmallet.com\/back05_01\/index.php?rest_route=\/wp\/v2\/event\/58583","targetHints":{"allow":["GET"]}}],"collection":[{"href":"https:\/\/nouveau.maisonmallet.com\/back05_01\/index.php?rest_route=\/wp\/v2\/event"}],"about":[{"href":"https:\/\/nouveau.maisonmallet.com\/back05_01\/index.php?rest_route=\/wp\/v2\/types\/event"}],"wp:featuredmedia":[{"embeddable":true,"href":"https:\/\/nouveau.maisonmallet.com\/back05_01\/index.php?rest_route=\/wp\/v2\/media\/58678"}],"wp:attachment":[{"href":"https:\/\/nouveau.maisonmallet.com\/back05_01\/index.php?rest_route=%2Fwp%2Fv2%2Fmedia&parent=58583"}],"wp:term":[{"taxonomy":"event_cat","embeddable":true,"href":"https:\/\/nouveau.maisonmallet.com\/back05_01\/index.php?rest_route=%2Fwp%2Fv2%2Fevent_cat&post=58583"}],"curies":[{"name":"wp","href":"https:\/\/api.w.org\/{rel}","templated":true}]}}