{"id":59543,"date":"2024-12-27T11:12:53","date_gmt":"2024-12-27T16:12:53","guid":{"rendered":"https:\/\/nouveau.maisonmallet.com\/?post_type=event&#038;p=59543"},"modified":"2025-03-12T22:01:55","modified_gmt":"2025-03-13T02:01:55","slug":"berube-pierrette-fournier","status":"publish","type":"event","link":"https:\/\/nouveau.maisonmallet.com\/back05_01\/?event=berube-pierrette-fournier","title":{"rendered":"B\u00c9RUB\u00c9, Pierrette (Fournier)"},"content":{"rendered":"<p>Le Complexe Thanatologique Mallet &amp; fils a le regret de vous annoncer le d\u00e9c\u00e8s de<\/p>\n<p>Pierrette B\u00e9rub\u00e9 (Fournier)<\/p>\n<p>1946 \u2013 2024<\/p>\n<p>&nbsp;<\/p>\n<p>\u00c0 Schefferville, le 27 d\u00e9cembre 2024, est d\u00e9c\u00e9d\u00e9e \u00e0 l\u2019\u00e2ge de 78 ans, madame Pierrette B\u00e9rub\u00e9 conjointe de feu Mario Fournier et domicili\u00e9e \u00e0 Schefferville.<\/p>\n<p>Les fun\u00e9railles de madame Pierrette B\u00e9rub\u00e9 auront lieu, le jeudi 9 janvier 2025 \u00e0 14 h en l\u2019\u00e9glise Marie-Immacul\u00e9e situ\u00e9e au 180, rue Papineau \u00e0 Sept-\u00celes et de l\u00e0 au cimeti\u00e8re Catholique de Sept-\u00celes.<\/p>\n<p>La famille re\u00e7oit parents et amis le mercredi 8 janvier 2025 de 19 h \u00e0 22 h. Le jeudi 9 janvier 2025 jour des fun\u00e9railles, \u00e0 compter de 12 h 30 au Complexe Thanatologique Mallet &amp; fils du 585, boul. Laure \u00e0 Sept-\u00celes.<\/p>\n<p>Elle laisse dans le deuil son fils Alain (Lucie Lapierre), ses petits-enfants\u00a0: Nicolas et Cl\u00e9ment, sa s\u0153ur Murielle (feu Albert Larriv\u00e9e), ses beaux-fr\u00e8res, ses belles-s\u0153urs, ses neveux, ses ni\u00e8ces ainsi que ses cousins, ses cousines et de nombreux ami(e)s.<\/p>\n<p>Elle \u00e9tait la m\u00e8re de feu Nathalie et feu Manon Fournier.<\/p>\n<p>Vos marques de sympathie peuvent se traduire par un don \u00e0 Fibrose Kystique Canada.<\/p>\n<p>La famille a confi\u00e9 la direction des fun\u00e9railles aux services professionnels de la Maison Mallet &amp; fils du 585, boul. Laure \u00e0 Sept-\u00celes, maintenant reconnue Distinction et membre de la Corporation des Thanatologues du Qu\u00e9bec.<\/p>\n<p>Vous pouvez consulter cet avis de d\u00e9c\u00e8s sur le <a href=\"https:\/\/nouveau.maisonmallet.com\">www.maisonmallet.com<\/a><\/p>\n<p>Ceux et celles qui le d\u00e9sirent, peuvent y envoyer des messages de sympathies.<\/p>\n<p>&nbsp;<\/p>\n<hr \/>\n<p>Envoyer vos condol\u00e9ances<\/p>\n<p>[contact-form to=\u00a0\u00bblapierrelucie@hotmail.com\u00a0\u00bb subject=\u00a0\u00bbCondol\u00e9ances Pierrette B\u00e9rub\u00e9\u00a0\u00bb][contact-field label=\u00a0\u00bbVotre nom\u00a0\u00bb type=\u00a0\u00bbname\u00a0\u00bb required=\u00a0\u00bb1&Prime;][contact-field label=\u00a0\u00bbVotre courriel\u00a0\u00bb type=\u00a0\u00bbemail\u00a0\u00bb required=\u00a0\u00bb1&Prime;][contact-field label=\u00a0\u00bbCondol\u00e9ances\u00a0\u00bb type=\u00a0\u00bbtextarea\u00a0\u00bb][\/contact-form]<\/p>\n","protected":false},"featured_media":59550,"template":"","event_cat":[6],"class_list":["post-59543","event","type-event","status-publish","has-post-thumbnail","hentry","event_cat-maison-mallet-et-fils-inc"],"_links":{"self":[{"href":"https:\/\/nouveau.maisonmallet.com\/back05_01\/index.php?rest_route=\/wp\/v2\/event\/59543","targetHints":{"allow":["GET"]}}],"collection":[{"href":"https:\/\/nouveau.maisonmallet.com\/back05_01\/index.php?rest_route=\/wp\/v2\/event"}],"about":[{"href":"https:\/\/nouveau.maisonmallet.com\/back05_01\/index.php?rest_route=\/wp\/v2\/types\/event"}],"wp:featuredmedia":[{"embeddable":true,"href":"https:\/\/nouveau.maisonmallet.com\/back05_01\/index.php?rest_route=\/wp\/v2\/media\/59550"}],"wp:attachment":[{"href":"https:\/\/nouveau.maisonmallet.com\/back05_01\/index.php?rest_route=%2Fwp%2Fv2%2Fmedia&parent=59543"}],"wp:term":[{"taxonomy":"event_cat","embeddable":true,"href":"https:\/\/nouveau.maisonmallet.com\/back05_01\/index.php?rest_route=%2Fwp%2Fv2%2Fevent_cat&post=59543"}],"curies":[{"name":"wp","href":"https:\/\/api.w.org\/{rel}","templated":true}]}}