{"id":59808,"date":"2025-01-14T16:16:48","date_gmt":"2025-01-14T21:16:48","guid":{"rendered":"https:\/\/nouveau.maisonmallet.com\/?post_type=event&#038;p=59808"},"modified":"2025-03-12T21:53:40","modified_gmt":"2025-03-13T01:53:40","slug":"pinette-jacinthe","status":"publish","type":"event","link":"https:\/\/nouveau.maisonmallet.com\/back05_01\/?event=pinette-jacinthe","title":{"rendered":"PINETTE, Jacinthe"},"content":{"rendered":"<p>Le Complexe Thanatologique Mallet &amp; fils a le regret de vous annoncer le d\u00e9c\u00e8s de<\/p>\n<p>Jacinthe Pinette<\/p>\n<p>1958 &#8211; 2025<\/p>\n<p>&nbsp;<\/p>\n<p>\u00c0 Uashat, le 14 janvier 2025, est d\u00e9c\u00e9d\u00e9e \u00e0 l\u2019\u00e2ge de 66 ans, madame Jacinthe Pinette conjointe de feu Ghyslain Pelletier, fille de feu Comis Pinette et de feu Caroline Joseph domicili\u00e9e \u00e0 Uashat.<\/p>\n<p>Les fun\u00e9railles de madame Jacinthe Pinette auront lieu le mardi 21 janvier 2025 \u00e0 10 h en l\u2019\u00e9glise Kateri Tekakwitha, situ\u00e9e au 1035, avenue De Quen \u00e0 Uashat et de l\u00e0 au cimeti\u00e8re de Uashat.<\/p>\n<p>La famille re\u00e7oit parents et amis le dimanche 19 janvier 2025 de 13 h \u00e0 16 h et de 19 h \u00e0 22 h, le lundi 20 janvier 2025 de 13 h \u00e0 16 h et de 19 h \u00e0 22 h, le mardi 21 janvier 2025 jour des fun\u00e9railles \u00e0 compter de 8 h 30 \u00e0 l\u2019\u00e9glise Kateri Tekakwitha, situ\u00e9e au 1035, avenue De Quen \u00e0 Uashat.<\/p>\n<p>Elle laisse dans le deuil ses fr\u00e8res et ses s\u0153urs\u00a0: Ginette (feu Gr\u00e9goire Jean-Pierre), Jean-Eudes (Diana Thirnish), Alphonse, Gis\u00e8le (Georges Swappie), Jean-Yves (Kathy Picard), Elma, Ga\u00ebtan (Norma Bobbitt), Lori et Catherine ainsi que ses neveux, ses ni\u00e8ces, ses oncles, ses tantes, ses cousins, ses cousines et de nombreux ami(e)s.<\/p>\n<p>La famille a confi\u00e9 la direction des fun\u00e9railles aux services professionnels de la Maison Mallet &amp; fils du 585, Boul. Laure \u00e0 Sept-\u00celes, maintenant reconnue Distinction et membre de la Corporation des Thanatologues du Qu\u00e9bec.<\/p>\n<p>Vous pouvez consulter cet avis de d\u00e9c\u00e8s sur le <a href=\"https:\/\/nouveau.maisonmallet.com\">www.maisonmallet.com<\/a><\/p>\n<p>Ceux et celles qui le d\u00e9sirent, peuvent y envoyer des messages de condol\u00e9ances.<\/p>\n<p>&nbsp;<\/p>\n<hr \/>\n<p>Envoyer vos condol\u00e9ances<\/p>\n<p>[contact-form to=\u00a0\u00bbnormabobbitt9@hotmail.com\u00a0\u00bb subject=\u00a0\u00bbCondol\u00e9ances Jacinthe Pinette\u00a0\u00bb][contact-field label=\u00a0\u00bbVotre nom\u00a0\u00bb type=\u00a0\u00bbname\u00a0\u00bb required=\u00a0\u00bb1&Prime;][contact-field label=\u00a0\u00bbVotre courriel\u00a0\u00bb type=\u00a0\u00bbemail\u00a0\u00bb required=\u00a0\u00bb1&Prime;][contact-field label=\u00a0\u00bbCondol\u00e9ances\u00a0\u00bb type=\u00a0\u00bbtextarea\u00a0\u00bb][\/contact-form]<\/p>\n","protected":false},"featured_media":59856,"template":"","event_cat":[6],"class_list":["post-59808","event","type-event","status-publish","has-post-thumbnail","hentry","event_cat-maison-mallet-et-fils-inc"],"_links":{"self":[{"href":"https:\/\/nouveau.maisonmallet.com\/back05_01\/index.php?rest_route=\/wp\/v2\/event\/59808","targetHints":{"allow":["GET"]}}],"collection":[{"href":"https:\/\/nouveau.maisonmallet.com\/back05_01\/index.php?rest_route=\/wp\/v2\/event"}],"about":[{"href":"https:\/\/nouveau.maisonmallet.com\/back05_01\/index.php?rest_route=\/wp\/v2\/types\/event"}],"wp:featuredmedia":[{"embeddable":true,"href":"https:\/\/nouveau.maisonmallet.com\/back05_01\/index.php?rest_route=\/wp\/v2\/media\/59856"}],"wp:attachment":[{"href":"https:\/\/nouveau.maisonmallet.com\/back05_01\/index.php?rest_route=%2Fwp%2Fv2%2Fmedia&parent=59808"}],"wp:term":[{"taxonomy":"event_cat","embeddable":true,"href":"https:\/\/nouveau.maisonmallet.com\/back05_01\/index.php?rest_route=%2Fwp%2Fv2%2Fevent_cat&post=59808"}],"curies":[{"name":"wp","href":"https:\/\/api.w.org\/{rel}","templated":true}]}}