{"id":59854,"date":"2025-01-12T18:55:18","date_gmt":"2025-01-12T23:55:18","guid":{"rendered":"https:\/\/nouveau.maisonmallet.com\/?post_type=event&#038;p=59854"},"modified":"2025-03-12T21:52:33","modified_gmt":"2025-03-13T01:52:33","slug":"roy-renald","status":"publish","type":"event","link":"https:\/\/nouveau.maisonmallet.com\/back05_01\/?event=roy-renald","title":{"rendered":"ROY, Renald"},"content":{"rendered":"<p>Le Complexe Thanatologique Mallet &#038; fils a le regret de vous annoncer le d\u00e9c\u00e8s de<\/p>\n<p>Renald Roy<br \/>\n1952 \u2013 2025<\/p>\n<p>\u00c0 Chicoutimi, le 12 janvier 2025, est d\u00e9c\u00e9d\u00e9 \u00e0 l&rsquo;\u00e2ge de 72 ans, monsieur Renald Roy \u00e9poux de madame Louise Gagnon et domicili\u00e9 \u00e0 Sept-\u00celes.<\/p>\n<p>Les fun\u00e9railles de monsieur Renald Roy auront lieu le vendredi 24 janvier 2025 \u00e0 10 h en l&rsquo;\u00e9glise Marie-Immacul\u00e9e situ\u00e9e au 180, rue Papineau \u00e0 Sept-\u00celes et de l\u00e0 au cimeti\u00e8re Catholique de Sept-\u00celes. <\/p>\n<p>La famille re\u00e7oit parents et amis le jeudi 23 janvier 2025 de 19 h \u00e0 22 h ainsi que le vendredi 24 janvier 2025 jour des fun\u00e9railles \u00e0 compter de 8 h 30 au Complexe Thanatologique Mallet &#038; fils du 585, boul. Laure \u00e0 Sept-\u00celes.<\/p>\n<p>Il laisse dans le deuil outre son \u00e9pouse madame Louise Gagnon,  ses filles : Rachel (Martin Vigneault), Myl\u00e8ne (Jonathan Smith) et Joanne (Mathieu Langis), son fils Jean-Olivier (Samuel Doucet), ses petits-enfants : Aur\u00e9lie, Beno\u00eet, \u00c9lyse, L\u00e9a, Rosalie, Antoine, Emma, Abyga\u00ebl et Mayson ainsi que ses fr\u00e8res : Michel (Francine), Richard (Julie), Jeannot (Joanne) et Bruno (Patrice), ses s\u0153urs : Francine et Diane, ses beaux-fr\u00e8res, ses belles-s\u0153urs,  ses neveux, ses ni\u00e8ces, ses cousins, ses cousines et de nombreux amis. <\/p>\n<p>La famille a confi\u00e9 les fun\u00e9railles aux services professionnels de la Maison Mallet &#038; Fils du 585, Boul. Laure \u00e0 Sept-\u00celes, membre de la Corporation des Thanatologues du Qu\u00e9bec.<\/p>\n<p>Vous pouvez consulter cet avis de d\u00e9c\u00e8s, sur le www.maisonmallet.com<\/p>\n<p>Ceux et celles qui le d\u00e9sirent, peuvent y envoyer des messages de sympathie.<\/p>\n<p>[contact-form to=\u00a0\u00bblouise.gagnon@telus.net\u00a0\u00bb subject=\u00a0\u00bbCondol\u00e9ances Renald Roy\u00a0\u00bb][contact-field label=\u00a0\u00bbVotre nom\u00a0\u00bb type=\u00a0\u00bbname\u00a0\u00bb required=\u00a0\u00bb1&Prime;][contact-field label=\u00a0\u00bbVotre courriel\u00a0\u00bb type=\u00a0\u00bbemail\u00a0\u00bb required=\u00a0\u00bb1&Prime;][contact-field label=\u00a0\u00bbCondol\u00e9ances\u00a0\u00bb type=\u00a0\u00bbtextarea\u00a0\u00bb][\/contact-form]<\/p>\n","protected":false},"featured_media":59867,"template":"","event_cat":[6],"class_list":["post-59854","event","type-event","status-publish","has-post-thumbnail","hentry","event_cat-maison-mallet-et-fils-inc"],"_links":{"self":[{"href":"https:\/\/nouveau.maisonmallet.com\/back05_01\/index.php?rest_route=\/wp\/v2\/event\/59854","targetHints":{"allow":["GET"]}}],"collection":[{"href":"https:\/\/nouveau.maisonmallet.com\/back05_01\/index.php?rest_route=\/wp\/v2\/event"}],"about":[{"href":"https:\/\/nouveau.maisonmallet.com\/back05_01\/index.php?rest_route=\/wp\/v2\/types\/event"}],"wp:featuredmedia":[{"embeddable":true,"href":"https:\/\/nouveau.maisonmallet.com\/back05_01\/index.php?rest_route=\/wp\/v2\/media\/59867"}],"wp:attachment":[{"href":"https:\/\/nouveau.maisonmallet.com\/back05_01\/index.php?rest_route=%2Fwp%2Fv2%2Fmedia&parent=59854"}],"wp:term":[{"taxonomy":"event_cat","embeddable":true,"href":"https:\/\/nouveau.maisonmallet.com\/back05_01\/index.php?rest_route=%2Fwp%2Fv2%2Fevent_cat&post=59854"}],"curies":[{"name":"wp","href":"https:\/\/api.w.org\/{rel}","templated":true}]}}