{"id":60012,"date":"2025-01-18T16:06:22","date_gmt":"2025-01-18T21:06:22","guid":{"rendered":"https:\/\/nouveau.maisonmallet.com\/?post_type=event&#038;p=60012"},"modified":"2025-03-12T21:50:56","modified_gmt":"2025-03-13T01:50:56","slug":"roy-roland","status":"publish","type":"event","link":"https:\/\/nouveau.maisonmallet.com\/back05_01\/?event=roy-roland","title":{"rendered":"ROY, Roland"},"content":{"rendered":"<p>Le Complexe Thanatologique Mallet &amp; fils a le regret de vous annoncer le d\u00e9c\u00e8s de<\/p>\n<p>Roland Roy<\/p>\n<p>1940 \u2013 2025<\/p>\n<p>&nbsp;<\/p>\n<p>\u00c0 Sept-\u00celes (maison \u00c9lyme des sables), le 18 janvier 2025, est d\u00e9c\u00e9d\u00e9 \u00e0 l\u2019\u00e2ge de 84 ans, monsieur Roland Roy, \u00e9poux de feu Jeanne St-Louis, domicili\u00e9 \u00e0 Sept-\u00celes.<\/p>\n<p>La famille re\u00e7oit parents et amis le jeudi 19 juin 2025 de 14 h \u00e0 16 h \u00e0 la R\u00e9sidence fun\u00e9raire L\u00e9on Sirois &amp; Fils, 189, avenue St-R\u00e9dempteur, Matane G4W 1K4.<\/p>\n<p>Une C\u00e9l\u00e9bration \u00e0 la m\u00e9moire de monsieur Roland Roy aura lieu le jeudi 19 juin 2025 \u00e0 15 h 30 \u00e0 la Salle de recueillement du salon fun\u00e9raire L\u00e9on Sirois &amp; Fils de Matane\u00a0et l\u2019inhumation aura lieu ult\u00e9rieurement au cimeti\u00e8re de Sept-\u00celes.<\/p>\n<p>Selon ses volont\u00e9s, il a \u00e9t\u00e9 confi\u00e9 au cr\u00e9matorium de la Maison Mallet &amp; fils pour cr\u00e9mation.<\/p>\n<p>Il laisse dans le deuil ses filles\u00a0: Aline, Julie (Nicolas Lef\u00e8bvre) et Brigitte (Alain Lavoie), ses petites-filles\u00a0: \u00c9lisabeth, Marie-Danielle (Steven Andr\u00e9), Ariane (Rapha\u00ebl Vermette), M\u00e9lanie (Mathieu Desch\u00eanes) et Lauriane, son petit-fils Nelson (Laura Grenier), son arri\u00e8re-petit-fils Nicky, son arri\u00e8re-petite-fille Kylie ainsi que ses fr\u00e8res\u00a0: Jean-Claude, Michel (Lucille Michaud) et feu Jean-Guy, ses s\u0153urs\u00a0: Carole, Diane (Yves Durette) et Claudine (Jocelyn C\u00f4t\u00e9), ses beaux-fr\u00e8res, ses belles-s\u0153urs, ses neveux, ses ni\u00e8ces, ses cousins, ses cousines et de nombreux ami(e)s.<\/p>\n<p>Vos marques de sympathie peuvent se traduire par un don \u00e0 l\u2019\u00c9lyme des sables <a href=\"http:\/\/www.elymedessables.com\">www.elymedessables.com<\/a><\/p>\n<p>La famille a confi\u00e9 les arrangements aux services professionnels de la Maison Mallet &amp; fils du 585 Boul. Laure \u00e0 Sept-\u00celes, maintenant reconnue Distinction et membre de la Corporation des Thanatologues du Qu\u00e9bec.<\/p>\n<p>Vous pouvez consulter cet avis de d\u00e9c\u00e8s sur le\u00a0: <a href=\"https:\/\/nouveau.maisonmallet.com\">www.maisonmallet.com<\/a><\/p>\n<p>Ceux et celles qui le d\u00e9sirent, peuvent y envoyer des messages de sympathie.<\/p>\n<p>&nbsp;<\/p>\n<hr \/>\n<p>Envoyer vos condol\u00e9ances<\/p>\n<p>[contact-form to=\u00a0\u00bbmelbal@telus.net\u00a0\u00bb subject=\u00a0\u00bbCondol\u00e9ances Roland Roy\u00a0\u00bb][contact-field label=\u00a0\u00bbVotre nom\u00a0\u00bb type=\u00a0\u00bbname\u00a0\u00bb required=\u00a0\u00bb1&Prime;][contact-field label=\u00a0\u00bbVotre courriel\u00a0\u00bb type=\u00a0\u00bbemail\u00a0\u00bb required=\u00a0\u00bb1&Prime;][contact-field label=\u00a0\u00bbCondol\u00e9ances\u00a0\u00bb type=\u00a0\u00bbtextarea\u00a0\u00bb][\/contact-form]<\/p>\n","protected":false},"featured_media":60066,"template":"","event_cat":[6],"class_list":["post-60012","event","type-event","status-publish","has-post-thumbnail","hentry","event_cat-maison-mallet-et-fils-inc"],"_links":{"self":[{"href":"https:\/\/nouveau.maisonmallet.com\/back05_01\/index.php?rest_route=\/wp\/v2\/event\/60012","targetHints":{"allow":["GET"]}}],"collection":[{"href":"https:\/\/nouveau.maisonmallet.com\/back05_01\/index.php?rest_route=\/wp\/v2\/event"}],"about":[{"href":"https:\/\/nouveau.maisonmallet.com\/back05_01\/index.php?rest_route=\/wp\/v2\/types\/event"}],"wp:featuredmedia":[{"embeddable":true,"href":"https:\/\/nouveau.maisonmallet.com\/back05_01\/index.php?rest_route=\/wp\/v2\/media\/60066"}],"wp:attachment":[{"href":"https:\/\/nouveau.maisonmallet.com\/back05_01\/index.php?rest_route=%2Fwp%2Fv2%2Fmedia&parent=60012"}],"wp:term":[{"taxonomy":"event_cat","embeddable":true,"href":"https:\/\/nouveau.maisonmallet.com\/back05_01\/index.php?rest_route=%2Fwp%2Fv2%2Fevent_cat&post=60012"}],"curies":[{"name":"wp","href":"https:\/\/api.w.org\/{rel}","templated":true}]}}