{"id":60181,"date":"2025-01-12T17:12:33","date_gmt":"2025-01-12T22:12:33","guid":{"rendered":"https:\/\/nouveau.maisonmallet.com\/?post_type=event&#038;p=60181"},"modified":"2025-02-05T10:08:29","modified_gmt":"2025-02-05T15:08:29","slug":"lalonde-lyne","status":"publish","type":"event","link":"https:\/\/nouveau.maisonmallet.com\/back05_01\/?event=lalonde-lyne","title":{"rendered":"LALONDE, Lyne"},"content":{"rendered":"<p>Le Complexe Thanatologique Mallet &#038; fils a le regret de vous annoncer le d\u00e9c\u00e8s de<\/p>\n<p>Lyne Lalonde<br \/>\n1957 \u2013 2025<\/p>\n<p>\u00c0 Montr\u00e9al, le 12 janvier 2025, est d\u00e9c\u00e9d\u00e9e \u00e0 l&rsquo;\u00e2ge de 68 ans, madame Lyne Lalonde fille de feu Robert Lalonde et de feu Loretta Vaillancourt. Elle \u00e9tait native de L\u2019Ancienne-Lorette, habita Sept-\u00celes pendant 30 ans puis termina sa vie \u00e0 Montr\u00e9al.<\/p>\n<p>La famille re\u00e7oit parents et amis le dimanche 2 f\u00e9vrier 2025 de 13 h \u00e0 16 h au Complexe Thanatologique Mallet &#038; fils du 585 Boul. Laure \u00e0 Sept-\u00celes.<\/p>\n<p>Selon ses volont\u00e9s, elle a \u00e9t\u00e9 confi\u00e9e au cr\u00e9matorium de la Maison Mallet &#038; fils pour cr\u00e9mation.<\/p>\n<p>La c\u00e9r\u00e9monie comm\u00e9morative de madame Lyne Lalonde aura lieu le dimanche 2 f\u00e9vrier 2025 \u00e0 15 h 45 \u00e0 la chapelle du Complexe Thanatologique Mallet &#038; fils du 585, boul. Laure \u00e0 Sept-\u00celes. <\/p>\n<p>Elle laisse dans le deuil son compagnon de vie monsieur Ren\u00e9 Roy, ses s\u0153urs : Rachel, Patricia (Jacques Dub\u00e9) et Sylvie, ses fr\u00e8res : Patrick (H\u00e9l\u00e8ne Valli\u00e8res) et Michel (Linda Lapointe), ses ni\u00e8ces :  Kathleen, Marilyne, Marie-Louise, Marie-Christine, Marianne, Patricia, M\u00e9lanie, Myriam et Jenny, ses neveux : Christian, Justin, Kevin et Jason Lee, les petits-enfants de la famille Lalonde : \u00c9loria, Ana May, Noah, \u00c9lie, Sophie-Anne, Julie-Maude, James, Dalida, Georgia Belle, Charlotte Olivia, Theodore, Agatha, Raphael, Liam, Ma\u00e9ly, Abby ainsi que ses cousins, ses cousines, de nombreuses connaissances et amis (es) notamment de ses cours de peinture et d\u2019organismes communautaires tel que Alpha.<\/p>\n<p>Elle \u00e9tait la s\u0153ur de feu Robert (Punch) (Micki Crawford).<\/p>\n<p>Vos marques de sympathie peuvent se traduire par un don \u00e0 l\u2019Association de Paralysie c\u00e9r\u00e9brale du Qu\u00e9bec :  https:\/\/www.canadahelps.org\/fr\/dn\/49968   et ou \u00e0 l\u2019\u00c9lyme des sables  www.elymedessables.com<\/p>\n<p>La famille a confi\u00e9 les arrangements aux services professionnels de la Maison Mallet &#038; fils du 585 Boul. Laure \u00e0 Sept-\u00celes, maintenant reconnue Distinction et membre de la Corporation des Thanatologues du Qu\u00e9bec.<\/p>\n<p>Vous pouvez consulter cet avis de d\u00e9c\u00e8s sur le : www.maisonmallet.com<\/p>\n<p>Ceux et celles qui le d\u00e9sirent, peuvent y envoyer des messages de sympathie.<\/p>\n<p>[contact-form to=\u00a0\u00bbpatricialalonde52@gmail.com\u00a0\u00bb subject=\u00a0\u00bbCondol\u00e9ances Lyne Lalonde\u00a0\u00bb][contact-field label=\u00a0\u00bbVotre nom\u00a0\u00bb type=\u00a0\u00bbname\u00a0\u00bb required=\u00a0\u00bb1&Prime;][contact-field label=\u00a0\u00bbVotre courriel\u00a0\u00bb type=\u00a0\u00bbemail\u00a0\u00bb required=\u00a0\u00bb1&Prime;][contact-field label=\u00a0\u00bbCondol\u00e9ances\u00a0\u00bb type=\u00a0\u00bbtextarea\u00a0\u00bb][\/contact-form]<\/p>\n","protected":false},"featured_media":60186,"template":"","event_cat":[6],"class_list":["post-60181","event","type-event","status-publish","has-post-thumbnail","hentry","event_cat-maison-mallet-et-fils-inc"],"_links":{"self":[{"href":"https:\/\/nouveau.maisonmallet.com\/back05_01\/index.php?rest_route=\/wp\/v2\/event\/60181","targetHints":{"allow":["GET"]}}],"collection":[{"href":"https:\/\/nouveau.maisonmallet.com\/back05_01\/index.php?rest_route=\/wp\/v2\/event"}],"about":[{"href":"https:\/\/nouveau.maisonmallet.com\/back05_01\/index.php?rest_route=\/wp\/v2\/types\/event"}],"wp:featuredmedia":[{"embeddable":true,"href":"https:\/\/nouveau.maisonmallet.com\/back05_01\/index.php?rest_route=\/wp\/v2\/media\/60186"}],"wp:attachment":[{"href":"https:\/\/nouveau.maisonmallet.com\/back05_01\/index.php?rest_route=%2Fwp%2Fv2%2Fmedia&parent=60181"}],"wp:term":[{"taxonomy":"event_cat","embeddable":true,"href":"https:\/\/nouveau.maisonmallet.com\/back05_01\/index.php?rest_route=%2Fwp%2Fv2%2Fevent_cat&post=60181"}],"curies":[{"name":"wp","href":"https:\/\/api.w.org\/{rel}","templated":true}]}}