{"id":60189,"date":"2025-01-27T10:29:55","date_gmt":"2025-01-27T15:29:55","guid":{"rendered":"https:\/\/nouveau.maisonmallet.com\/?post_type=event&#038;p=60189"},"modified":"2025-02-05T09:48:06","modified_gmt":"2025-02-05T14:48:06","slug":"chescappio-pamela","status":"publish","type":"event","link":"https:\/\/nouveau.maisonmallet.com\/back05_01\/?event=chescappio-pamela","title":{"rendered":"CHESCAPPIO, Pamela"},"content":{"rendered":"<p>Le Complexe Thanatologique Mallet &amp; fils a le regret de vous annoncer le d\u00e9c\u00e8s de<\/p>\n<p>Pamela Chescappio<\/p>\n<p>1994 \u2013 2025<\/p>\n<p>&nbsp;<\/p>\n<p>\u00c0 Sept-\u00celes, le 27 janvier 2025, est d\u00e9c\u00e9d\u00e9e \u00e0 l\u2019\u00e2ge de 30 ans, mademoiselle Pamela Chescappio fille de monsieur John Chescappio et de madame Marianne Mameanskum domicili\u00e9e \u00e0 Kawawachikamach.<\/p>\n<p>Les fun\u00e9railles de mademoiselle Pamela Chescappio auront lieu le mercredi 5 f\u00e9vrier 2025 \u00e0 11 h en l\u2019\u00e9glise St-John Anglican Church situ\u00e9e \u00e0 Kawawachikamach et de l\u00e0 au cimeti\u00e8re de Schefferville.<\/p>\n<p>\u00c0 Sept-\u00celes<\/p>\n<p>La famille re\u00e7oit parents et amis le dimanche 2 f\u00e9vrier 2025 de 13 h \u00e0 16 h au Complexe Thanatologique Mallet &amp; fils du 585, boul. Laure \u00e0 Sept-\u00celes.<\/p>\n<p>\u00c0 Kawawachikamach<\/p>\n<p>La famille re\u00e7oit parents et amis le lundi 3 f\u00e9vrier 2025 \u00e0 compter de 18 h au 195, Paschene Road \u00e0 kawawachikamach.<\/p>\n<p>Elle laisse dans le deuil ses enfants\u00a0: Kingston-John, Emery (Michelle Guanish), Tchad et Shuniet (Annie Guanish), son p\u00e8re monsieur John Chescappio, sa m\u00e8re madame Marianne Mameanskum, ses fr\u00e8res\u00a0: Kautnat, Frederick et John Jr, sa s\u0153ur Tamia, sa ni\u00e8ce Susan-Angel, ses grands-parents\u00a0: monsieur Daniel Mameanskum (Martha Guanish), monsieur Jean-Marie Mckenzie (Elizabeth Guanish), madame Annie Chescappio (feu George Chescappio) et feu Chef Elijah Einish ainsi que ses oncles, ses tantes, ses cousins, ses cousines et de nombreux ami(e)s.<\/p>\n<p>La famille a confi\u00e9 les arrangements aux services professionnels de la Maison Mallet &amp; fils du 585, boul. Laure \u00e0 Sept-\u00celes maintenant reconnue Distinction et membre de la Corporation des Thanatologues du Qu\u00e9bec.<\/p>\n<p>Vous pouvez consulter cet avis de d\u00e9c\u00e8s, sur le <a href=\"https:\/\/nouveau.maisonmallet.com\">www.maisonmallet.com<\/a><\/p>\n<p>Ceux et celle qui le d\u00e9sirent, peuvent y envoyer des messages de sympathie.<\/p>\n<p>&nbsp;<\/p>\n<hr \/>\n<p>Envoyer vos condol\u00e9ances<\/p>\n<p>[contact-form to=\u00a0\u00bbtchescappio@hotmail.com\u00a0\u00bb subject=\u00a0\u00bbCondol\u00e9ances Pamela Chescappio\u00a0\u00bb][contact-field label=\u00a0\u00bbVotre nom\u00a0\u00bb type=\u00a0\u00bbname\u00a0\u00bb required=\u00a0\u00bb1&Prime;][contact-field label=\u00a0\u00bbVotre courriel\u00a0\u00bb type=\u00a0\u00bbemail\u00a0\u00bb required=\u00a0\u00bb1&Prime;][contact-field label=\u00a0\u00bbCondol\u00e9ances\u00a0\u00bb type=\u00a0\u00bbtextarea\u00a0\u00bb][\/contact-form]<\/p>\n","protected":false},"featured_media":60246,"template":"","event_cat":[6],"class_list":["post-60189","event","type-event","status-publish","has-post-thumbnail","hentry","event_cat-maison-mallet-et-fils-inc"],"_links":{"self":[{"href":"https:\/\/nouveau.maisonmallet.com\/back05_01\/index.php?rest_route=\/wp\/v2\/event\/60189","targetHints":{"allow":["GET"]}}],"collection":[{"href":"https:\/\/nouveau.maisonmallet.com\/back05_01\/index.php?rest_route=\/wp\/v2\/event"}],"about":[{"href":"https:\/\/nouveau.maisonmallet.com\/back05_01\/index.php?rest_route=\/wp\/v2\/types\/event"}],"wp:featuredmedia":[{"embeddable":true,"href":"https:\/\/nouveau.maisonmallet.com\/back05_01\/index.php?rest_route=\/wp\/v2\/media\/60246"}],"wp:attachment":[{"href":"https:\/\/nouveau.maisonmallet.com\/back05_01\/index.php?rest_route=%2Fwp%2Fv2%2Fmedia&parent=60189"}],"wp:term":[{"taxonomy":"event_cat","embeddable":true,"href":"https:\/\/nouveau.maisonmallet.com\/back05_01\/index.php?rest_route=%2Fwp%2Fv2%2Fevent_cat&post=60189"}],"curies":[{"name":"wp","href":"https:\/\/api.w.org\/{rel}","templated":true}]}}