{"id":61190,"date":"2025-02-15T10:01:54","date_gmt":"2025-02-15T15:01:54","guid":{"rendered":"https:\/\/nouveau.maisonmallet.com\/?post_type=event&#038;p=61190"},"modified":"2025-03-12T21:26:37","modified_gmt":"2025-03-13T01:26:37","slug":"levesque-bruno","status":"publish","type":"event","link":"https:\/\/nouveau.maisonmallet.com\/back05_01\/?event=levesque-bruno","title":{"rendered":"L\u00e9vesque, Bruno"},"content":{"rendered":"<p>Le Complexe Thanatologique Mallet &amp; fils a le regret de vous annoncer le d\u00e9c\u00e8s de<\/p>\n<p>Bruno L\u00e9vesque<\/p>\n<p>1959 \u2013 2025<\/p>\n<p>\u00c0 Sept-\u00celes, le 15 f\u00e9vrier 2025, est d\u00e9c\u00e9d\u00e9 \u00e0 l&rsquo;\u00e2ge de 66 ans, monsieur Bruno L\u00e9vesque \u00e9poux de feu Guylaine Labrie et domicili\u00e9 \u00e0 Port-Cartier.<\/p>\n<p>Selon ses volont\u00e9s, il a \u00e9t\u00e9 confi\u00e9 au cr\u00e9matorium de la Maison Mallet &#038; fils pour cr\u00e9mation.<\/p>\n<p>Il laisse dans le deuil sa fille Jessy (Jean-Fran\u00e7ois Desrosiers), son fils David (Megan Girard), ses petits-enfants\u00a0: Olivia, Zack et Antoine, ses fr\u00e8res et ses s\u0153urs\u00a0: Raymond, Francis, Martin, Martine et Ren\u00e9e, son meilleur ami Michel Paradis ainsi que ses beaux-fr\u00e8res, ses belles-s\u0153urs, ses neveux, ses ni\u00e8ces, ses cousins, ses cousines et de nombreux ami(e)s.<\/p>\n<p>La famille a confi\u00e9 les arrangements aux services professionnels de la Maison Mallet &#038; fils du 57, route 138 \u00e0 Port-Cartier, maintenant reconnue Distinction et membre de la Corporation des Thanatologues du Qu\u00e9bec.<\/p>\n<p>Vous pouvez consulter cet avis de d\u00e9c\u00e8s sur le :\u00a0<a href=\"https:\/\/nouveau.maisonmallet.com\/\">www.maisonmallet.com<\/a><\/p>\n<p>Ceux et celles qui le d\u00e9sirent, peuvent y envoyer des messages de sympathie.<\/p>\n<p>&nbsp;<\/p>\n<hr \/>\n<p>Envoyer vos condol\u00e9ances<\/p>\n<p>[contact-form to=\u00a0\u00bbjessy-levesque-@hotmail.com\u00a0\u00bb subject=\u00a0\u00bbCondol\u00e9ances Bruno L\u00e9vesque\u00a0\u00bb][contact-field label=\u00a0\u00bbVotre nom\u00a0\u00bb type=\u00a0\u00bbname\u00a0\u00bb required=\u00a0\u00bb1&Prime;][contact-field label=\u00a0\u00bbVotre courriel\u00a0\u00bb type=\u00a0\u00bbemail\u00a0\u00bb required=\u00a0\u00bb1&Prime;][contact-field label=\u00a0\u00bbCondol\u00e9ances\u00a0\u00bb type=\u00a0\u00bbtextarea\u00a0\u00bb][\/contact-form]<\/p>\n","protected":false},"featured_media":61286,"template":"","event_cat":[6],"class_list":["post-61190","event","type-event","status-publish","has-post-thumbnail","hentry","event_cat-maison-mallet-et-fils-inc"],"_links":{"self":[{"href":"https:\/\/nouveau.maisonmallet.com\/back05_01\/index.php?rest_route=\/wp\/v2\/event\/61190","targetHints":{"allow":["GET"]}}],"collection":[{"href":"https:\/\/nouveau.maisonmallet.com\/back05_01\/index.php?rest_route=\/wp\/v2\/event"}],"about":[{"href":"https:\/\/nouveau.maisonmallet.com\/back05_01\/index.php?rest_route=\/wp\/v2\/types\/event"}],"wp:featuredmedia":[{"embeddable":true,"href":"https:\/\/nouveau.maisonmallet.com\/back05_01\/index.php?rest_route=\/wp\/v2\/media\/61286"}],"wp:attachment":[{"href":"https:\/\/nouveau.maisonmallet.com\/back05_01\/index.php?rest_route=%2Fwp%2Fv2%2Fmedia&parent=61190"}],"wp:term":[{"taxonomy":"event_cat","embeddable":true,"href":"https:\/\/nouveau.maisonmallet.com\/back05_01\/index.php?rest_route=%2Fwp%2Fv2%2Fevent_cat&post=61190"}],"curies":[{"name":"wp","href":"https:\/\/api.w.org\/{rel}","templated":true}]}}