{"id":6123,"date":"2019-10-04T11:56:05","date_gmt":"2019-10-04T15:56:05","guid":{"rendered":"https:\/\/nouveau.maisonmallet.com\/?post_type=event&#038;p=6123"},"modified":"2019-12-13T15:37:59","modified_gmt":"2019-12-13T20:37:59","slug":"levesque-francois23071951","status":"publish","type":"event","link":"https:\/\/nouveau.maisonmallet.com\/back05_01\/?event=levesque-francois23071951","title":{"rendered":"L\u00c9VESQUE, Fran\u00e7ois"},"content":{"rendered":"<p>1951 \u2013 2019<\/p>\n<p>L\u00c9VESQUE, Fran\u00e7ois<\/p>\n<p>&nbsp;<\/p>\n<p>\u00c0 Qu\u00e9bec, le 4 octobre 2019, est d\u00e9c\u00e9d\u00e9 \u00e0 l\u2019\u00e2ge de 68 ans, monsieur Fran\u00e7ois L\u00e9vesque \u00e9poux de feue Lise Perreault, fils de feu Napol\u00e9on L\u00e9vesque et de feue Marianna Dion domicili\u00e9 \u00e0 Sept-\u00celes.<\/p>\n<p>La famille re\u00e7oit parents et amis le samedi 26 octobre 2019 de 13 h \u00e0 16 h. Au Complexe Thanatologique Mallet &amp; fils du 585 boul. Laure \u00e0 Sept-\u00celes.<\/p>\n<p>Il laisse dans le deuil ses enfants\u00a0: Manon (Micha\u00ebl Rioux), Carl (Lucie LaHaye) et Karine, ses petits-enfants\u00a0: Mariann, Christopher, Louis, Lucka, Beno\u00eet, Charles et Laurent ainsi que ses fr\u00e8res, ses s\u0153urs, ses beaux-fr\u00e8res, ses belles-s\u0153urs, ses neveux, ses ni\u00e8ces, ses cousins, ses cousines, et de nombreux ami(e)s.<\/p>\n<p>Vos marques de sympathie peuvent se traduire par un don \u00e0 la Soci\u00e9t\u00e9 Canadienne du cancer <a href=\"http:\/\/www.cancer.ca\/\">www.cancer.ca<\/a><\/p>\n<p>La famille tient \u00e0 remercier toute l`\u00e9quipe des soins palliatifs du CLSC de la Jacques-Cartier et le personnel de l`h\u00f4pital Laval pour leur d\u00e9vouement et les bons soins prodigu\u00e9s durent toute sa maladie.<\/p>\n<p>La famille a confi\u00e9 les arrangements aux services professionnels de la Maison Mallet &amp; fils du 585 Boul. Laure \u00e0 Sept-\u00celes, maintenant reconnue Distinction et membre de la Corporation des Thanatologues du Qu\u00e9bec.<\/p>\n<p>Vous pouvez consulter cet avis de d\u00e9c\u00e8s sur le\u00a0: <a href=\"https:\/\/nouveau.maisonmallet.com\/back05_01\/\">www.maisonmallet.com<\/a><\/p>\n<p>Ceux et celles qui le d\u00e9sirent, peuvent y envoyer des messages de sympathie.<\/p>\n<p>&nbsp;<\/p>\n<p>&nbsp;<\/p>\n<hr \/>\n<p>Envoyer vos condol\u00e9ances<\/p>\n<p>[contact-form to=\u00a0\u00bbutopiesky007@gmail.com\u00a0\u00bb subject=\u00a0\u00bbCondol\u00e9ances Fran\u00e7ois L\u00e9vesque\u00a0\u00bb][contact-field label=\u00a0\u00bbVotre nom\u00a0\u00bb type=\u00a0\u00bbname\u00a0\u00bb required=\u00a0\u00bb1&Prime;][contact-field label=\u00a0\u00bbVotre courriel\u00a0\u00bb type=\u00a0\u00bbemail\u00a0\u00bb required=\u00a0\u00bb1&Prime;][contact-field label=\u00a0\u00bbCondol\u00e9ances\u00a0\u00bb type=\u00a0\u00bbtextarea\u00a0\u00bb][\/contact-form]<\/p>\n","protected":false},"featured_media":6709,"template":"","event_cat":[6],"class_list":["post-6123","event","type-event","status-publish","has-post-thumbnail","hentry","event_cat-maison-mallet-et-fils-inc"],"_links":{"self":[{"href":"https:\/\/nouveau.maisonmallet.com\/back05_01\/index.php?rest_route=\/wp\/v2\/event\/6123","targetHints":{"allow":["GET"]}}],"collection":[{"href":"https:\/\/nouveau.maisonmallet.com\/back05_01\/index.php?rest_route=\/wp\/v2\/event"}],"about":[{"href":"https:\/\/nouveau.maisonmallet.com\/back05_01\/index.php?rest_route=\/wp\/v2\/types\/event"}],"wp:featuredmedia":[{"embeddable":true,"href":"https:\/\/nouveau.maisonmallet.com\/back05_01\/index.php?rest_route=\/wp\/v2\/media\/6709"}],"wp:attachment":[{"href":"https:\/\/nouveau.maisonmallet.com\/back05_01\/index.php?rest_route=%2Fwp%2Fv2%2Fmedia&parent=6123"}],"wp:term":[{"taxonomy":"event_cat","embeddable":true,"href":"https:\/\/nouveau.maisonmallet.com\/back05_01\/index.php?rest_route=%2Fwp%2Fv2%2Fevent_cat&post=6123"}],"curies":[{"name":"wp","href":"https:\/\/api.w.org\/{rel}","templated":true}]}}