{"id":62037,"date":"2025-03-16T14:14:11","date_gmt":"2025-03-16T18:14:11","guid":{"rendered":"https:\/\/nouveau.maisonmallet.com\/?post_type=event&#038;p=62037"},"modified":"2025-07-05T10:55:40","modified_gmt":"2025-07-05T14:55:40","slug":"gregoire-jeannette-kuka","status":"publish","type":"event","link":"https:\/\/nouveau.maisonmallet.com\/back05_01\/?event=gregoire-jeannette-kuka","title":{"rendered":"GR\u00c9GOIRE, Jeannette (Kuka)"},"content":{"rendered":"<p>Le Complexe Thanatologique Mallet &amp; fils a le regret de vous annoncer le d\u00e9c\u00e8s de<\/p>\n<p>Jeannette (Kuka) Gr\u00e9goire<\/p>\n<p>1941 \u2013 2025<\/p>\n<p>&nbsp;<\/p>\n<p>\u00c0 Sept-\u00celes (maison \u00c9lyme des sables), le 16 mars 2025, est d\u00e9c\u00e9d\u00e9e \u00e0 l\u2019\u00e2ge de 84 ans, madame Jeannette (Kuka) Gr\u00e9goire fille de feu Fabien Gr\u00e9goire et de feu Julienne Vachon domicili\u00e9e \u00e0 Uashat.<\/p>\n<p>Les fun\u00e9railles de madame Jeannette (Kuka) Gr\u00e9goire auront lieu le samedi 22 mars 2025 \u00e0 14 h en l\u2019\u00e9glise Kateri Tekakwitha, situ\u00e9e au 1035, avenue De Quen \u00e0 Uashat et de l\u00e0 au cimeti\u00e8re de Uashat.<\/p>\n<p>La famille re\u00e7oit parents et amis le vendredi 21 mars 2025 \u00e0 compter de 13 h au 1029, avenue Arnaud \u00e0 Uashat.<\/p>\n<p>Elle laisse dans le deuil son fils Sylvain, ses filles\u00a0: Sylvie et Danielle (Marcel Vachon), ses petits-enfants, ses arri\u00e8re-petits-enfants ainsi que ses fr\u00e8res, ses s\u0153urs, ses beaux-fr\u00e8res, ses belles-s\u0153urs, ses neveux, ses ni\u00e8ces, ses cousins, ses cousines et de nombreux ami(e)s.<\/p>\n<p>La famille a confi\u00e9 la direction des fun\u00e9railles aux services professionnels de la Maison Mallet &amp; fils du 585, Boul. Laure \u00e0 Sept-\u00celes, maintenant reconnue Distinction et membre de la Corporation des Thanatologues du Qu\u00e9bec.<\/p>\n<p>Vous pouvez consulter cet avis de d\u00e9c\u00e8s sur le <a href=\"https:\/\/nouveau.maisonmallet.com\">www.maisonmallet.com<\/a><\/p>\n<p>Ceux et celles qui le d\u00e9sirent, peuvent y envoyer des messages de condol\u00e9ances.<\/p>\n<p>&nbsp;<\/p>\n<hr \/>\n<p>Envoyer vos condol\u00e9ances<\/p>\n<p>[contact-form to=\u00a0\u00bbmandajourdai@hotmail.com\u00a0\u00bb subject=\u00a0\u00bbCondol\u00e9ances Jeannette Gr\u00e9goire\u00a0\u00bb][contact-field label=\u00a0\u00bbVotre nom\u00a0\u00bb type=\u00a0\u00bbname\u00a0\u00bb required=\u00a0\u00bb1&Prime;][contact-field label=\u00a0\u00bbVotre courriel\u00a0\u00bb type=\u00a0\u00bbemail\u00a0\u00bb required=\u00a0\u00bb1&Prime;][contact-field label=\u00a0\u00bbCondol\u00e9ances\u00a0\u00bb type=\u00a0\u00bbtextarea\u00a0\u00bb][\/contact-form]<\/p>\n","protected":false},"featured_media":62039,"template":"","event_cat":[6],"class_list":["post-62037","event","type-event","status-publish","has-post-thumbnail","hentry","event_cat-maison-mallet-et-fils-inc"],"_links":{"self":[{"href":"https:\/\/nouveau.maisonmallet.com\/back05_01\/index.php?rest_route=\/wp\/v2\/event\/62037","targetHints":{"allow":["GET"]}}],"collection":[{"href":"https:\/\/nouveau.maisonmallet.com\/back05_01\/index.php?rest_route=\/wp\/v2\/event"}],"about":[{"href":"https:\/\/nouveau.maisonmallet.com\/back05_01\/index.php?rest_route=\/wp\/v2\/types\/event"}],"wp:featuredmedia":[{"embeddable":true,"href":"https:\/\/nouveau.maisonmallet.com\/back05_01\/index.php?rest_route=\/wp\/v2\/media\/62039"}],"wp:attachment":[{"href":"https:\/\/nouveau.maisonmallet.com\/back05_01\/index.php?rest_route=%2Fwp%2Fv2%2Fmedia&parent=62037"}],"wp:term":[{"taxonomy":"event_cat","embeddable":true,"href":"https:\/\/nouveau.maisonmallet.com\/back05_01\/index.php?rest_route=%2Fwp%2Fv2%2Fevent_cat&post=62037"}],"curies":[{"name":"wp","href":"https:\/\/api.w.org\/{rel}","templated":true}]}}