{"id":6205,"date":"2019-10-22T08:56:42","date_gmt":"2019-10-22T12:56:42","guid":{"rendered":"https:\/\/nouveau.maisonmallet.com\/?post_type=event&#038;p=6205"},"modified":"2020-03-04T14:27:28","modified_gmt":"2020-03-04T19:27:28","slug":"ward-jules161271","status":"publish","type":"event","link":"https:\/\/nouveau.maisonmallet.com\/back05_01\/?event=ward-jules161271","title":{"rendered":"WARD, Jules"},"content":{"rendered":"<p>1971-2019<\/p>\n<p>WARD, Jules<\/p>\n<p>\u00c0 Saint-F\u00e9lix de Valois, le 22 octobre 2019, est d\u00e9c\u00e9d\u00e9 \u00e0 l\u2019\u00e2ge de 47 ans et 10 mois, monsieur Jules Ward fils de feu L\u00e9opold Ward et de madame Reina Leblanc domicili\u00e9 \u00e0 Saint-F\u00e9lix de Valois.<\/p>\n<p>La c\u00e9r\u00e9monie comm\u00e9morative de monsieur Jules Ward aura lieu le samedi 23 novembre 2019 \u00e0 15 h 00 au salon de la Maison L.J.G. Mallet du 1429, rue du Canot \u00e0 Havre-Saint-Pierre.<\/p>\n<p>Selon ses volont\u00e9s, Il a \u00e9t\u00e9 confi\u00e9 au cr\u00e9matorium de la Maison L.J.G. Mallet pour cr\u00e9mation.<\/p>\n<p>La famille re\u00e7oit parents et amis le samedi 23 novembre 2019 jour de la c\u00e9r\u00e9monie \u00e0 compter de 13 h 00 au salon de la Maison L.J.G. Mallet du 1429, rue du Canot \u00e0 Havre-Saint-Pierre.<\/p>\n<p>Il laisse dans le deuil son fils J\u00e9r\u00e9my Ward-Bradette, sa fille M\u00e9gan Ward- Bradette, sa m\u00e8re madame Reina Leblanc, ses fr\u00e8res\u00a0: L\u00e9onard, Allen (Ma\u00efko Shimizu), Cid et Rock (Marie-Claude Jomphe), sa s\u0153ur\u00a0Lise (Michel Boucher), ses neveux, ses ni\u00e8ces, et de nombreux ami(e)s.<\/p>\n<p>Vos marques de sympathie peuvent se traduire par un don au centre d\u2019intervention et de pr\u00e9vention du suicide C\u00f4te-Nord C.P. 2591 Baie-Comeau G5C 2T3.<\/p>\n<p>La famille a confi\u00e9 les arrangements aux services professionnels de la Maison L.J.G. Mallet du 1429, rue du Canot \u00e0 Havre-Saint-Pierre, maintenant reconnue Distinction et membre de la Corporation des Thanatologues du Qu\u00e9bec.<\/p>\n<p>Vous pouvez consulter cet avis de d\u00e9c\u00e8s sur le <a href=\"https:\/\/nouveau.maisonmallet.com\/back05_01\/\">www.maisonmallet.com<\/a><\/p>\n<p>Ceux et celles qui le d\u00e9sirent, peuvent y envoyer des messages de sympathie.<\/p>\n<p>&nbsp;<\/p>\n<p>&nbsp;<\/p>\n<hr \/>\n<p>Envoyer vos condol\u00e9ances<\/p>\n<p>[contact-form to=\u00a0\u00bbmcrock@globetrotter.net\u00a0\u00bb subject=\u00a0\u00bbCondol\u00e9ances Jules Ward\u00a0\u00bb][contact-field label=\u00a0\u00bbVotre nom\u00a0\u00bb type=\u00a0\u00bbname\u00a0\u00bb required=\u00a0\u00bb1&Prime;][contact-field label=\u00a0\u00bbVotre courriel\u00a0\u00bb type=\u00a0\u00bbemail\u00a0\u00bb required=\u00a0\u00bb1&Prime;][contact-field label=\u00a0\u00bbCondol\u00e9ances\u00a0\u00bb type=\u00a0\u00bbtextarea\u00a0\u00bb][\/contact-form]<\/p>\n","protected":false},"featured_media":6273,"template":"","event_cat":[7],"class_list":["post-6205","event","type-event","status-publish","has-post-thumbnail","hentry","event_cat-maison-l-j-g-mallet-inc"],"_links":{"self":[{"href":"https:\/\/nouveau.maisonmallet.com\/back05_01\/index.php?rest_route=\/wp\/v2\/event\/6205","targetHints":{"allow":["GET"]}}],"collection":[{"href":"https:\/\/nouveau.maisonmallet.com\/back05_01\/index.php?rest_route=\/wp\/v2\/event"}],"about":[{"href":"https:\/\/nouveau.maisonmallet.com\/back05_01\/index.php?rest_route=\/wp\/v2\/types\/event"}],"wp:featuredmedia":[{"embeddable":true,"href":"https:\/\/nouveau.maisonmallet.com\/back05_01\/index.php?rest_route=\/wp\/v2\/media\/6273"}],"wp:attachment":[{"href":"https:\/\/nouveau.maisonmallet.com\/back05_01\/index.php?rest_route=%2Fwp%2Fv2%2Fmedia&parent=6205"}],"wp:term":[{"taxonomy":"event_cat","embeddable":true,"href":"https:\/\/nouveau.maisonmallet.com\/back05_01\/index.php?rest_route=%2Fwp%2Fv2%2Fevent_cat&post=6205"}],"curies":[{"name":"wp","href":"https:\/\/api.w.org\/{rel}","templated":true}]}}