{"id":62053,"date":"2025-03-17T13:39:19","date_gmt":"2025-03-17T17:39:19","guid":{"rendered":"https:\/\/nouveau.maisonmallet.com\/?post_type=event&#038;p=62053"},"modified":"2025-07-05T10:54:29","modified_gmt":"2025-07-05T14:54:29","slug":"gagne-normand","status":"publish","type":"event","link":"https:\/\/nouveau.maisonmallet.com\/back05_01\/?event=gagne-normand","title":{"rendered":"GAGN\u00c9, Normand"},"content":{"rendered":"<p>Le Complexe Thanatologique Mallet &amp; fils a le regret de vous annoncer le d\u00e9c\u00e8s de<\/p>\n<p>Normand Gagn\u00e9<\/p>\n<p>1945 \u2013 2025<\/p>\n<p>&nbsp;<\/p>\n<p>\u00c0 Sept-\u00celes (r\u00e9sidence Gustave Gauvreau), le 17 mars 2025, est d\u00e9c\u00e9d\u00e9 \u00e0 l\u2019\u00e2ge de 79 ans, monsieur Normand Gagn\u00e9 conjoint de madame Micheline Beaulieu et domicili\u00e9 \u00e0 Sept-\u00celes.<\/p>\n<p>Les fun\u00e9railles de monsieur Normand Gagn\u00e9 auront lieu, le vendredi 21 mars 2025 \u00e0 10 h en l\u2019\u00e9glise Ste-Famille situ\u00e9e au 15, rue Comeau \u00e0 Sept-\u00celes.<\/p>\n<p>Il laisse dans le deuil outre sa conjointe madame Micheline Beaulieu, ses fils\u00a0: Lucien, Jo\u00ebl (Val\u00e9rie Turmel) et Yanick (Val\u00e9rie Lord), ses beaux-fils\u00a0: Martin (St\u00e9phanie Lavoie) et Yvan, sa belle-fille Val\u00e9rie (Fr\u00e9d\u00e9ric Bernier), ses cinq petits-enfants, ses arri\u00e8re-petits-enfants ainsi que ses fr\u00e8res, ses s\u0153urs, ses beaux-fr\u00e8res, ses belles-s\u0153urs, ses neveux, ses ni\u00e8ces, ses cousins, ses cousines et ses ami(e)s.<\/p>\n<p>Un merci sp\u00e9cial \u00e0 tous ceux et celles du centre Gustave Gauvreau pour les soins apport\u00e9s \u00e0 Normand ainsi que pour leur humanit\u00e9 et leur engagement qui rendent la vie des gens plus agr\u00e9able.<\/p>\n<p>Vos marques de sympathie peuvent se traduire par un don \u00e0 la soci\u00e9t\u00e9 Alzheimer C\u00f4te-Nord <a href=\"http:\/\/www.societealzheimercotenord.com\">www.societealzheimercotenord.com<\/a><\/p>\n<p>La famille a confi\u00e9 les fun\u00e9railles aux services professionnels de la Maison Mallet &amp; fils du 585 Boul. Laure \u00e0 Sept-\u00celes, maintenant reconnue Distinction et membre de la Corporation des Thanatologues du Qu\u00e9bec.<\/p>\n<p>Vous pouvez consulter cet avis de d\u00e9c\u00e8s sur le\u00a0:\u00a0<a href=\"https:\/\/nouveau.maisonmallet.com\/\">www.maisonmallet.com<\/a><\/p>\n<p>Ceux et celles qui le d\u00e9sirent, peuvent y envoyer des messages de sympathie.<\/p>\n<p>&nbsp;<\/p>\n<hr \/>\n<p>Envoyer vos condol\u00e9ances<\/p>\n<p>[contact-form to=\u00a0\u00bbmichelinebeau@hotmail.com\u00a0\u00bb subject=\u00a0\u00bbCondol\u00e9ances Normand Gagn\u00e9\u00a0\u00bb][contact-field label=\u00a0\u00bbVotre nom\u00a0\u00bb type=\u00a0\u00bbname\u00a0\u00bb required=\u00a0\u00bb1&Prime;][contact-field label=\u00a0\u00bbVotre courriel\u00a0\u00bb type=\u00a0\u00bbemail\u00a0\u00bb required=\u00a0\u00bb1&Prime;][contact-field label=\u00a0\u00bbCondol\u00e9ances\u00a0\u00bb type=\u00a0\u00bbtextarea\u00a0\u00bb][\/contact-form]<\/p>\n","protected":false},"featured_media":62057,"template":"","event_cat":[6],"class_list":["post-62053","event","type-event","status-publish","has-post-thumbnail","hentry","event_cat-maison-mallet-et-fils-inc"],"_links":{"self":[{"href":"https:\/\/nouveau.maisonmallet.com\/back05_01\/index.php?rest_route=\/wp\/v2\/event\/62053","targetHints":{"allow":["GET"]}}],"collection":[{"href":"https:\/\/nouveau.maisonmallet.com\/back05_01\/index.php?rest_route=\/wp\/v2\/event"}],"about":[{"href":"https:\/\/nouveau.maisonmallet.com\/back05_01\/index.php?rest_route=\/wp\/v2\/types\/event"}],"wp:featuredmedia":[{"embeddable":true,"href":"https:\/\/nouveau.maisonmallet.com\/back05_01\/index.php?rest_route=\/wp\/v2\/media\/62057"}],"wp:attachment":[{"href":"https:\/\/nouveau.maisonmallet.com\/back05_01\/index.php?rest_route=%2Fwp%2Fv2%2Fmedia&parent=62053"}],"wp:term":[{"taxonomy":"event_cat","embeddable":true,"href":"https:\/\/nouveau.maisonmallet.com\/back05_01\/index.php?rest_route=%2Fwp%2Fv2%2Fevent_cat&post=62053"}],"curies":[{"name":"wp","href":"https:\/\/api.w.org\/{rel}","templated":true}]}}