{"id":62524,"date":"2025-03-26T09:11:14","date_gmt":"2025-03-26T13:11:14","guid":{"rendered":"https:\/\/nouveau.maisonmallet.com\/?post_type=event&#038;p=62524"},"modified":"2025-07-05T10:46:11","modified_gmt":"2025-07-05T14:46:11","slug":"lavoie-rejeanne","status":"publish","type":"event","link":"https:\/\/nouveau.maisonmallet.com\/back05_01\/?event=lavoie-rejeanne","title":{"rendered":"LAVOIE, R\u00e9jeanne"},"content":{"rendered":"<p>Le Complexe Thanatologique Mallet &amp; fils a le regret de vous annoncer le d\u00e9c\u00e8s de<\/p>\n<p>R\u00e9jeanne Lavoie<\/p>\n<p>1955 \u2013 2025<\/p>\n<p>&nbsp;<\/p>\n<p>\u00c0 Sept-\u00celes (r\u00e9sidence Gustave Gauvreau), le 26 mars 2025, est d\u00e9c\u00e9d\u00e9e \u00e0 l\u2019\u00e2ge de 69 ans, madame R\u00e9jeanne Lavoie \u00e9pouse de feu Claude Boulianne et domicili\u00e9e \u00e0 Sept-\u00celes.<\/p>\n<p>Les fun\u00e9railles de madame R\u00e9jeanne Lavoie auront lieu le lundi 7 avril 2025 \u00e0 15 h en l\u2019\u00e9glise St-Joseph situ\u00e9e au 535, ave. Brochu \u00e0 Sept-\u00celes et de l\u00e0 au cimeti\u00e8re de l\u2019endroit.<\/p>\n<p>La famille re\u00e7oit parents et amis le lundi 7 avril 2025 jour des fun\u00e9railles de 10 h \u00e0 12 h et de 13 h \u00e0 15 h au Complexe Thanatologique Mallet &amp; fils du 585, boul. Laure \u00e0 Sept-\u00celes.<\/p>\n<p>Elle laisse dans le deuil ses filles : Annick (St\u00e9phane Pelletier), Karine (Ronald Chauss\u00e9) et Martine (Steve Johnson), ses petits-enfants : L\u00e9a, Math\u00e9o, Billy, F\u00e9lix, Jacob, Guillaume, Amy, Kelly, Danyk et Abby, son arri\u00e8re-petite-fille Miya, ses fr\u00e8res\u00a0: Bruno (France Morneau) et R\u00e9jean Lavoie ainsi que ses beaux-fr\u00e8res, ses belles-s\u0153urs, ses neveux, ses ni\u00e8ces, et de nombreux ami(e)s.<\/p>\n<p>Vos marques de sympathie peuvent se traduire par un don \u00e0 la soci\u00e9t\u00e9 Alzheimer C\u00f4te-Nord <a href=\"http:\/\/www.societealzheimercotenord.com\">www.societealzheimercotenord.com<\/a><\/p>\n<p>La famille a confi\u00e9 la direction des fun\u00e9railles aux services professionnels de la Maison Mallet &amp; fils du 585, boul. Laure \u00e0 Sept-\u00celes, maintenant reconnue Distinction et membre de la Corporation des Thanatologues du Qu\u00e9bec.<\/p>\n<p>Vous pouvez consulter cet avis de d\u00e9c\u00e8s sur le <a href=\"https:\/\/nouveau.maisonmallet.com\">www.maisonmallet.com<\/a><\/p>\n<p>Ceux et celles qui le d\u00e9sirent, peuvent y envoyer des messages de sympathies.<\/p>\n<p>&nbsp;<\/p>\n<hr \/>\n<p>Envoyer vos condol\u00e9ances<\/p>\n<p>[contact-form to=\u00a0\u00bbtetine22@hotmail.com\u00a0\u00bb subject=\u00a0\u00bbCondol\u00e9ances R\u00e9jeanne Lavoie\u00a0\u00bb][contact-field label=\u00a0\u00bbVotre nom\u00a0\u00bb type=\u00a0\u00bbname\u00a0\u00bb required=\u00a0\u00bb1&Prime;][contact-field label=\u00a0\u00bbVotre courriel\u00a0\u00bb type=\u00a0\u00bbemail\u00a0\u00bb required=\u00a0\u00bb1&Prime;][contact-field label=\u00a0\u00bbCondol\u00e9ances\u00a0\u00bb type=\u00a0\u00bbtextarea\u00a0\u00bb][\/contact-form]<\/p>\n","protected":false},"featured_media":62562,"template":"","event_cat":[6],"class_list":["post-62524","event","type-event","status-publish","has-post-thumbnail","hentry","event_cat-maison-mallet-et-fils-inc"],"_links":{"self":[{"href":"https:\/\/nouveau.maisonmallet.com\/back05_01\/index.php?rest_route=\/wp\/v2\/event\/62524","targetHints":{"allow":["GET"]}}],"collection":[{"href":"https:\/\/nouveau.maisonmallet.com\/back05_01\/index.php?rest_route=\/wp\/v2\/event"}],"about":[{"href":"https:\/\/nouveau.maisonmallet.com\/back05_01\/index.php?rest_route=\/wp\/v2\/types\/event"}],"wp:featuredmedia":[{"embeddable":true,"href":"https:\/\/nouveau.maisonmallet.com\/back05_01\/index.php?rest_route=\/wp\/v2\/media\/62562"}],"wp:attachment":[{"href":"https:\/\/nouveau.maisonmallet.com\/back05_01\/index.php?rest_route=%2Fwp%2Fv2%2Fmedia&parent=62524"}],"wp:term":[{"taxonomy":"event_cat","embeddable":true,"href":"https:\/\/nouveau.maisonmallet.com\/back05_01\/index.php?rest_route=%2Fwp%2Fv2%2Fevent_cat&post=62524"}],"curies":[{"name":"wp","href":"https:\/\/api.w.org\/{rel}","templated":true}]}}