{"id":62849,"date":"2025-04-12T09:40:21","date_gmt":"2025-04-12T13:40:21","guid":{"rendered":"https:\/\/nouveau.maisonmallet.com\/?post_type=event&#038;p=62849"},"modified":"2025-07-05T10:38:33","modified_gmt":"2025-07-05T14:38:33","slug":"pinette-laureat","status":"publish","type":"event","link":"https:\/\/nouveau.maisonmallet.com\/back05_01\/?event=pinette-laureat","title":{"rendered":"PINETTE, Laur\u00e9at"},"content":{"rendered":"<p>Le Complexe Thanatologique Mallet &amp; fils a le regret de vous annoncer le d\u00e9c\u00e8s de<\/p>\n<p>Laur\u00e9at Pinette<\/p>\n<p>1969 \u2013 2025<\/p>\n<p>&nbsp;<\/p>\n<p>\u00c0 Sept-\u00celes, le 12 avril 2025, est d\u00e9c\u00e9d\u00e9 \u00e0 l\u2019\u00e2ge de 55 ans, monsieur Laur\u00e9at Pinette fils de madame Jeannine R\u00e9gis et de feu Abraham Pinette domicili\u00e9 \u00e0 Mani-utenam.<\/p>\n<p>Les fun\u00e9railles de monsieur Laur\u00e9at Pinette auront lieu le mercredi 23 avril 2025 \u00e0 10 h en l\u2019\u00e9glise Notre-Dame du Cap situ\u00e9e au 139, rue de l\u2019\u00c9glise \u00e0 Mani-utenam et de l\u00e0 au cimeti\u00e8re de Mani-utenam.<\/p>\n<p>La famille re\u00e7oit parents et amis le mardi 22 avril 2025 \u00e0 compter de 11 h au 64, rue Mathieu \u00e0 Mani-utenam.<\/p>\n<p>Il laisse dans le deuil sa fille Jeannine (Shanine) Collard Pinette, sa m\u00e8re madame Jeannine R\u00e9gis (feu Abraham Pinette), ses fr\u00e8res, ses s\u0153urs ainsi que ses neveux, ses ni\u00e8ces, ses oncles, ses tantes, ses cousins, ses cousines et de nombreux ami(e)s.<\/p>\n<p>La famille a confi\u00e9 la direction des fun\u00e9railles aux services professionnels de la Maison Mallet &amp; fils du 585, Boul. Laure \u00e0 Sept-\u00celes, maintenant reconnue Distinction et membre de la Corporation des Thanatologues du Qu\u00e9bec.<\/p>\n<p>Vous pouvez consulter cet avis de d\u00e9c\u00e8s sur le <a href=\"https:\/\/nouveau.maisonmallet.com\">www.maisonmallet.com<\/a><\/p>\n<p>Ceux et celles qui le d\u00e9sirent, peuvent y envoyer des messages de condol\u00e9ances.<\/p>\n<p>&nbsp;<\/p>\n<hr \/>\n<p>Envoyer vos condol\u00e9ances<\/p>\n<p>[contact-form to=\u00a0\u00bbjosephine.pinette81@outlook.com\u00a0\u00bb subject=\u00a0\u00bbCondol\u00e9ances Laur\u00e9at Pinette\u00a0\u00bb][contact-field label=\u00a0\u00bbVotre nom\u00a0\u00bb type=\u00a0\u00bbname\u00a0\u00bb required=\u00a0\u00bb1&Prime;][contact-field label=\u00a0\u00bbVotre courriel\u00a0\u00bb type=\u00a0\u00bbemail\u00a0\u00bb required=\u00a0\u00bb1&Prime;][contact-field label=\u00a0\u00bbCondol\u00e9ances\u00a0\u00bb type=\u00a0\u00bbtextarea\u00a0\u00bb][\/contact-form]<\/p>\n","protected":false},"featured_media":62870,"template":"","event_cat":[6],"class_list":["post-62849","event","type-event","status-publish","has-post-thumbnail","hentry","event_cat-maison-mallet-et-fils-inc"],"_links":{"self":[{"href":"https:\/\/nouveau.maisonmallet.com\/back05_01\/index.php?rest_route=\/wp\/v2\/event\/62849","targetHints":{"allow":["GET"]}}],"collection":[{"href":"https:\/\/nouveau.maisonmallet.com\/back05_01\/index.php?rest_route=\/wp\/v2\/event"}],"about":[{"href":"https:\/\/nouveau.maisonmallet.com\/back05_01\/index.php?rest_route=\/wp\/v2\/types\/event"}],"wp:featuredmedia":[{"embeddable":true,"href":"https:\/\/nouveau.maisonmallet.com\/back05_01\/index.php?rest_route=\/wp\/v2\/media\/62870"}],"wp:attachment":[{"href":"https:\/\/nouveau.maisonmallet.com\/back05_01\/index.php?rest_route=%2Fwp%2Fv2%2Fmedia&parent=62849"}],"wp:term":[{"taxonomy":"event_cat","embeddable":true,"href":"https:\/\/nouveau.maisonmallet.com\/back05_01\/index.php?rest_route=%2Fwp%2Fv2%2Fevent_cat&post=62849"}],"curies":[{"name":"wp","href":"https:\/\/api.w.org\/{rel}","templated":true}]}}