{"id":64254,"date":"2025-05-21T15:16:18","date_gmt":"2025-05-21T19:16:18","guid":{"rendered":"https:\/\/nouveau.maisonmallet.com\/?post_type=event&#038;p=64254"},"modified":"2025-07-05T10:17:04","modified_gmt":"2025-07-05T14:17:04","slug":"boudreault-jean-guy","status":"publish","type":"event","link":"https:\/\/nouveau.maisonmallet.com\/back05_01\/?event=boudreault-jean-guy","title":{"rendered":"BOUDREAULT, Jean-Guy"},"content":{"rendered":"<p>Le Complexe Thanatologique Mallet &amp; fils a le regret de vous annoncer le d\u00e9c\u00e8s de<\/p>\n<p>Jean-Guy Boudreault<\/p>\n<p>1949 \u2013 2025<\/p>\n<p>&nbsp;<\/p>\n<p>\u00c0 Sept-\u00celes (maison \u00c9lyme des sables), le 21 mai 2025, est d\u00e9c\u00e9d\u00e9 \u00e0 l&rsquo;\u00e2ge de 76 ans, monsieur Jean-Guy Boudreault, fils de feu Edmond Boudreault et de feu Rose-Anna Lejeune domicili\u00e9 \u00e0 Sept-\u00celes.<\/p>\n<p>Les fun\u00e9railles de monsieur Jean-Guy Boudreault auront lieu le jeudi 29 mai 2025 \u00e0 14 h en l&rsquo;\u00e9glise Marie-Immacul\u00e9e situ\u00e9e au 180, rue Papineau \u00e0 Sept-\u00celes et de l\u00e0 au cimeti\u00e8re de l\u2019endroit.<\/p>\n<p>Selon ses volont\u00e9s, il a \u00e9t\u00e9 confi\u00e9 au cr\u00e9matorium de la Maison Mallet &amp; fils pour cr\u00e9mation.<\/p>\n<p>La famille re\u00e7oit parents et amis le mercredi 28 mai 2025 de 19 h \u00e0 22 h. Le jeudi 29 mai 2025 jour des fun\u00e9railles \u00e0 compter de 12 h 30 au Complexe Thanatologique Mallet &amp; fils du 585, boul. Laure \u00e0 Sept-\u00celes.<\/p>\n<p>Il laisse dans le deuil son fils St\u00e9phane (Christiane Levesque), sa fille Cindy, ses petits-enfants : Vincent (Ariane), Francis (Maude) et Fr\u00e9d\u00e9rique, ses arri\u00e8re-petits-enfants\u00a0: Henri et b\u00e9b\u00e9 Billie \u00e0 venir bient\u00f4t, la m\u00e8re de ses enfants madame Yvanne Lefran\u00e7ois, ses s\u0153urs : Frida et Marie (Marcel Blanchette) ainsi que ses beaux-fr\u00e8res, ses belles-s\u0153urs, ses neveux, ses ni\u00e8ces, ses cousins, ses cousines et de nombreux amis.<\/p>\n<p>Vos marques de sympathie peuvent se traduire par un don \u00e0 l\u2019\u00c9lyme des sables <a href=\"http:\/\/www.elymedessables.com\">www.elymedessables.com<\/a><\/p>\n<p>La famille a confi\u00e9 les fun\u00e9railles aux services professionnels de la Maison Mallet &amp; fils du 585, boul. Laure \u00e0 Sept-\u00celes, maintenant reconnue Distinction et membre de la Corporation des Thanatologues du Qu\u00e9bec.<\/p>\n<p>Vous pouvez consulter cet avis de d\u00e9c\u00e8s, sur le www.maisonmallet.com<\/p>\n<p>Ceux et celles qui le d\u00e9sirent, peuvent y envoyer des messages de sympathie.<\/p>\n<p>&nbsp;<\/p>\n<hr \/>\n<p>Envoyer vos condol\u00e9ances<\/p>\n<p>[contact-form to=\u00a0\u00bbstephcricri@hotmail.com\u00a0\u00bb subject=\u00a0\u00bbCondol\u00e9ances Jean-Guy Boudreault\u00a0\u00bb][contact-field label=\u00a0\u00bbVotre nom\u00a0\u00bb type=\u00a0\u00bbname\u00a0\u00bb required=\u00a0\u00bb1&Prime;][contact-field label=\u00a0\u00bbVotre courriel\u00a0\u00bb type=\u00a0\u00bbemail\u00a0\u00bb required=\u00a0\u00bb1&Prime;][contact-field label=\u00a0\u00bbCondol\u00e9ances\u00a0\u00bb type=\u00a0\u00bbtextarea\u00a0\u00bb][\/contact-form]<\/p>\n","protected":false},"featured_media":64311,"template":"","event_cat":[6],"class_list":["post-64254","event","type-event","status-publish","has-post-thumbnail","hentry","event_cat-maison-mallet-et-fils-inc"],"_links":{"self":[{"href":"https:\/\/nouveau.maisonmallet.com\/back05_01\/index.php?rest_route=\/wp\/v2\/event\/64254","targetHints":{"allow":["GET"]}}],"collection":[{"href":"https:\/\/nouveau.maisonmallet.com\/back05_01\/index.php?rest_route=\/wp\/v2\/event"}],"about":[{"href":"https:\/\/nouveau.maisonmallet.com\/back05_01\/index.php?rest_route=\/wp\/v2\/types\/event"}],"wp:featuredmedia":[{"embeddable":true,"href":"https:\/\/nouveau.maisonmallet.com\/back05_01\/index.php?rest_route=\/wp\/v2\/media\/64311"}],"wp:attachment":[{"href":"https:\/\/nouveau.maisonmallet.com\/back05_01\/index.php?rest_route=%2Fwp%2Fv2%2Fmedia&parent=64254"}],"wp:term":[{"taxonomy":"event_cat","embeddable":true,"href":"https:\/\/nouveau.maisonmallet.com\/back05_01\/index.php?rest_route=%2Fwp%2Fv2%2Fevent_cat&post=64254"}],"curies":[{"name":"wp","href":"https:\/\/api.w.org\/{rel}","templated":true}]}}