{"id":64661,"date":"2025-05-22T16:45:44","date_gmt":"2025-05-22T20:45:44","guid":{"rendered":"https:\/\/nouveau.maisonmallet.com\/?post_type=event&#038;p=64661"},"modified":"2025-07-25T21:11:58","modified_gmt":"2025-07-26T01:11:58","slug":"baril-luce","status":"publish","type":"event","link":"https:\/\/nouveau.maisonmallet.com\/back05_01\/?event=baril-luce","title":{"rendered":"BARIL, Luce"},"content":{"rendered":"<p>La Maison L.J.G. Mallet a le regret de vous annoncer le d\u00e9c\u00e8s de<\/p>\n<p>Luce Baril<\/p>\n<p>1959 \u2013 2025<\/p>\n<p>&nbsp;<\/p>\n<p>\u00c0 Qu\u00e9bec, le 22 mai 2025, est d\u00e9c\u00e9d\u00e9e \u00e0 l\u2019\u00e2ge de 65 ans, madame Luce Baril conjointe de feu Richard Boudreau, fille de feu Gr\u00e9goire Baril et de feu Ir\u00e8ne Poulin domicili\u00e9e \u00e0 Havre Saint-Pierre.<\/p>\n<p>&nbsp;<\/p>\n<p>Les fun\u00e9railles de madame Luce Baril auront lieu le lundi 9 juin 2025 \u00e0 11 h en l\u2019\u00e9glise Saint-Pierre situ\u00e9e au 742, rue Bor\u00e9ale \u00e0 Havre St-Pierre et de l\u00e0 au cr\u00e9matorium de la Maison L.J.G. Mallet pour cr\u00e9mation.<\/p>\n<p>&nbsp;<\/p>\n<p>La famille re\u00e7oit parents et amis le dimanche 8 juin 2025 de 19 h \u00e0 22 h. Le lundi 9 juin 2025 jour des fun\u00e9railles \u00e0 compter de 10 h au salon de la Maison L.J.G. Mallet situ\u00e9 au 1429, rue du Canot \u00e0 Havre Saint-Pierre.<\/p>\n<p>&nbsp;<\/p>\n<p>Elle laisse dans le deuil sa fille Daphn\u00e9 (Fr\u00e9d\u00e9ric Vigneault), son fils Adam (Genevi\u00e8ve Paquette), son petit-fils Lenny, ses petites-filles\u00a0: Juliette et Charlotte ainsi que ses fr\u00e8res\u00a0: Pierre (Diane Parent) et Andr\u00e9 (Guylaine Paquette) ses s\u0153urs\u00a0: Marie-Claude (Roger L\u00e9gar\u00e9) et Mich\u00e8le, ses beaux-fr\u00e8res, ses belles-s\u0153urs, ses neveux, ses ni\u00e8ces, ses oncles, ses tantes, ses cousins, ses cousines et de nombreux amis.<\/p>\n<p>&nbsp;<\/p>\n<p>Elle \u00e9tait la s\u0153ur de feu Robert (feu Suzanne Fortin)<\/p>\n<p>La famille a confi\u00e9 la direction des fun\u00e9railles aux services professionnels de la Maison L.J.G. Mallet du 1429, rue du Canot \u00e0 Havre Saint-Pierre, maintenant reconnue Distinction et membre de la Corporation des Thanatologues du Qu\u00e9bec.<\/p>\n<p>Vous pouvez consulter cet avis de d\u00e9c\u00e8s, sur le site web \u00e0 l\u2019adresse\u00a0 <a href=\"https:\/\/nouveau.maisonmallet.com\">www.maisonmallet.com<\/a><\/p>\n<p>Envoyer vos condol\u00e9ances<\/p>\n<p>[contact-form to=\u00a0\u00bbadam.desjardins@hotmail.com\u00a0\u00bb subject=\u00a0\u00bbCondol\u00e9ances Luce Baril\u00a0\u00bb][contact-field label=\u00a0\u00bbVotre nom\u00a0\u00bb type=\u00a0\u00bbname\u00a0\u00bb required=\u00a0\u00bb1&Prime;][contact-field label=\u00a0\u00bbVotre courriel\u00a0\u00bb type=\u00a0\u00bbemail\u00a0\u00bb required=\u00a0\u00bb1&Prime;][contact-field label=\u00a0\u00bbCondol\u00e9ances\u00a0\u00bb type=\u00a0\u00bbtextarea\u00a0\u00bb][\/contact-form]<\/p>\n","protected":false},"featured_media":64729,"template":"","event_cat":[7],"class_list":["post-64661","event","type-event","status-publish","has-post-thumbnail","hentry","event_cat-maison-l-j-g-mallet-inc"],"_links":{"self":[{"href":"https:\/\/nouveau.maisonmallet.com\/back05_01\/index.php?rest_route=\/wp\/v2\/event\/64661","targetHints":{"allow":["GET"]}}],"collection":[{"href":"https:\/\/nouveau.maisonmallet.com\/back05_01\/index.php?rest_route=\/wp\/v2\/event"}],"about":[{"href":"https:\/\/nouveau.maisonmallet.com\/back05_01\/index.php?rest_route=\/wp\/v2\/types\/event"}],"wp:featuredmedia":[{"embeddable":true,"href":"https:\/\/nouveau.maisonmallet.com\/back05_01\/index.php?rest_route=\/wp\/v2\/media\/64729"}],"wp:attachment":[{"href":"https:\/\/nouveau.maisonmallet.com\/back05_01\/index.php?rest_route=%2Fwp%2Fv2%2Fmedia&parent=64661"}],"wp:term":[{"taxonomy":"event_cat","embeddable":true,"href":"https:\/\/nouveau.maisonmallet.com\/back05_01\/index.php?rest_route=%2Fwp%2Fv2%2Fevent_cat&post=64661"}],"curies":[{"name":"wp","href":"https:\/\/api.w.org\/{rel}","templated":true}]}}