{"id":64730,"date":"2025-05-27T17:43:51","date_gmt":"2025-05-27T21:43:51","guid":{"rendered":"https:\/\/nouveau.maisonmallet.com\/?post_type=event&#038;p=64730"},"modified":"2025-07-05T10:10:09","modified_gmt":"2025-07-05T14:10:09","slug":"ste-marie-andreas","status":"publish","type":"event","link":"https:\/\/nouveau.maisonmallet.com\/back05_01\/?event=ste-marie-andreas","title":{"rendered":"STE-MARIE, Andr\u00e9as"},"content":{"rendered":"<p>Le Complexe Thanatologique Mallet &amp; fils a le regret de vous annoncer le d\u00e9c\u00e8s de<\/p>\n<p>Andr\u00e9as Ste-Marie<\/p>\n<p>1932 &#8211; 2025<\/p>\n<p>&nbsp;<\/p>\n<p>\u00c0 Sept-\u00celes, le 27 mai 2025, est d\u00e9c\u00e9d\u00e9 \u00e0 l\u2019\u00e2ge de 93 ans, monsieur Andr\u00e9as Ste-Marie \u00e9poux de madame Denise Bellefleur et domicili\u00e9 \u00e0 Sept-\u00celes.<\/p>\n<p>Selon ses volont\u00e9s, il a \u00e9t\u00e9 confi\u00e9 au cr\u00e9matorium de la Maison Mallet &amp; fils pour cr\u00e9mation.<\/p>\n<p>Il laisse dans le deuil outre son \u00e9pouse madame Denise Bellefleur, ses enfants\u00a0: Michel (Corina Rideout), Jean, Raymond (Sylvie Vall\u00e9e), Guylaine (Robert Bujold), Line (Serge Turcotte), Andr\u00e9e et Diane, ses neuf petits-enfants, ses seize arri\u00e8re-petits-enfants, ses fr\u00e8res et ses s\u0153urs ainsi que ses beaux-fr\u00e8res, ses belles-s\u0153urs, ses neveux, ses ni\u00e8ces, ses cousins, ses cousines et de nombreux ami(e)s.<\/p>\n<p>Vos marques de sympathie peuvent se traduire par un don \u00e0 l\u2019Association du cancer Est du Qu\u00e9bec <a href=\"http:\/\/www.aceq.org\">www.aceq.org<\/a><\/p>\n<p>La famille a confi\u00e9 les arrangements aux services professionnels de la Maison Mallet &amp; fils du 585 Boul. Laure \u00e0 Sept-\u00celes, maintenant reconnue Distinction et membre de la Corporation des Thanatologues du Qu\u00e9bec.<\/p>\n<p>Vous pouvez consulter cet avis de d\u00e9c\u00e8s sur le <a href=\"https:\/\/nouveau.maisonmallet.com\">www.maisonmallet.com<\/a><\/p>\n<p>Ceux et celles qui le d\u00e9sirent, peuvent y envoyer des messages de sympathies.<\/p>\n<p>&nbsp;<\/p>\n<hr \/>\n<p>Envoyer vos condol\u00e9ances<\/p>\n<p>[contact-form to=\u00a0\u00bblalou103@hotmail.com\u00a0\u00bb subject=\u00a0\u00bbCondol\u00e9ances Andr\u00e9as Ste-Marie\u00a0\u00bb][contact-field label=\u00a0\u00bbVotre nom\u00a0\u00bb type=\u00a0\u00bbname\u00a0\u00bb required=\u00a0\u00bb1&Prime;][contact-field label=\u00a0\u00bbVotre courriel\u00a0\u00bb type=\u00a0\u00bbemail\u00a0\u00bb required=\u00a0\u00bb1&Prime;][contact-field label=\u00a0\u00bbCondol\u00e9ances\u00a0\u00bb type=\u00a0\u00bbtextarea\u00a0\u00bb][\/contact-form]<\/p>\n","protected":false},"featured_media":64786,"template":"","event_cat":[6],"class_list":["post-64730","event","type-event","status-publish","has-post-thumbnail","hentry","event_cat-maison-mallet-et-fils-inc"],"_links":{"self":[{"href":"https:\/\/nouveau.maisonmallet.com\/back05_01\/index.php?rest_route=\/wp\/v2\/event\/64730","targetHints":{"allow":["GET"]}}],"collection":[{"href":"https:\/\/nouveau.maisonmallet.com\/back05_01\/index.php?rest_route=\/wp\/v2\/event"}],"about":[{"href":"https:\/\/nouveau.maisonmallet.com\/back05_01\/index.php?rest_route=\/wp\/v2\/types\/event"}],"wp:featuredmedia":[{"embeddable":true,"href":"https:\/\/nouveau.maisonmallet.com\/back05_01\/index.php?rest_route=\/wp\/v2\/media\/64786"}],"wp:attachment":[{"href":"https:\/\/nouveau.maisonmallet.com\/back05_01\/index.php?rest_route=%2Fwp%2Fv2%2Fmedia&parent=64730"}],"wp:term":[{"taxonomy":"event_cat","embeddable":true,"href":"https:\/\/nouveau.maisonmallet.com\/back05_01\/index.php?rest_route=%2Fwp%2Fv2%2Fevent_cat&post=64730"}],"curies":[{"name":"wp","href":"https:\/\/api.w.org\/{rel}","templated":true}]}}