{"id":65180,"date":"2025-05-20T16:32:51","date_gmt":"2025-05-20T20:32:51","guid":{"rendered":"https:\/\/nouveau.maisonmallet.com\/?post_type=event&#038;p=65180"},"modified":"2025-07-05T10:05:26","modified_gmt":"2025-07-05T14:05:26","slug":"raymond-jacques","status":"publish","type":"event","link":"https:\/\/nouveau.maisonmallet.com\/back05_01\/?event=raymond-jacques","title":{"rendered":"RAYMOND, Jacques"},"content":{"rendered":"<p>Le Complexe Thanatologique Mallet &amp; fils a le regret de vous annoncer le d\u00e9c\u00e8s de<\/p>\n<p>Jacques Raymond<\/p>\n<p>1935 \u2013 2025<\/p>\n<p>&nbsp;<\/p>\n<p>\u00c0 Sept-\u00celes (r\u00e9sidence Gustave Gauvreau), le 20 mai 2025, est d\u00e9c\u00e9d\u00e9 \u00e0 l\u2019\u00e2ge de 89 ans, monsieur Jacques Raymond fils de feu Ad\u00e9lard Raymond et de feu C\u00e9cile Chouinard domicili\u00e9 \u00e0 Sept-\u00celes.<\/p>\n<p>La c\u00e9r\u00e9monie comm\u00e9morative de monsieur Jacques Raymond aura lieu \u00e0 une date ult\u00e9rieure.<\/p>\n<p>Selon ses volont\u00e9s, il a \u00e9t\u00e9 confi\u00e9 au cr\u00e9matorium de la Maison Mallet &amp; fils pour cr\u00e9mation.<\/p>\n<p>Il laisse dans le deuil sa fille\u00a0: Nicole (Marcel Carbonneau), la m\u00e8re de sa fille Alice Desrosiers, ses petites-filles\u00a0: \u00c9milie (Jacques-Olivier Soucy) et Jade (Maxime Boisvert), son arri\u00e8re-petite-fille Sophia, son arri\u00e8re-petit-fils Charles ainsi que ses s\u0153urs\u00a0:\u00a0 Madeleine et Paulette (Mario Gauthier), ses belles-s\u0153urs, ses neveux, ses ni\u00e8ces et de nombreux amis.<\/p>\n<p>Il \u00e9tait le p\u00e8re de feu Suzie Raymond.<\/p>\n<p>La famille a confi\u00e9 les arrangements aux services professionnels de la Maison Mallet &amp; fils du 585 Boul. Laure \u00e0 Sept-\u00celes, maintenant reconnue Distinction et membre de la Corporation des Thanatologues du Qu\u00e9bec.<\/p>\n<p>Vous pouvez consulter cet avis de d\u00e9c\u00e8s sur le\u00a0: <a href=\"https:\/\/nouveau.maisonmallet.com\">www.maisonmallet.com<\/a><\/p>\n<p>Ceux et celles qui le d\u00e9sirent, peuvent y envoyer des messages de sympathie.<\/p>\n<p>&nbsp;<\/p>\n<hr \/>\n<p>Envoyer vos condol\u00e9ances<\/p>\n<p>[contact-form to=\u00a0\u00bbemijade@telus.net\u00a0\u00bb subject=\u00a0\u00bbCondol\u00e9ances Jacques Raymond\u00a0\u00bb][contact-field label=\u00a0\u00bbVotre nom\u00a0\u00bb type=\u00a0\u00bbname\u00a0\u00bb required=\u00a0\u00bb1&Prime;][contact-field label=\u00a0\u00bbVotre courriel\u00a0\u00bb type=\u00a0\u00bbemail\u00a0\u00bb required=\u00a0\u00bb1&Prime;][contact-field label=\u00a0\u00bbCondol\u00e9ances\u00a0\u00bb type=\u00a0\u00bbtextarea\u00a0\u00bb][\/contact-form]<\/p>\n","protected":false},"featured_media":65206,"template":"","event_cat":[6],"class_list":["post-65180","event","type-event","status-publish","has-post-thumbnail","hentry","event_cat-maison-mallet-et-fils-inc"],"_links":{"self":[{"href":"https:\/\/nouveau.maisonmallet.com\/back05_01\/index.php?rest_route=\/wp\/v2\/event\/65180","targetHints":{"allow":["GET"]}}],"collection":[{"href":"https:\/\/nouveau.maisonmallet.com\/back05_01\/index.php?rest_route=\/wp\/v2\/event"}],"about":[{"href":"https:\/\/nouveau.maisonmallet.com\/back05_01\/index.php?rest_route=\/wp\/v2\/types\/event"}],"wp:featuredmedia":[{"embeddable":true,"href":"https:\/\/nouveau.maisonmallet.com\/back05_01\/index.php?rest_route=\/wp\/v2\/media\/65206"}],"wp:attachment":[{"href":"https:\/\/nouveau.maisonmallet.com\/back05_01\/index.php?rest_route=%2Fwp%2Fv2%2Fmedia&parent=65180"}],"wp:term":[{"taxonomy":"event_cat","embeddable":true,"href":"https:\/\/nouveau.maisonmallet.com\/back05_01\/index.php?rest_route=%2Fwp%2Fv2%2Fevent_cat&post=65180"}],"curies":[{"name":"wp","href":"https:\/\/api.w.org\/{rel}","templated":true}]}}