{"id":65610,"date":"2024-12-22T16:25:25","date_gmt":"2024-12-22T21:25:25","guid":{"rendered":"https:\/\/nouveau.maisonmallet.com\/?post_type=event&#038;p=65610"},"modified":"2025-07-25T21:07:19","modified_gmt":"2025-07-26T01:07:19","slug":"cormier-carol","status":"publish","type":"event","link":"https:\/\/nouveau.maisonmallet.com\/back05_01\/?event=cormier-carol","title":{"rendered":"CORMIER, Carol"},"content":{"rendered":"<p>La Maison L.J.G. Mallet a le regret de vous annoncer le d\u00e9c\u00e8s de <\/p>\n<p>Carol Cormier<br \/>\n1954 \u2013 2024<\/p>\n<p>\u00c0 Sept-\u00celes, le 22 d\u00e9cembre 2024, est d\u00e9c\u00e9d\u00e9 \u00e0 l\u2019\u00e2ge de 70 ans monsieur Carol Cormier fils de feu Patrice Cormier et de feu Blandine Fournier domicili\u00e9 \u00e0 Sept-\u00celes.<\/p>\n<p>Les rituels fun\u00e9raires de monsieur Carol Cormier auront lieu le dimanche 20 juillet 2025 \u00e0 14 h au cimeti\u00e8re de Havre Saint-Pierre.<\/p>\n<p>Selon ses volont\u00e9s il a \u00e9t\u00e9 confi\u00e9 au cr\u00e9matorium de la Maison L.J.G. Mallet pour cr\u00e9mation. <\/p>\n<p>Il laisse dans le deuil ses s\u0153urs : France (Yves Charlebois) et Germaine (Paul Boudreau), son fr\u00e8re Cl\u00e9ment (Pauline Desmeules) ainsi que ses neveux, ses ni\u00e8ces, sa tante Anne Marie Fournier, ses cousins, ses cousines et de nombreux amis.<\/p>\n<p>Il \u00e9tait le fr\u00e8re de : feu Lise (Jacques Pelletier) et de feu Jean-Claude (Raymonde Cyr)<\/p>\n<p>La famille a confi\u00e9 les arrangements fun\u00e9raires aux services professionnels de la Maison L.J.G. Mallet du 1429, rue du Canot \u00e0 Havre-Saint-Pierre, maintenant reconnue Distinction et membre de la Corporation des Thanatologues du Qu\u00e9bec.<\/p>\n<p>Vous pouvez consulter cet avis de d\u00e9c\u00e8s, sur le site web \u00e0 l\u2019adresse  www.maisonmallet.com  <\/p>\n<p>Ceux et celles qui le d\u00e9sirent, peuvent y envoyer des messages de sympathie.<\/p>\n<p>[contact-form to=\u00a0\u00bbgermainecormier1165@hotmail.com\u00a0\u00bb subject=\u00a0\u00bbCondol\u00e9ances Carol Cormier\u00a0\u00bb][contact-field label=\u00a0\u00bbVotre nom\u00a0\u00bb type=\u00a0\u00bbname\u00a0\u00bb required=\u00a0\u00bb1&Prime;][contact-field label=\u00a0\u00bbVotre courriel\u00a0\u00bb type=\u00a0\u00bbemail\u00a0\u00bb required=\u00a0\u00bb1&Prime;][contact-field label=\u00a0\u00bbCondol\u00e9ances\u00a0\u00bb type=\u00a0\u00bbtextarea\u00a0\u00bb][\/contact-form]<\/p>\n","protected":false},"featured_media":65614,"template":"","event_cat":[],"class_list":["post-65610","event","type-event","status-publish","has-post-thumbnail","hentry"],"_links":{"self":[{"href":"https:\/\/nouveau.maisonmallet.com\/back05_01\/index.php?rest_route=\/wp\/v2\/event\/65610","targetHints":{"allow":["GET"]}}],"collection":[{"href":"https:\/\/nouveau.maisonmallet.com\/back05_01\/index.php?rest_route=\/wp\/v2\/event"}],"about":[{"href":"https:\/\/nouveau.maisonmallet.com\/back05_01\/index.php?rest_route=\/wp\/v2\/types\/event"}],"wp:featuredmedia":[{"embeddable":true,"href":"https:\/\/nouveau.maisonmallet.com\/back05_01\/index.php?rest_route=\/wp\/v2\/media\/65614"}],"wp:attachment":[{"href":"https:\/\/nouveau.maisonmallet.com\/back05_01\/index.php?rest_route=%2Fwp%2Fv2%2Fmedia&parent=65610"}],"wp:term":[{"taxonomy":"event_cat","embeddable":true,"href":"https:\/\/nouveau.maisonmallet.com\/back05_01\/index.php?rest_route=%2Fwp%2Fv2%2Fevent_cat&post=65610"}],"curies":[{"name":"wp","href":"https:\/\/api.w.org\/{rel}","templated":true}]}}