{"id":66199,"date":"2025-06-20T14:39:22","date_gmt":"2025-06-20T18:39:22","guid":{"rendered":"https:\/\/nouveau.maisonmallet.com\/?post_type=event&#038;p=66199"},"modified":"2025-07-25T21:01:30","modified_gmt":"2025-07-26T01:01:30","slug":"martin-jean-marie","status":"publish","type":"event","link":"https:\/\/nouveau.maisonmallet.com\/back05_01\/?event=martin-jean-marie","title":{"rendered":"MARTIN, Jean-Marie"},"content":{"rendered":"<p>Le Complexe Thanatologique Mallet &amp; fils a le regret de vous annoncer le d\u00e9c\u00e8s de<\/p>\n<p>Jean-Marie Martin<\/p>\n<p>1942 \u2013 2025<\/p>\n<p>&nbsp;<\/p>\n<p>\u00c0 Port-Cartier, le 20 juin 2025, est d\u00e9c\u00e9d\u00e9 \u00e0 l\u2019\u00e2ge de 82 ans, monsieur Jean-Marie Martin \u00e9poux de madame Marguerite Bezeau et domicili\u00e9 \u00e0 Port-Cartier.<\/p>\n<p>Les fun\u00e9railles de monsieur Jean-Marie Martin auront lieu le vendredi 18 juillet 2025 \u00e0 14 h en l\u2019\u00e9glise Sacr\u00e9-C\u0153ur situ\u00e9e au 38, rue Parent \u00e0 Port-Cartier et de l\u00e0 au cimeti\u00e8re de Port-Cartier.<\/p>\n<p>Selon ses volont\u00e9s, il a \u00e9t\u00e9 confi\u00e9 au cr\u00e9matorium de la Maison Mallet &amp; fils pour cr\u00e9mation.<\/p>\n<p>La famille re\u00e7oit parents et amis le jeudi 17 juillet 2025 de 19 h \u00e0 22 h. Le vendredi 18 juillet 2025 jour des fun\u00e9railles \u00e0 compter de 12 h 30 au Complexe Thanatologique Mallet &amp; fils du 57, route 138 \u00e0 Port-Cartier.<\/p>\n<p>Il laisse dans le deuil outre son \u00e9pouse madame Marguerite Bezeau ses fils\u00a0: Jo\u00ebl (Bianca Kenty) et Carl, ses petites-filles\u00a0: Myriam (Gabriel Henley) et Kassandra (Andy Levasseur), ses arri\u00e8re-petits-enfants\u00a0: Ryan, Alexi, Liam, Maverick, Ana\u00e8ve et Ma\u00efka, son fr\u00e8re Harmel (Nicole Niquet), sa s\u0153ur Carole (feu Mario St-Pierre)\u00a0ainsi que ses beaux-fr\u00e8res, ses belles-s\u0153urs, ses neveux, ses ni\u00e8ces, ses cousins, ses cousines et de nombreux ami(e)s.<\/p>\n<p>Il \u00e9tait le fr\u00e8re de feu Ren\u00e9 (Aline Pag\u00e9) et de feu Louise (feu Serge Tremblay).<\/p>\n<p>La famille a confi\u00e9 la direction des fun\u00e9railles aux services professionnels de la Maison Mallet &amp; fils du 57, route 138 \u00e0 Port-Cartier, maintenant reconnue Distinction et membre de la Corporation des Thanatologues du Qu\u00e9bec.<\/p>\n<p>Vous pouvez consulter cet avis de d\u00e9c\u00e8s, sur le\u00a0<a href=\"https:\/\/nouveau.maisonmallet.com\/\">www.maisonmallet.com<\/a><\/p>\n<p>Ceux et celles qui le d\u00e9sirent, peuvent y envoyer des messages de sympathie.<\/p>\n<p>&nbsp;<\/p>\n<hr \/>\n<p>Envoyer vos condol\u00e9ances<\/p>\n<p>[contact-form to=\u00a0\u00bbfrigomartin@hotmail.com\u00a0\u00bb subject=\u00a0\u00bbCondol\u00e9ances Jean-Marie Martin\u00a0\u00bb][contact-field label=\u00a0\u00bbVotre nom\u00a0\u00bb type=\u00a0\u00bbname\u00a0\u00bb required=\u00a0\u00bb1&Prime;][contact-field label=\u00a0\u00bbVotre courriel\u00a0\u00bb type=\u00a0\u00bbemail\u00a0\u00bb required=\u00a0\u00bb1&Prime;][contact-field label=\u00a0\u00bbCondol\u00e9ances\u00a0\u00bb type=\u00a0\u00bbtextarea\u00a0\u00bb][\/contact-form]<\/p>\n","protected":false},"featured_media":66216,"template":"","event_cat":[6],"class_list":["post-66199","event","type-event","status-publish","has-post-thumbnail","hentry","event_cat-maison-mallet-et-fils-inc"],"_links":{"self":[{"href":"https:\/\/nouveau.maisonmallet.com\/back05_01\/index.php?rest_route=\/wp\/v2\/event\/66199","targetHints":{"allow":["GET"]}}],"collection":[{"href":"https:\/\/nouveau.maisonmallet.com\/back05_01\/index.php?rest_route=\/wp\/v2\/event"}],"about":[{"href":"https:\/\/nouveau.maisonmallet.com\/back05_01\/index.php?rest_route=\/wp\/v2\/types\/event"}],"wp:featuredmedia":[{"embeddable":true,"href":"https:\/\/nouveau.maisonmallet.com\/back05_01\/index.php?rest_route=\/wp\/v2\/media\/66216"}],"wp:attachment":[{"href":"https:\/\/nouveau.maisonmallet.com\/back05_01\/index.php?rest_route=%2Fwp%2Fv2%2Fmedia&parent=66199"}],"wp:term":[{"taxonomy":"event_cat","embeddable":true,"href":"https:\/\/nouveau.maisonmallet.com\/back05_01\/index.php?rest_route=%2Fwp%2Fv2%2Fevent_cat&post=66199"}],"curies":[{"name":"wp","href":"https:\/\/api.w.org\/{rel}","templated":true}]}}