{"id":66473,"date":"2025-06-23T18:06:24","date_gmt":"2025-06-23T22:06:24","guid":{"rendered":"https:\/\/nouveau.maisonmallet.com\/?post_type=event&#038;p=66473"},"modified":"2025-07-25T20:57:15","modified_gmt":"2025-07-26T00:57:15","slug":"poliquin-lise","status":"publish","type":"event","link":"https:\/\/nouveau.maisonmallet.com\/back05_01\/?event=poliquin-lise","title":{"rendered":"POLIQUIN, Lise"},"content":{"rendered":"<p>Le Complexe Thanatologique Mallet &amp; fils a le regret de vous annoncer le d\u00e9c\u00e8s de<\/p>\n<p>Lise Poliquin<\/p>\n<p>1954 \u2013 2025<\/p>\n<p>&nbsp;<\/p>\n<p>\u00c0 Sept-\u00celes, le 23 juin 2025, est d\u00e9c\u00e9d\u00e9e \u00e0 l\u2019\u00e2ge de 70 ans, madame Lise Poliquin fille de feu Lucien Poliquin et de feu Isabelle Ducheneau domicili\u00e9e \u00e0 Port-Cartier.<\/p>\n<p>Les fun\u00e9railles de madame Lise Poliquin auront lieu le vendredi 18 juillet 2025 \u00e0 16 h 30 en l\u2019\u00e9glise Sacr\u00e9-C\u0153ur situ\u00e9e au 38, rue Parent \u00e0 Port-Cartier.<\/p>\n<p>Selon ses volont\u00e9s, elle a \u00e9t\u00e9 confi\u00e9e au cr\u00e9matorium de la Maison Mallet &amp; fils pour cr\u00e9mation.<\/p>\n<p>Elle laisse dans le deuil son fils R\u00e9jean (Audrey), ses petits-enfants\u00a0: Gabriel B, May-Louann, Ethan et Gabriel P, son filleul St\u00e9phane Poliquin, ses fr\u00e8res, ses s\u0153urs ainsi que ses beaux-fr\u00e8res, ses belles-s\u0153urs, ses neveux, ses ni\u00e8ces, ses cousins, ses cousines et de nombreux ami(e)s.<\/p>\n<p>La famille a confi\u00e9 les arrangements aux services professionnels de la Maison Mallet &amp; fils du 57, route 138 \u00e0 Port-Cartier, maintenant reconnue Distinction et membre de la Corporation des Thanatologues du Qu\u00e9bec.<\/p>\n<p>Vous pouvez consulter cet avis de d\u00e9c\u00e8s, sur le <a href=\"https:\/\/nouveau.maisonmallet.com\">www.maisonmallet.com<\/a><\/p>\n<p>Ceux et celles qui le d\u00e9sirent, peuvent y envoyer des messages de sympathie.<\/p>\n<p>&nbsp;<\/p>\n<hr \/>\n<p>Envoyer vos condol\u00e9ances<\/p>\n<p>[contact-form to=\u00a0\u00bbrejeanboudreault1@hotmail.com\u00a0\u00bb subject=\u00a0\u00bbCondol\u00e9ances Lise Poliquin\u00a0\u00bb][contact-field label=\u00a0\u00bbVotre nom\u00a0\u00bb type=\u00a0\u00bbname\u00a0\u00bb required=\u00a0\u00bb1&Prime;][contact-field label=\u00a0\u00bbVotre courriel\u00a0\u00bb type=\u00a0\u00bbemail\u00a0\u00bb required=\u00a0\u00bb1&Prime;][contact-field label=\u00a0\u00bbCondol\u00e9ances\u00a0\u00bb type=\u00a0\u00bbtextarea\u00a0\u00bb][\/contact-form]<\/p>\n","protected":false},"featured_media":66482,"template":"","event_cat":[6],"class_list":["post-66473","event","type-event","status-publish","has-post-thumbnail","hentry","event_cat-maison-mallet-et-fils-inc"],"_links":{"self":[{"href":"https:\/\/nouveau.maisonmallet.com\/back05_01\/index.php?rest_route=\/wp\/v2\/event\/66473","targetHints":{"allow":["GET"]}}],"collection":[{"href":"https:\/\/nouveau.maisonmallet.com\/back05_01\/index.php?rest_route=\/wp\/v2\/event"}],"about":[{"href":"https:\/\/nouveau.maisonmallet.com\/back05_01\/index.php?rest_route=\/wp\/v2\/types\/event"}],"wp:featuredmedia":[{"embeddable":true,"href":"https:\/\/nouveau.maisonmallet.com\/back05_01\/index.php?rest_route=\/wp\/v2\/media\/66482"}],"wp:attachment":[{"href":"https:\/\/nouveau.maisonmallet.com\/back05_01\/index.php?rest_route=%2Fwp%2Fv2%2Fmedia&parent=66473"}],"wp:term":[{"taxonomy":"event_cat","embeddable":true,"href":"https:\/\/nouveau.maisonmallet.com\/back05_01\/index.php?rest_route=%2Fwp%2Fv2%2Fevent_cat&post=66473"}],"curies":[{"name":"wp","href":"https:\/\/api.w.org\/{rel}","templated":true}]}}