{"id":6688,"date":"2019-11-10T09:48:06","date_gmt":"2019-11-10T14:48:06","guid":{"rendered":"https:\/\/nouveau.maisonmallet.com\/?post_type=event&#038;p=6688"},"modified":"2019-11-14T15:41:45","modified_gmt":"2019-11-14T20:41:45","slug":"bellefleur-jacinthe","status":"publish","type":"event","link":"https:\/\/nouveau.maisonmallet.com\/back05_01\/?event=bellefleur-jacinthe","title":{"rendered":"BELLEFLEUR, Jacinthe"},"content":{"rendered":"<p>1973 \u2013 2019<\/p>\n<p>BELLEFLEUR, Jacinthe<\/p>\n<p>&nbsp;<\/p>\n<p>\u00c0 Nutakuan, le 10 novembre 2019, est d\u00e9c\u00e9d\u00e9e l\u2019\u00e2ge de 46 ans, madame Jacinthe Bellefleur fille de Jean-Baptiste Bellefleur et de feue Th\u00e9r\u00e8se-Adela\u00efde Mallec domicili\u00e9e \u00e0 La Romaine.<\/p>\n<p>Les fun\u00e9railles de madame Jacinthe Bellefleur auront lieu le lundi 18 novembre 2019 \u00e0 10 h en l\u2019\u00e9glise Marie-Reine-des-Indiens \u00e0 La Romaine et de l\u00e0 au cimeti\u00e8re de l\u2019endroit.<\/p>\n<p>La famille re\u00e7oit parents et amis le vendredi 15 novembre 2019 \u00e0 compter de 13 h au 33, rue Paushtuk \u00e0 La Romaine.<\/p>\n<p>Elle laisse dans le deuil son p\u00e8re monsieur Jean-Baptiste Bellefleur, ses s\u0153urs\u00a0: Yvette (Julien Pietacho) et Nathalie (Charles Ishpatau), ses fr\u00e8res\u00a0: Gilles (Aline Bellefleur) et Joel (Diane Lalo), son ami Sylvio R\u00e9gis (ses enfants) ainsi que ses neveux, ses ni\u00e8ces, ses oncles, ses tantes, ses cousins, ses cousines et de nombreux ami(e)s.<\/p>\n<p>La famille a confi\u00e9 les arrangements aux services professionnels de la Maison Mallet &amp; fils du 585, boul. Laure \u00e0 Sept-\u00celes, maintenant reconnue Distinction et membre de la Corporation des Thanatologues du Qu\u00e9bec.<\/p>\n<p>Vous pouvez consulter cet avis de d\u00e9c\u00e8s, sur le <a href=\"https:\/\/nouveau.maisonmallet.com\/back05_01\/\">www.maisonmallet.com<\/a><\/p>\n<p>Ceux et celles qui le d\u00e9sirent, peuvent y envoyer des messages de sympathie.<\/p>\n<p>&nbsp;<\/p>\n<hr \/>\n<p>Envoyer vos condol\u00e9ances<\/p>\n<p>[contact-form to=\u00a0\u00bbnathbellefleur@gmail.com\u00a0\u00bb subject=\u00a0\u00bbCondol\u00e9ances Jacinthe Bellefleur\u00a0\u00bb][contact-field label=\u00a0\u00bbVotre nom\u00a0\u00bb type=\u00a0\u00bbname\u00a0\u00bb required=\u00a0\u00bb1&Prime;][contact-field label=\u00a0\u00bbVotre courriel\u00a0\u00bb type=\u00a0\u00bbemail\u00a0\u00bb required=\u00a0\u00bb1&Prime;][contact-field label=\u00a0\u00bbCondol\u00e9ances\u00a0\u00bb type=\u00a0\u00bbtextarea\u00a0\u00bb][\/contact-form]<\/p>\n","protected":false},"featured_media":6712,"template":"","event_cat":[6],"class_list":["post-6688","event","type-event","status-publish","has-post-thumbnail","hentry","event_cat-maison-mallet-et-fils-inc"],"_links":{"self":[{"href":"https:\/\/nouveau.maisonmallet.com\/back05_01\/index.php?rest_route=\/wp\/v2\/event\/6688","targetHints":{"allow":["GET"]}}],"collection":[{"href":"https:\/\/nouveau.maisonmallet.com\/back05_01\/index.php?rest_route=\/wp\/v2\/event"}],"about":[{"href":"https:\/\/nouveau.maisonmallet.com\/back05_01\/index.php?rest_route=\/wp\/v2\/types\/event"}],"wp:featuredmedia":[{"embeddable":true,"href":"https:\/\/nouveau.maisonmallet.com\/back05_01\/index.php?rest_route=\/wp\/v2\/media\/6712"}],"wp:attachment":[{"href":"https:\/\/nouveau.maisonmallet.com\/back05_01\/index.php?rest_route=%2Fwp%2Fv2%2Fmedia&parent=6688"}],"wp:term":[{"taxonomy":"event_cat","embeddable":true,"href":"https:\/\/nouveau.maisonmallet.com\/back05_01\/index.php?rest_route=%2Fwp%2Fv2%2Fevent_cat&post=6688"}],"curies":[{"name":"wp","href":"https:\/\/api.w.org\/{rel}","templated":true}]}}