{"id":67490,"date":"2025-08-14T14:03:01","date_gmt":"2025-08-14T18:03:01","guid":{"rendered":"https:\/\/nouveau.maisonmallet.com\/?post_type=event&#038;p=67490"},"modified":"2025-09-26T21:34:55","modified_gmt":"2025-09-27T01:34:55","slug":"vigneault-emma-2","status":"publish","type":"event","link":"https:\/\/nouveau.maisonmallet.com\/back05_01\/?event=vigneault-emma-2","title":{"rendered":"VIGNEAULT, Emma"},"content":{"rendered":"<p>Le Complexe Thanatologique Mallet &#038; fils a le regret de vous annoncer le d\u00e9c\u00e8s de<\/p>\n<p>Emma Vigneault<br \/>\n1929 &#8211; 2025<\/p>\n<p>\u00c0 Sept-\u00celes (maison L\u2019\u00c9lyme des sables), le 14 ao\u00fbt 2025, est d\u00e9c\u00e9d\u00e9e \u00e0 l\u2019\u00e2ge de 96 ans, madame Emma Vigneault \u00e9pouse de feu Magloire Cummings et domicili\u00e9e \u00e0 Sept-\u00celes.<\/p>\n<p>Les fun\u00e9railles de madame Emma Vigneault auront lieu le vendredi 22 ao\u00fbt 2025 \u00e0 10 h en l\u2019\u00e9glise St-Joseph situ\u00e9e au 535, ave. Brochu \u00e0 Sept-\u00celes et de l\u00e0 au cimeti\u00e8re de l\u2019endroit.  <\/p>\n<p>Selon ses volont\u00e9s, elle a \u00e9t\u00e9 confi\u00e9e au cr\u00e9matorium de la Maison Mallet &#038; fils pour cr\u00e9mation.<\/p>\n<p>La famille re\u00e7oit parents et amis le jeudi 21 ao\u00fbt 2025 de 19 h \u00e0 21 h. Le vendredi 22 ao\u00fbt 2025, jour des fun\u00e9railles, \u00e0 compter de 8 h 30 au Complexe Thanatologique Mallet &#038; fils du 585, boul. Laure \u00e0 Sept-\u00celes.<\/p>\n<p>Elle laisse dans le deuil ses enfants : Th\u00e9r\u00e8se (Francine Vibert, ses enfants), Monique, R\u00e9jean (Isabelle Parent) et Diane (R\u00e9nald Bordage, ses enfants), ses petits-enfants, ses arri\u00e8re-arri\u00e8re-petits-enfants, sa s\u0153ur Alice, ses fr\u00e8res : Gontrand, L\u00e9on (Rosie Guillemette) et Alexandre (Edith Landry) ainsi que son beau-fr\u00e8re Roland Arseneault, ses neveux, ses ni\u00e8ces, ses cousins, ses cousines et ses ami(e)s.<\/p>\n<p>Elle \u00e9tait la m\u00e8re d\u2019un petit ange parti trop t\u00f4t, feu Jean-Yves Cummings (Lise Rivard).<\/p>\n<p>Vos marques de sympathie peuvent se traduire par un don \u00e0 l\u2019\u00c9lyme des sables www.elymedessables.com<\/p>\n<p>La famille a confi\u00e9 la direction des fun\u00e9railles aux services professionnels de la Maison Mallet &#038; fils du 585, boul. Laure \u00e0 Sept-\u00celes, maintenant reconnue Distinction et membre de la Corporation des Thanatologues du Qu\u00e9bec.<\/p>\n<p>Vous pouvez consulter cet avis de d\u00e9c\u00e8s sur le www.maisonmallet.com<\/p>\n<p>Ceux et celles qui le d\u00e9sirent, peuvent y envoyer des messages de sympathies.<\/p>\n<p>[contact-form to=\u00a0\u00bbmarc@maisonmallet.com\u00a0\u00bb subject=\u00a0\u00bbCondol\u00e9ances Emma Vigneault\u00a0\u00bb][contact-field label=\u00a0\u00bbVotre nom\u00a0\u00bb type=\u00a0\u00bbname\u00a0\u00bb required=\u00a0\u00bb1&Prime;][contact-field label=\u00a0\u00bbVotre courriel\u00a0\u00bb type=\u00a0\u00bbemail\u00a0\u00bb required=\u00a0\u00bb1&Prime;][contact-field label=\u00a0\u00bbCondol\u00e9ances\u00a0\u00bb type=\u00a0\u00bbtextarea\u00a0\u00bb][\/contact-form]<\/p>\n","protected":false},"featured_media":67333,"template":"","event_cat":[6],"class_list":["post-67490","event","type-event","status-publish","has-post-thumbnail","hentry","event_cat-maison-mallet-et-fils-inc"],"_links":{"self":[{"href":"https:\/\/nouveau.maisonmallet.com\/back05_01\/index.php?rest_route=\/wp\/v2\/event\/67490","targetHints":{"allow":["GET"]}}],"collection":[{"href":"https:\/\/nouveau.maisonmallet.com\/back05_01\/index.php?rest_route=\/wp\/v2\/event"}],"about":[{"href":"https:\/\/nouveau.maisonmallet.com\/back05_01\/index.php?rest_route=\/wp\/v2\/types\/event"}],"wp:featuredmedia":[{"embeddable":true,"href":"https:\/\/nouveau.maisonmallet.com\/back05_01\/index.php?rest_route=\/wp\/v2\/media\/67333"}],"wp:attachment":[{"href":"https:\/\/nouveau.maisonmallet.com\/back05_01\/index.php?rest_route=%2Fwp%2Fv2%2Fmedia&parent=67490"}],"wp:term":[{"taxonomy":"event_cat","embeddable":true,"href":"https:\/\/nouveau.maisonmallet.com\/back05_01\/index.php?rest_route=%2Fwp%2Fv2%2Fevent_cat&post=67490"}],"curies":[{"name":"wp","href":"https:\/\/api.w.org\/{rel}","templated":true}]}}