{"id":67676,"date":"2025-08-07T16:02:07","date_gmt":"2025-08-07T20:02:07","guid":{"rendered":"https:\/\/nouveau.maisonmallet.com\/?post_type=event&#038;p=67676"},"modified":"2025-09-26T21:33:38","modified_gmt":"2025-09-27T01:33:38","slug":"bond-jean-guy","status":"publish","type":"event","link":"https:\/\/nouveau.maisonmallet.com\/back05_01\/?event=bond-jean-guy","title":{"rendered":"BOND, Jean-Guy"},"content":{"rendered":"<p>La Maison L.J.G. Mallet a le regret de vous annoncer le d\u00e9c\u00e8s de<\/p>\n<p>Jean-Guy Bond<br \/>\n1943 \u2013 2025<\/p>\n<p>\u00c0 Sept-\u00celes, le 7 ao\u00fbt 2025, est d\u00e9c\u00e9d\u00e9 \u00e0 l\u2019\u00e2ge de 82 ans, monsieur Jean-Guy Bond fils de feu Albert Bond et de feu Arth\u00e9mise Vaillancourt domicili\u00e9 \u00e0 Saint-Jacques.   <\/p>\n<p>Les rituelles fun\u00e9raires de monsieur Jean-Guy Bond auront lieu en toute intimit\u00e9 au cimeti\u00e8re de Longue-pointe-de-Mingan. <\/p>\n<p>Selon ses volont\u00e9s, il a \u00e9t\u00e9 confi\u00e9 au cr\u00e9matorium de la maison L.J.G. Mallet pour cr\u00e9mation. <\/p>\n<p>Il laisse dans le deuil sa fille Kathy, ses petits-fils : Steven et Keeven ainsi que ses beaux-fr\u00e8res, ses belles-s\u0153urs, ses neveux, ses ni\u00e8ces, ses cousins, ses cousines et de nombreux ami(e)s.  <\/p>\n<p>La famille a confi\u00e9 les arrangements aux services professionnels de la Maison L.J.G. Mallet du 1429, rue du Canot \u00e0 Havre-Saint-Pierre, maintenant reconnue Distinction et membre de la Corporation des Thanatologues du Qu\u00e9bec.<\/p>\n<p>Vous pouvez consulter cet avis de d\u00e9c\u00e8s, sur le www.maisonmallet.com<\/p>\n<p>Ceux et celles qui le d\u00e9sirent, peuvent y envoyer des messages de sympathie.<\/p>\n<p>[contact-form to=\u00a0\u00bbbondkathy82@gmail.com,marc@maisonmallet.com\u00a0\u00bb subject=\u00a0\u00bbCondol\u00e9ances Jean-Guy Bond\u00a0\u00bb][contact-field label=\u00a0\u00bbVotre nom\u00a0\u00bb type=\u00a0\u00bbname\u00a0\u00bb required=\u00a0\u00bb1&Prime;][contact-field label=\u00a0\u00bbVotre courriel\u00a0\u00bb type=\u00a0\u00bbemail\u00a0\u00bb required=\u00a0\u00bb1&Prime;][contact-field label=\u00a0\u00bbCondol\u00e9ances\u00a0\u00bb type=\u00a0\u00bbtextarea\u00a0\u00bb][\/contact-form]<\/p>\n","protected":false},"featured_media":67681,"template":"","event_cat":[6],"class_list":["post-67676","event","type-event","status-publish","has-post-thumbnail","hentry","event_cat-maison-mallet-et-fils-inc"],"_links":{"self":[{"href":"https:\/\/nouveau.maisonmallet.com\/back05_01\/index.php?rest_route=\/wp\/v2\/event\/67676","targetHints":{"allow":["GET"]}}],"collection":[{"href":"https:\/\/nouveau.maisonmallet.com\/back05_01\/index.php?rest_route=\/wp\/v2\/event"}],"about":[{"href":"https:\/\/nouveau.maisonmallet.com\/back05_01\/index.php?rest_route=\/wp\/v2\/types\/event"}],"wp:featuredmedia":[{"embeddable":true,"href":"https:\/\/nouveau.maisonmallet.com\/back05_01\/index.php?rest_route=\/wp\/v2\/media\/67681"}],"wp:attachment":[{"href":"https:\/\/nouveau.maisonmallet.com\/back05_01\/index.php?rest_route=%2Fwp%2Fv2%2Fmedia&parent=67676"}],"wp:term":[{"taxonomy":"event_cat","embeddable":true,"href":"https:\/\/nouveau.maisonmallet.com\/back05_01\/index.php?rest_route=%2Fwp%2Fv2%2Fevent_cat&post=67676"}],"curies":[{"name":"wp","href":"https:\/\/api.w.org\/{rel}","templated":true}]}}