{"id":68269,"date":"2025-10-01T17:46:35","date_gmt":"2025-10-01T21:46:35","guid":{"rendered":"https:\/\/nouveau.maisonmallet.com\/?post_type=event&#038;p=68269"},"modified":"2025-10-01T17:46:35","modified_gmt":"2025-10-01T21:46:35","slug":"vigneault-marie","status":"publish","type":"event","link":"https:\/\/nouveau.maisonmallet.com\/back05_01\/?event=vigneault-marie","title":{"rendered":"VIGNEAULT, Marie"},"content":{"rendered":"<p>La Maison L.J.G. Mallet a le regret de vous annoncer le d\u00e9c\u00e8s de<\/p>\n<p>Marie Vigneault<br \/>\n1958 \u2013 2025<\/p>\n<p>\u00c0 Havre Saint-Pierre, le 30 septembre 2025, est d\u00e9c\u00e9d\u00e9e \u00e0 l\u2019\u00e2ge de 67 ans, madame Marie Vigneault \u00e9pouse de monsieur Cl\u00e9ment Cormier et domicili\u00e9e \u00e0 Havre Saint-Pierre. <\/p>\n<p>Les fun\u00e9railles de madame Marie Vigneault auront lieu le lundi 6 octobre 2025 \u00e0 11 h en l\u2019\u00e9glise St-Pierre situ\u00e9e au 742, rue Bor\u00e9ale \u00e0 Havre St-Pierre et de l\u00e0 au cimeti\u00e8re de Havre Saint-Pierre.<\/p>\n<p>Selon ses volont\u00e9s, elle a \u00e9t\u00e9 confi\u00e9e au cr\u00e9matorium de la maison L.J.G. Mallet pour cr\u00e9mation.<\/p>\n<p>La famille re\u00e7oit parents et amis le lundi 6 octobre 2025 de 10 h \u00e0 11 h \u00e0 l\u2019\u00e9glise St-Pierre situ\u00e9e au 742, rue Bor\u00e9ale \u00e0 Havre Saint-Pierre.  <\/p>\n<p>Elle laisse dans le deuil outre son \u00e9poux monsieur Cl\u00e9ment Cormier, ses filles : Annie (Charles Cloutier) et Marie-Jos\u00e9e (Alexandre Pineault), ses petites-filles : Anabelle, Rapha\u00eblle, Ellie et Mila ainsi que ses fr\u00e8res, ses s\u0153urs, ses beaux-fr\u00e8res, ses belles-s\u0153urs, ses neveux, ses ni\u00e8ces, ses oncles, ses tantes, ses cousines et de nombreux ami(e)s.<\/p>\n<p>La famille a confi\u00e9 la direction des fun\u00e9railles aux services professionnels de la Maison L.J.G. Mallet du 1429, rue du Canot \u00e0 Havre-St-Pierre, membre de la Corporation des thanatologues du Qu\u00e9bec.<\/p>\n<p>Vous pouvez consulter cet avis de d\u00e9c\u00e8s, sur le site www.maisonmallet.com <\/p>\n<p>Ceux et celles qui le d\u00e9sirent, peuvent y envoyer des messages de sympathie.<\/p>\n<p>[contact-form to=\u00a0\u00bbmustang.gt26@hotmail.com\u00a0\u00bb subject=\u00a0\u00bbCondol\u00e9ances Marie Vigneault\u00a0\u00bb][contact-field label=\u00a0\u00bbVotre nom\u00a0\u00bb type=\u00a0\u00bbname\u00a0\u00bb required=\u00a0\u00bb1&Prime;][contact-field label=\u00a0\u00bbVotre courriel\u00a0\u00bb type=\u00a0\u00bbemail\u00a0\u00bb required=\u00a0\u00bb1&Prime;][contact-field label=\u00a0\u00bbCondol\u00e9ances\u00a0\u00bb type=\u00a0\u00bbtextarea\u00a0\u00bb][\/contact-form]<\/p>\n","protected":false},"featured_media":68280,"template":"","event_cat":[7],"class_list":["post-68269","event","type-event","status-publish","has-post-thumbnail","hentry","event_cat-maison-l-j-g-mallet-inc"],"_links":{"self":[{"href":"https:\/\/nouveau.maisonmallet.com\/back05_01\/index.php?rest_route=\/wp\/v2\/event\/68269","targetHints":{"allow":["GET"]}}],"collection":[{"href":"https:\/\/nouveau.maisonmallet.com\/back05_01\/index.php?rest_route=\/wp\/v2\/event"}],"about":[{"href":"https:\/\/nouveau.maisonmallet.com\/back05_01\/index.php?rest_route=\/wp\/v2\/types\/event"}],"wp:featuredmedia":[{"embeddable":true,"href":"https:\/\/nouveau.maisonmallet.com\/back05_01\/index.php?rest_route=\/wp\/v2\/media\/68280"}],"wp:attachment":[{"href":"https:\/\/nouveau.maisonmallet.com\/back05_01\/index.php?rest_route=%2Fwp%2Fv2%2Fmedia&parent=68269"}],"wp:term":[{"taxonomy":"event_cat","embeddable":true,"href":"https:\/\/nouveau.maisonmallet.com\/back05_01\/index.php?rest_route=%2Fwp%2Fv2%2Fevent_cat&post=68269"}],"curies":[{"name":"wp","href":"https:\/\/api.w.org\/{rel}","templated":true}]}}