{"id":68443,"date":"2025-10-09T09:36:53","date_gmt":"2025-10-09T13:36:53","guid":{"rendered":"https:\/\/nouveau.maisonmallet.com\/?post_type=event&#038;p=68443"},"modified":"2025-10-11T12:01:18","modified_gmt":"2025-10-11T16:01:18","slug":"doyle-daniel","status":"publish","type":"event","link":"https:\/\/nouveau.maisonmallet.com\/back05_01\/?event=doyle-daniel","title":{"rendered":"DOYLE, Daniel"},"content":{"rendered":"<p>La Maison L.J.G. Mallet a le regret de vous annoncer le d\u00e9c\u00e8s de<\/p>\n<p>Daniel Doyle<br \/>\n1959 &#8211; 2025<\/p>\n<p>\u00c0 Montr\u00e9al, le 22 septembre 2025, est d\u00e9c\u00e9d\u00e9 \u00e0 l\u2019\u00e2ge de 66 ans et 6 mois, monsieur Daniel Doyle (Dan) fils de feu Simone Misson et de feu Roland Doyle domicili\u00e9 \u00e0 Montr\u00e9al.<\/p>\n<p>Selon ses volont\u00e9s, il n&rsquo;y aura aucune c\u00e9l\u00e9bration liturgique \u00e0 la suite de son d\u00e9part. Une mise en terre \u00e0 une date ult\u00e9rieure de ses cendres, vous sera communiqu\u00e9e selon les volont\u00e9s et le d\u00e9sir de sa famille.  <\/p>\n<p>Il laisse dans le deuil ses 2 s\u0153urs, ses 5 fr\u00e8res leurs conjoints (tes) respectifs ainsi que ses neveux, ses ni\u00e8ces, ses cousins, ses cousines et de nombreux amis.<\/p>\n<p>La famille a confi\u00e9 les arrangements aux services professionnels de la Maison L.J.G. Mallet du 1429, rue du Canot \u00e0 Havre-Saint-Pierre, maintenant reconnue Distinction et membre de la Corporation des Thanatologues du Qu\u00e9bec.<\/p>\n<p>Vous pouvez consulter cet avis de d\u00e9c\u00e8s sur le www.maisonmallet.com<\/p>\n<p>Ceux et celles qui le d\u00e9sirent, peuvent y envoyer des messages de sympathie.<\/p>\n<p>[contact-form to=\u00a0\u00bbdoyle.frank@gmail.com\u00a0\u00bb subject=\u00a0\u00bbCondol\u00e9ances Daniel Doyle\u00a0\u00bb][contact-field label=\u00a0\u00bbVotre nom\u00a0\u00bb type=\u00a0\u00bbname\u00a0\u00bb required=\u00a0\u00bb1&Prime;][contact-field label=\u00a0\u00bbVotre courriel\u00a0\u00bb type=\u00a0\u00bbemail\u00a0\u00bb required=\u00a0\u00bb1&Prime;][contact-field label=\u00a0\u00bbCondol\u00e9ances\u00a0\u00bb type=\u00a0\u00bbtextarea\u00a0\u00bb][\/contact-form]<\/p>\n","protected":false},"featured_media":68484,"template":"","event_cat":[7],"class_list":["post-68443","event","type-event","status-publish","has-post-thumbnail","hentry","event_cat-maison-l-j-g-mallet-inc"],"_links":{"self":[{"href":"https:\/\/nouveau.maisonmallet.com\/back05_01\/index.php?rest_route=\/wp\/v2\/event\/68443","targetHints":{"allow":["GET"]}}],"collection":[{"href":"https:\/\/nouveau.maisonmallet.com\/back05_01\/index.php?rest_route=\/wp\/v2\/event"}],"about":[{"href":"https:\/\/nouveau.maisonmallet.com\/back05_01\/index.php?rest_route=\/wp\/v2\/types\/event"}],"wp:featuredmedia":[{"embeddable":true,"href":"https:\/\/nouveau.maisonmallet.com\/back05_01\/index.php?rest_route=\/wp\/v2\/media\/68484"}],"wp:attachment":[{"href":"https:\/\/nouveau.maisonmallet.com\/back05_01\/index.php?rest_route=%2Fwp%2Fv2%2Fmedia&parent=68443"}],"wp:term":[{"taxonomy":"event_cat","embeddable":true,"href":"https:\/\/nouveau.maisonmallet.com\/back05_01\/index.php?rest_route=%2Fwp%2Fv2%2Fevent_cat&post=68443"}],"curies":[{"name":"wp","href":"https:\/\/api.w.org\/{rel}","templated":true}]}}