{"id":68924,"date":"2025-10-22T18:55:26","date_gmt":"2025-10-22T22:55:26","guid":{"rendered":"https:\/\/nouveau.maisonmallet.com\/?post_type=event&#038;p=68924"},"modified":"2026-01-31T16:22:31","modified_gmt":"2026-01-31T21:22:31","slug":"prevereau-alphonse","status":"publish","type":"event","link":"https:\/\/nouveau.maisonmallet.com\/back05_01\/?event=prevereau-alphonse","title":{"rendered":"PR\u00c9VEREAU, Alphonse"},"content":{"rendered":"<p>La Maison L.J.G. Mallet a le regret de vous annoncer le d\u00e9c\u00e8s de<\/p>\n<p>Alphonse Pr\u00e9vereau<br \/>\n1958 \u2013 2025<\/p>\n<p>\u00c0 Havre Saint-Pierre, le 22 octobre 2025, est d\u00e9c\u00e9d\u00e9 \u00e0 l\u2019\u00e2ge de 67 ans, monsieur Alphonse Pr\u00e9vereau fils de feu Gustave Pr\u00e9vereau et de feu Edith Vigneault domicili\u00e9 \u00e0 Havre Saint-Pierre. <\/p>\n<p>Les fun\u00e9railles de monsieur Alphonse Pr\u00e9vereau auront lieu le mercredi 29 octobre 2025 \u00e0 14 h en l\u2019\u00e9glise St-Pierre, situ\u00e9e au 742, rue Bor\u00e9ale \u00e0 Havre St-Pierre et de l\u00e0 au cimeti\u00e8re de Havre Saint-Pierre.<\/p>\n<p>Selon ses volont\u00e9s, il a \u00e9t\u00e9 confi\u00e9 au cr\u00e9matorium de la Maison L.J.G. Mallet pour cr\u00e9mation.<\/p>\n<p>La famille re\u00e7oit parents et amis le mercredi 29 octobre 2025 de 13 h \u00e0 14 h \u00e0 l\u2019\u00e9glise St-Pierre, situ\u00e9e au 742, rue Bor\u00e9ale \u00e0 Havre Saint-Pierre. <\/p>\n<p>Il laisse dans le deuil ses s\u0153urs : Rachel, Doroth\u00e9e, Madeleine (Jacques Barriault), Jocelyne, Diane (Bernard Guillemette) et Gemma (Daniel Lalibert\u00e9), son fr\u00e8re Rodrigue ainsi que ses neveux, ses ni\u00e8ces, ses oncles, ses tantes, ses cousins, ses cousines et de nombreux ami(e)s.<\/p>\n<p>Il \u00e9tait le fr\u00e8re de feu Marie et feu Jean-Louis.<\/p>\n<p>Vos marques de sympathie peuvent se traduire par un don au Centre de Sant\u00e9 de la Minganie. <\/p>\n<p>La famille a confi\u00e9 la direction des fun\u00e9railles aux services professionnels de la Maison L.J.G. Mallet du 1429, rue du Canot \u00e0 Havre St-Pierre, membre de la Corporation des thanatologues du Qu\u00e9bec.<\/p>\n<p>Vous pouvez consulter cet avis de d\u00e9c\u00e8s, sur le www.maisonmallet.com <\/p>\n<p>Ceux et celles qui le d\u00e9sirent, peuvent y envoyer des messages de sympathie.<\/p>\n<p>[contact-form to=\u00a0\u00bbprevereaujocelyne@gmail.com\u00a0\u00bb subject=\u00a0\u00bbCondol\u00e9ances Alphonse Pr\u00e9vereau\u00a0\u00bb][contact-field label=\u00a0\u00bbVotre nom\u00a0\u00bb type=\u00a0\u00bbname\u00a0\u00bb required=\u00a0\u00bb1&Prime;][contact-field label=\u00a0\u00bbVotre courriel\u00a0\u00bb type=\u00a0\u00bbemail\u00a0\u00bb required=\u00a0\u00bb1&Prime;][contact-field label=\u00a0\u00bbCondol\u00e9ances\u00a0\u00bb type=\u00a0\u00bbtextarea\u00a0\u00bb][\/contact-form]<\/p>\n","protected":false},"featured_media":68925,"template":"","event_cat":[7],"class_list":["post-68924","event","type-event","status-publish","has-post-thumbnail","hentry","event_cat-maison-l-j-g-mallet-inc"],"_links":{"self":[{"href":"https:\/\/nouveau.maisonmallet.com\/back05_01\/index.php?rest_route=\/wp\/v2\/event\/68924","targetHints":{"allow":["GET"]}}],"collection":[{"href":"https:\/\/nouveau.maisonmallet.com\/back05_01\/index.php?rest_route=\/wp\/v2\/event"}],"about":[{"href":"https:\/\/nouveau.maisonmallet.com\/back05_01\/index.php?rest_route=\/wp\/v2\/types\/event"}],"wp:featuredmedia":[{"embeddable":true,"href":"https:\/\/nouveau.maisonmallet.com\/back05_01\/index.php?rest_route=\/wp\/v2\/media\/68925"}],"wp:attachment":[{"href":"https:\/\/nouveau.maisonmallet.com\/back05_01\/index.php?rest_route=%2Fwp%2Fv2%2Fmedia&parent=68924"}],"wp:term":[{"taxonomy":"event_cat","embeddable":true,"href":"https:\/\/nouveau.maisonmallet.com\/back05_01\/index.php?rest_route=%2Fwp%2Fv2%2Fevent_cat&post=68924"}],"curies":[{"name":"wp","href":"https:\/\/api.w.org\/{rel}","templated":true}]}}