{"id":69282,"date":"2025-11-03T16:02:51","date_gmt":"2025-11-03T21:02:51","guid":{"rendered":"https:\/\/nouveau.maisonmallet.com\/?post_type=event&#038;p=69282"},"modified":"2026-01-31T16:15:31","modified_gmt":"2026-01-31T21:15:31","slug":"bergeron-gaetan","status":"publish","type":"event","link":"https:\/\/nouveau.maisonmallet.com\/back05_01\/?event=bergeron-gaetan","title":{"rendered":"BERGERON, Gaetan"},"content":{"rendered":"<p>Le Complexe Thanatologique Mallet &#038; fils a le regret de vous annoncer le d\u00e9c\u00e8s de<\/p>\n<p>Gaetan Bergeron<br \/>\n1937 \u2013 2025 <\/p>\n<p>\u00c0 Port-Cartier, le 3 novembre 2025, est d\u00e9c\u00e9d\u00e9 \u00e0 l\u2019\u00e2ge de 88 ans, monsieur Gaetan Bergeron \u00e9poux de madame Shirley Ann Muirhead et domicili\u00e9 \u00e0 Gallix.<\/p>\n<p>Les rituels fun\u00e9raires de monsieur Gaetan Bergeron seront c\u00e9l\u00e9br\u00e9 en toutes intimit\u00e9.  <\/p>\n<p>Selon ses volont\u00e9s, il a \u00e9t\u00e9 confi\u00e9 au cr\u00e9matorium de la Maison Mallet &#038; fils pour cr\u00e9mation.<\/p>\n<p>Il laisse dans le deuil outre son \u00e9pouse madame Shirley-Ann Muirhaed, son fils Dave, sa fille Carol (Mario Dignard), ses petits-fils : Fran\u00e7ois, Pascal et J\u00e9r\u00e9my (Thalia Beaulieu), sa petite-fille Saskia (Drew Simard), son arri\u00e8re-petite-fille Sophie, son arri\u00e8re-petit-fils Charles ainsi que ses beaux-fr\u00e8res, ses belles-s\u0153urs, ses neveux, ses ni\u00e8ces et de nombreux amis.<\/p>\n<p>La famille a confi\u00e9 les arrangements aux services professionnels de la Maison Mallet &#038; fils du 585 Boul. Laure \u00e0 Sept-\u00celes, maintenant reconnue Distinction et membre de la Corporation des Thanatologues du Qu\u00e9bec.<\/p>\n<p>Vous pouvez consulter cet avis de d\u00e9c\u00e8s sur le : www.maisonmallet.com  <\/p>\n<p>Ceux et celles qui le d\u00e9sirent, peuvent y envoyer des messages de sympathie.<\/p>\n<p>[contact-form to=\u00a0\u00bbmuirberg@aol.com,bergeron.carol@telus.net\u00a0\u00bb subject=\u00a0\u00bbCondol\u00e9ances Gaetan Bergeron\u00a0\u00bb][contact-field label=\u00a0\u00bbVotre nom\u00a0\u00bb type=\u00a0\u00bbname\u00a0\u00bb required=\u00a0\u00bb1&Prime;][contact-field label=\u00a0\u00bbVotre courriel\u00a0\u00bb type=\u00a0\u00bbemail\u00a0\u00bb required=\u00a0\u00bb1&Prime;][contact-field label=\u00a0\u00bbCondol\u00e9ances\u00a0\u00bb type=\u00a0\u00bbtextarea\u00a0\u00bb][\/contact-form]<\/p>\n","protected":false},"featured_media":69917,"template":"","event_cat":[6],"class_list":["post-69282","event","type-event","status-publish","has-post-thumbnail","hentry","event_cat-maison-mallet-et-fils-inc"],"_links":{"self":[{"href":"https:\/\/nouveau.maisonmallet.com\/back05_01\/index.php?rest_route=\/wp\/v2\/event\/69282","targetHints":{"allow":["GET"]}}],"collection":[{"href":"https:\/\/nouveau.maisonmallet.com\/back05_01\/index.php?rest_route=\/wp\/v2\/event"}],"about":[{"href":"https:\/\/nouveau.maisonmallet.com\/back05_01\/index.php?rest_route=\/wp\/v2\/types\/event"}],"wp:featuredmedia":[{"embeddable":true,"href":"https:\/\/nouveau.maisonmallet.com\/back05_01\/index.php?rest_route=\/wp\/v2\/media\/69917"}],"wp:attachment":[{"href":"https:\/\/nouveau.maisonmallet.com\/back05_01\/index.php?rest_route=%2Fwp%2Fv2%2Fmedia&parent=69282"}],"wp:term":[{"taxonomy":"event_cat","embeddable":true,"href":"https:\/\/nouveau.maisonmallet.com\/back05_01\/index.php?rest_route=%2Fwp%2Fv2%2Fevent_cat&post=69282"}],"curies":[{"name":"wp","href":"https:\/\/api.w.org\/{rel}","templated":true}]}}