{"id":69437,"date":"2025-10-30T16:36:48","date_gmt":"2025-10-30T20:36:48","guid":{"rendered":"https:\/\/nouveau.maisonmallet.com\/?post_type=event&#038;p=69437"},"modified":"2026-01-31T16:10:24","modified_gmt":"2026-01-31T21:10:24","slug":"michel-stanley-butch","status":"publish","type":"event","link":"https:\/\/nouveau.maisonmallet.com\/back05_01\/?event=michel-stanley-butch","title":{"rendered":"MICHEL, Stanley (Butch)"},"content":{"rendered":"<p>Le Complexe Thanatologique Mallet &#038; fils a le regret de vous annoncer le d\u00e9c\u00e8s de<\/p>\n<p>Stanley (Butch) Michel<br \/>\n1988 \u2013 2025<\/p>\n<p>\u00c0 Sept-\u00celes, le 30 octobre 2025, est d\u00e9c\u00e9d\u00e9 \u00e0 l\u2019\u00e2ge de 37 ans, Stanley (Butch) Michel conjoint de Nelly Vollant et domicili\u00e9 \u00e0 Mani-utenam.<\/p>\n<p>Les fun\u00e9railles de Stanley (Butch) Michel auront lieu le mercredi 12 novembre 2025 \u00e0 10 h en l\u2019\u00e9glise Notre-Dame du Cap situ\u00e9e au 139, rue de l\u2019\u00c9glise \u00e0 Mani-utenam et de l\u00e0 au cimeti\u00e8re de Mani-utenam.<\/p>\n<p>La famille re\u00e7oit parents et amis le lundi 10 novembre 2025 de 13 h \u00e0 16 h et de 19 h \u00e0 22 h. Le mardi 11 novembre de 13 h \u00e0 16 h et de 19 h \u00e0 22 h. Le mercredi 12 novembre 2025 jour des fun\u00e9railles \u00e0 compter de 8 h 30 \u00e0 l\u2019\u00e9glise Notre-Dame du Cap de Mani-utenam.<\/p>\n<p>Il laisse dans le deuil sa grand-m\u00e8re madame Yvette Michel (sa Kukum), sa conjointe Nelly Vollant (ses enfants Joannie et Andrick Rock Vollant), ses fr\u00e8res et ses s\u0153urs : Marco, Andrew (No\u00eblla), Julie (Jeremy), Daphn\u00e9e (Mashkuss), M\u00e9r\u00e9dith (Steven), Rosa, Patricia, Tristan, Tiesto, Roxanne et Sarah, sa m\u00e8re Karine Michel, son p\u00e8re Philippe Fontaine (Crystal), son parrain Fr\u00e9d\u00e9ric (Fripette) Fontaine, sa marraine Diane Vollant, sa belle-famille ainsi que ses oncles, ses tantes, ses cousins, ses cousines, ses neveux, ses ni\u00e8ces et de nombreux ami(e)s.<\/p>\n<p>La famille a confi\u00e9 la direction des fun\u00e9railles aux services professionnels de la Maison Mallet &#038; fils du 585, Boul. Laure \u00e0 Sept-\u00celes, maintenant reconnue Distinction et membre de la Corporation des Thanatologues du Qu\u00e9bec.<\/p>\n<p>Vous pouvez consulter cet avis de d\u00e9c\u00e8s sur le www.maisonmallet.com<\/p>\n<p>Ceux et celles qui le d\u00e9sirent, peuvent y envoyer des messages de condol\u00e9ances.<\/p>\n<p>[contact-form to=\u00a0\u00bbnellyvollant@gmail.com\u00a0\u00bb subject=\u00a0\u00bbCondol\u00e9ances Stanley (Butch) Michel\u00a0\u00bb][contact-field label=\u00a0\u00bbVotre nom\u00a0\u00bb type=\u00a0\u00bbname\u00a0\u00bb required=\u00a0\u00bb1&Prime;][contact-field label=\u00a0\u00bbVotre courriel\u00a0\u00bb type=\u00a0\u00bbemail\u00a0\u00bb required=\u00a0\u00bb1&Prime;][contact-field label=\u00a0\u00bbCondol\u00e9ances\u00a0\u00bb type=\u00a0\u00bbtextarea\u00a0\u00bb][\/contact-form]<\/p>\n","protected":false},"featured_media":69442,"template":"","event_cat":[6],"class_list":["post-69437","event","type-event","status-publish","has-post-thumbnail","hentry","event_cat-maison-mallet-et-fils-inc"],"_links":{"self":[{"href":"https:\/\/nouveau.maisonmallet.com\/back05_01\/index.php?rest_route=\/wp\/v2\/event\/69437","targetHints":{"allow":["GET"]}}],"collection":[{"href":"https:\/\/nouveau.maisonmallet.com\/back05_01\/index.php?rest_route=\/wp\/v2\/event"}],"about":[{"href":"https:\/\/nouveau.maisonmallet.com\/back05_01\/index.php?rest_route=\/wp\/v2\/types\/event"}],"wp:featuredmedia":[{"embeddable":true,"href":"https:\/\/nouveau.maisonmallet.com\/back05_01\/index.php?rest_route=\/wp\/v2\/media\/69442"}],"wp:attachment":[{"href":"https:\/\/nouveau.maisonmallet.com\/back05_01\/index.php?rest_route=%2Fwp%2Fv2%2Fmedia&parent=69437"}],"wp:term":[{"taxonomy":"event_cat","embeddable":true,"href":"https:\/\/nouveau.maisonmallet.com\/back05_01\/index.php?rest_route=%2Fwp%2Fv2%2Fevent_cat&post=69437"}],"curies":[{"name":"wp","href":"https:\/\/api.w.org\/{rel}","templated":true}]}}