{"id":69439,"date":"2025-11-06T16:55:15","date_gmt":"2025-11-06T21:55:15","guid":{"rendered":"https:\/\/nouveau.maisonmallet.com\/?post_type=event&#038;p=69439"},"modified":"2025-11-11T11:21:10","modified_gmt":"2025-11-11T16:21:10","slug":"labrecque-raymond","status":"publish","type":"event","link":"https:\/\/nouveau.maisonmallet.com\/back05_01\/?event=labrecque-raymond","title":{"rendered":"LABRECQUE, Raymond"},"content":{"rendered":"<p>Le Complexe Thanatologique Mallet &#038; fils a le regret de vous annoncer le d\u00e9c\u00e8s de<\/p>\n<p>Raymond Labrecque<br \/>\n1947 \u2013 2025<\/p>\n<p>\u00c0 Port-Cartier, le 6 novembre 2025, est d\u00e9c\u00e9d\u00e9 \u00e0 l\u2019\u00e2ge de 77 ans, monsieur Raymond Labrecque \u00e9poux de madame Marguerite Proulx et domicili\u00e9 \u00e0 Port-Cartier.<\/p>\n<p>La c\u00e9r\u00e9monie comm\u00e9morative de monsieur Raymond Labrecque aura lieu le dimanche 9 novembre 2025 \u00e0 15 h 45 au Complexe Thanatologique Mallet &#038; fils du 57, route 138 \u00e0 Port-Cartier. <\/p>\n<p>Selon ses volont\u00e9s, il a \u00e9t\u00e9 confi\u00e9 au cr\u00e9matorium de la Maison Mallet &#038; fils pour cr\u00e9mation.<\/p>\n<p>La famille re\u00e7oit parents et amis le dimanche 9 novembre 2025 de 13 h \u00e0 16 h au Complexe Thanatologique Mallet &#038; fils du 57, route 138 \u00e0 Port-Cartier.<\/p>\n<p>Il laisse dans le deuil outre son \u00e9pouse madame Marguerite Proulx, son fils Jo\u00ebl (Sheila Vadil Labrecque), ses petits-fils : \u00c9lie, Andr\u00e9, Josu\u00e9, Gabriel, sa petite-fille Anne ainsi que son fr\u00e8re Claude, ses s\u0153urs : Blanche, et Jacinthe, son beau-fr\u00e8re Yvon, ses belles-s\u0153urs : Janne-Mance (Ghislain Desrosiers) et Monique, ses neveux, ses ni\u00e8ces, ses cousins, ses cousines et de nombreux ami(e)s.<\/p>\n<p>La famille a confi\u00e9 les arrangements fun\u00e9raires aux services professionnels de la Maison Mallet &#038; fils du 57, route 138 \u00e0 Port-Cartier, maintenant reconnue Distinction et membre de la Corporation des Thanatologues du Qu\u00e9bec.<\/p>\n<p>Vous pouvez consulter cet avis de d\u00e9c\u00e8s, sur le www.maisonmallet.com<\/p>\n<p>Ceux et celles qui le d\u00e9sirent, peuvent y envoyer des messages de sympathie.<\/p>\n<p>[contact-form to=\u00a0\u00bbjoel_labrecque@yahoo.ca\u00a0\u00bb subject=\u00a0\u00bbCondol\u00e9ances Raymond Labrecque\u00a0\u00bb][contact-field label=\u00a0\u00bbVotre nom\u00a0\u00bb type=\u00a0\u00bbname\u00a0\u00bb required=\u00a0\u00bb1&Prime;][contact-field label=\u00a0\u00bbVotre courriel\u00a0\u00bb type=\u00a0\u00bbemail\u00a0\u00bb required=\u00a0\u00bb1&Prime;][contact-field label=\u00a0\u00bbCondol\u00e9ances\u00a0\u00bb type=\u00a0\u00bbtextarea\u00a0\u00bb][\/contact-form]<\/p>\n","protected":false},"featured_media":69425,"template":"","event_cat":[6],"class_list":["post-69439","event","type-event","status-publish","has-post-thumbnail","hentry","event_cat-maison-mallet-et-fils-inc"],"_links":{"self":[{"href":"https:\/\/nouveau.maisonmallet.com\/back05_01\/index.php?rest_route=\/wp\/v2\/event\/69439","targetHints":{"allow":["GET"]}}],"collection":[{"href":"https:\/\/nouveau.maisonmallet.com\/back05_01\/index.php?rest_route=\/wp\/v2\/event"}],"about":[{"href":"https:\/\/nouveau.maisonmallet.com\/back05_01\/index.php?rest_route=\/wp\/v2\/types\/event"}],"wp:featuredmedia":[{"embeddable":true,"href":"https:\/\/nouveau.maisonmallet.com\/back05_01\/index.php?rest_route=\/wp\/v2\/media\/69425"}],"wp:attachment":[{"href":"https:\/\/nouveau.maisonmallet.com\/back05_01\/index.php?rest_route=%2Fwp%2Fv2%2Fmedia&parent=69439"}],"wp:term":[{"taxonomy":"event_cat","embeddable":true,"href":"https:\/\/nouveau.maisonmallet.com\/back05_01\/index.php?rest_route=%2Fwp%2Fv2%2Fevent_cat&post=69439"}],"curies":[{"name":"wp","href":"https:\/\/api.w.org\/{rel}","templated":true}]}}