{"id":69690,"date":"2025-11-10T16:50:14","date_gmt":"2025-11-10T21:50:14","guid":{"rendered":"https:\/\/nouveau.maisonmallet.com\/?post_type=event&#038;p=69690"},"modified":"2026-01-31T16:03:25","modified_gmt":"2026-01-31T21:03:25","slug":"morin-denise","status":"publish","type":"event","link":"https:\/\/nouveau.maisonmallet.com\/back05_01\/?event=morin-denise","title":{"rendered":"MORIN, Denise"},"content":{"rendered":"<p>Le Complexe Thanatologique Mallet &#038; fils a le regret de vous annoncer le d\u00e9c\u00e8s de<\/p>\n<p>Denise Morin<br \/>\n1957 \u2013 2025<\/p>\n<p>\u00c0 Sept-\u00celes (maison \u00c9lyme des sables), le 10 novembre 2025, est d\u00e9c\u00e9d\u00e9e \u00e0 l\u2019\u00e2ge de 67 ans, madame Denise Morin fille de feu L\u00e9opold Morin et de feu Irma B\u00e9rub\u00e9 domicili\u00e9e \u00e0 Sept-\u00celes.<\/p>\n<p>Les fun\u00e9railles de madame Denise Morin auront lieu le vendredi 21 novembre 2025 \u00e0 10 h 30 en l&rsquo;\u00e9glise Baptiste de Sept-\u00celes situ\u00e9e au 233 rue Holliday \u00e0 Sept-Iles. <\/p>\n<p>Selon ses volont\u00e9s, elle a \u00e9t\u00e9 confi\u00e9e au cr\u00e9matorium de la Maison Mallet &#038; fils pour cr\u00e9mation.<\/p>\n<p>La famille re\u00e7oit parents et amis le jeudi 20 novembre 2025 de 19 h \u00e0 22 h. Le vendredi 21 novembre 2025 jour des fun\u00e9railles \u00e0 compter de 9 h au Complexe Thanatologique Mallet &#038; fils du 585 Boul. Laure \u00e0 Sept-\u00celes.<\/p>\n<p>Elle laisse dans le deuil ses fr\u00e8res et ses s\u0153urs : Andr\u00e9e, Marcel (Anne), Doroth\u00e9e (Ghislain), Claude (Fran\u00e7ois), Louise, Jacques (Monique), Antoine (Marcelle), Roger (Lucette), Diane (Dany), Anne (Remo) et Ren\u00e9 (Mich\u00e8le) ainsi que ses neveux, ses ni\u00e8ces et de nombreux ami(e)s.<\/p>\n<p>Vos marques de sympathie peuvent se traduire par un don \u00e0 l\u2019\u00c9lyme des sables www.elymedessables.com<\/p>\n<p>La famille a confi\u00e9 la direction des fun\u00e9railles aux services professionnels de la Maison Mallet &#038; fils du 585, Boul. Laure \u00e0 Sept-\u00celes, maintenant reconnue Distinction et membre de la Corporation des Thanatologues du Qu\u00e9bec.<\/p>\n<p>Vous pouvez consulter cet avis de d\u00e9c\u00e8s sur le : www.maisonmallet.com  <\/p>\n<p>Ceux et celles qui le d\u00e9sirent, peuvent y envoyer des messages de sympathie.<\/p>\n<p>[contact-form to=\u00a0\u00bbdiane_m14@icloud.com\u00a0\u00bb subject=\u00a0\u00bbCondol\u00e9ances Denise Morin\u00a0\u00bb][contact-field label=\u00a0\u00bbVotre nom\u00a0\u00bb type=\u00a0\u00bbname\u00a0\u00bb required=\u00a0\u00bb1&Prime;][contact-field label=\u00a0\u00bbVotre courriel\u00a0\u00bb type=\u00a0\u00bbemail\u00a0\u00bb required=\u00a0\u00bb1&Prime;][contact-field label=\u00a0\u00bbCondol\u00e9ances\u00a0\u00bb type=\u00a0\u00bbtextarea\u00a0\u00bb][\/contact-form]<\/p>\n","protected":false},"featured_media":69692,"template":"","event_cat":[6],"class_list":["post-69690","event","type-event","status-publish","has-post-thumbnail","hentry","event_cat-maison-mallet-et-fils-inc"],"_links":{"self":[{"href":"https:\/\/nouveau.maisonmallet.com\/back05_01\/index.php?rest_route=\/wp\/v2\/event\/69690","targetHints":{"allow":["GET"]}}],"collection":[{"href":"https:\/\/nouveau.maisonmallet.com\/back05_01\/index.php?rest_route=\/wp\/v2\/event"}],"about":[{"href":"https:\/\/nouveau.maisonmallet.com\/back05_01\/index.php?rest_route=\/wp\/v2\/types\/event"}],"wp:featuredmedia":[{"embeddable":true,"href":"https:\/\/nouveau.maisonmallet.com\/back05_01\/index.php?rest_route=\/wp\/v2\/media\/69692"}],"wp:attachment":[{"href":"https:\/\/nouveau.maisonmallet.com\/back05_01\/index.php?rest_route=%2Fwp%2Fv2%2Fmedia&parent=69690"}],"wp:term":[{"taxonomy":"event_cat","embeddable":true,"href":"https:\/\/nouveau.maisonmallet.com\/back05_01\/index.php?rest_route=%2Fwp%2Fv2%2Fevent_cat&post=69690"}],"curies":[{"name":"wp","href":"https:\/\/api.w.org\/{rel}","templated":true}]}}