{"id":6995,"date":"2019-11-23T21:09:49","date_gmt":"2019-11-24T02:09:49","guid":{"rendered":"https:\/\/nouveau.maisonmallet.com\/?post_type=event&#038;p=6995"},"modified":"2019-11-27T21:23:27","modified_gmt":"2019-11-28T02:23:27","slug":"carbonneau-jean-noel","status":"publish","type":"event","link":"https:\/\/nouveau.maisonmallet.com\/back05_01\/?event=carbonneau-jean-noel","title":{"rendered":"CARBONNEAU, Jean-No\u00ebl"},"content":{"rendered":"<p>1938 &#8211; 2019<\/p>\n<p>CARBONNEAU, Jean-No\u00ebl<\/p>\n<p>&nbsp;<\/p>\n<p>Au Centre de sant\u00e9 et des services sociaux de la Minganie, le 23\u00a0novembre 2019, est d\u00e9c\u00e9d\u00e9 \u00e0 l\u2019\u00e2ge de 80 ans, monsieur Jean-No\u00ebl Carbonneau conjoint de madame Jeannette Thibodeau et domicili\u00e9 \u00e0 Havre-Saint-Pierre.<\/p>\n<p>&nbsp;<\/p>\n<p>Les fun\u00e9railles de monsieur Jean-No\u00ebl Carbonneau auront lieu le samedi 30\u00a0novembre\u00a02019 \u00e0 11 h en l\u2019\u00e9glise Immacul\u00e9e Conception de Natashquan.<\/p>\n<p>&nbsp;<\/p>\n<p>Selon ses volont\u00e9s, il a \u00e9t\u00e9 confi\u00e9 au cr\u00e9matorium de la Maison L.J.G Mallet pour cr\u00e9mation.<\/p>\n<p>&nbsp;<\/p>\n<p>La famille re\u00e7oit parents et amis le samedi 30 novembre 2019 jour des fun\u00e9railles \u00e0 compter de 9 h \u00e0 l\u2019\u00e9glise Immacul\u00e9e Conception de Natashquan.<\/p>\n<p>&nbsp;<\/p>\n<p>Il laisse dans le deuil outre sa conjointe Jeannette Thibodeau, ses enfants\u00a0: Chantal, Jo\u00eblle (St\u00e9phane Bergeron), Marie-Claude (Michel Mckinnon) et R\u00e9mi (Alina Impe), ses petits-enfants\u00a0: Carole-Ann, Andr\u00e9a, Natalia, Marc-Andr\u00e9, Anthony et William, ainsi que ses fr\u00e8res, ses s\u0153urs, ses beaux-fr\u00e8res, ses belles-s\u0153urs, ses cousins, ses cousines, ses neveux, ses ni\u00e8ces et de nombreux amis.<\/p>\n<p>&nbsp;<\/p>\n<p>Il \u00e9tait le p\u00e8re de feu Michel Carbonneau et autrefois l`\u00e9poux de feue Hilda\u00a0Jennis.<\/p>\n<p>&nbsp;<\/p>\n<p>Vos marques de sympathie peuvent se traduire par un don au Centre de sant\u00e9 de la Minganie.<\/p>\n<p>&nbsp;<\/p>\n<p>La famille a confi\u00e9 les fun\u00e9railles aux services professionnels de la Maison L.J.G. Mallet du 1429, rue du Canot \u00e0 Havre-St-Pierre. Membre de la Corporation des thanatologues du Qu\u00e9bec.<\/p>\n<p>&nbsp;<\/p>\n<p>Vous pouvez consulter cet avis de d\u00e9c\u00e8s, sur le <a href=\"https:\/\/nouveau.maisonmallet.com\/back05_01\/\">www.maisonmallet.com<\/a><\/p>\n<p>&nbsp;<\/p>\n<p>Ceux et celles qui le d\u00e9sirent, peuvent y envoyer des messages de sympathie.<\/p>\n<p>&nbsp;<\/p>\n<p>&nbsp;<\/p>\n<p>&nbsp;<\/p>\n<hr \/>\n<p>Envoyer vos condol\u00e9ances<\/p>\n<p>[contact-form to=\u00a0\u00bbjennisscarbonneau@hotmail.com\u00a0\u00bb subject=\u00a0\u00bbCondol\u00e9ances Jean-No\u00ebl Carbonneau\u00a0\u00bb][contact-field label=\u00a0\u00bbVotre nom\u00a0\u00bb type=\u00a0\u00bbname\u00a0\u00bb required=\u00a0\u00bb1&Prime;][contact-field label=\u00a0\u00bbVotre courriel\u00a0\u00bb type=\u00a0\u00bbemail\u00a0\u00bb required=\u00a0\u00bb1&Prime;][contact-field label=\u00a0\u00bbCondol\u00e9ances\u00a0\u00bb type=\u00a0\u00bbtextarea\u00a0\u00bb][\/contact-form]<\/p>\n","protected":false},"featured_media":7075,"template":"","event_cat":[7],"class_list":["post-6995","event","type-event","status-publish","has-post-thumbnail","hentry","event_cat-maison-l-j-g-mallet-inc"],"_links":{"self":[{"href":"https:\/\/nouveau.maisonmallet.com\/back05_01\/index.php?rest_route=\/wp\/v2\/event\/6995","targetHints":{"allow":["GET"]}}],"collection":[{"href":"https:\/\/nouveau.maisonmallet.com\/back05_01\/index.php?rest_route=\/wp\/v2\/event"}],"about":[{"href":"https:\/\/nouveau.maisonmallet.com\/back05_01\/index.php?rest_route=\/wp\/v2\/types\/event"}],"wp:featuredmedia":[{"embeddable":true,"href":"https:\/\/nouveau.maisonmallet.com\/back05_01\/index.php?rest_route=\/wp\/v2\/media\/7075"}],"wp:attachment":[{"href":"https:\/\/nouveau.maisonmallet.com\/back05_01\/index.php?rest_route=%2Fwp%2Fv2%2Fmedia&parent=6995"}],"wp:term":[{"taxonomy":"event_cat","embeddable":true,"href":"https:\/\/nouveau.maisonmallet.com\/back05_01\/index.php?rest_route=%2Fwp%2Fv2%2Fevent_cat&post=6995"}],"curies":[{"name":"wp","href":"https:\/\/api.w.org\/{rel}","templated":true}]}}