{"id":70002,"date":"2025-12-03T17:16:18","date_gmt":"2025-12-03T22:16:18","guid":{"rendered":"https:\/\/nouveau.maisonmallet.com\/?post_type=event&#038;p=70002"},"modified":"2025-12-03T20:09:18","modified_gmt":"2025-12-04T01:09:18","slug":"savard-etienne","status":"publish","type":"event","link":"https:\/\/nouveau.maisonmallet.com\/back05_01\/?event=savard-etienne","title":{"rendered":"SAVARD, \u00c9tienne"},"content":{"rendered":"<p>Le Complexe Thanatologique Mallet &#038; fils a le regret de vous annoncer le d\u00e9c\u00e8s de<\/p>\n<p>\u00c9tienne Savard<br \/>\n1961 \u2013 2025<\/p>\n<p>\u00c0 Sept-\u00celes (maison \u00c9lyme des sables), le 3 d\u00e9cembre 2025, est d\u00e9c\u00e9d\u00e9 paisiblement entour\u00e9 des siens \u00e0 l&rsquo;\u00e2ge de 64 ans, monsieur \u00c9tienne Savard fils de feu L\u00e9onard Savard et de madame Rolande Gagn\u00e9 domicili\u00e9 \u00e0 Sept-\u00celes. <\/p>\n<p>La c\u00e9r\u00e9monie comm\u00e9morative de monsieur \u00c9tienne Savard aura lieu le samedi 6 d\u00e9cembre 2025 \u00e0 15 h 15 \u00e0 la chapelle du Complexe Thanatologique Mallet &#038; fils du 585, boul. Laure \u00e0 Sept-\u00celes. <\/p>\n<p>Selon ses volont\u00e9s, il a \u00e9t\u00e9 confi\u00e9 au cr\u00e9matorium de la Maison Mallet &#038; fils pour cr\u00e9mation.<\/p>\n<p>La famille re\u00e7oit parents et amis le samedi 6 d\u00e9cembre 2025 de 9 h \u00e0 11 h 30 et de 13 h \u00e0 16 h au Complexe Thanatologique Mallet &#038; fils du 585 Boul. Laure \u00e0 Sept-\u00celes.<\/p>\n<p>Il laisse dans le deuil sa m\u00e8re madame Rolande Gagn\u00e9 (feu L\u00e9onard Savard), ses fr\u00e8res : Marc-Andr\u00e9 (Bianka Bouchard) et Yvan (Lise Neveu), ses s\u0153urs : Linda (Martial Martel) et Julie ainsi que ses neveux, ses ni\u00e8ces, ses oncles, ses tantes, ses cousins, ses cousines et ses ami(e)s. <\/p>\n<p>Il \u00e9tait le fr\u00e8re de feu Clarence et de feu Berthier<\/p>\n<p>Vos marques de sympathie peuvent se traduire par un don \u00e0 l\u2019\u00c9lyme des sables www.elymedessables.com<\/p>\n<p>La famille a confi\u00e9 les arrangements aux services professionnels de la Maison Mallet &#038; fils du 585 Boul. Laure \u00e0 Sept-\u00celes, maintenant reconnue Distinction et membre de la Corporation des Thanatologues du Qu\u00e9bec.<\/p>\n<p>Vous pouvez consulter cet avis de d\u00e9c\u00e8s sur le : www.maisonmallet.com<\/p>\n<p>Ceux et celles qui le d\u00e9sirent, peuvent y envoyer des messages de sympathie.<\/p>\n<p>[contact-form to=\u00a0\u00bbjuliesavard2011@hotmail.com\u00a0\u00bb subject=\u00a0\u00bbCondol\u00e9ances \u00c9tienne Savard\u00a0\u00bb][contact-field label=\u00a0\u00bbVotre nom\u00a0\u00bb type=\u00a0\u00bbname\u00a0\u00bb required=\u00a0\u00bb1&Prime;][contact-field label=\u00a0\u00bbVotre courriel\u00a0\u00bb type=\u00a0\u00bbemail\u00a0\u00bb required=\u00a0\u00bb1&Prime;][contact-field label=\u00a0\u00bbCondol\u00e9ances\u00a0\u00bb type=\u00a0\u00bbtextarea\u00a0\u00bb][\/contact-form]<\/p>\n","protected":false},"featured_media":70007,"template":"","event_cat":[6],"class_list":["post-70002","event","type-event","status-publish","has-post-thumbnail","hentry","event_cat-maison-mallet-et-fils-inc"],"_links":{"self":[{"href":"https:\/\/nouveau.maisonmallet.com\/back05_01\/index.php?rest_route=\/wp\/v2\/event\/70002","targetHints":{"allow":["GET"]}}],"collection":[{"href":"https:\/\/nouveau.maisonmallet.com\/back05_01\/index.php?rest_route=\/wp\/v2\/event"}],"about":[{"href":"https:\/\/nouveau.maisonmallet.com\/back05_01\/index.php?rest_route=\/wp\/v2\/types\/event"}],"wp:featuredmedia":[{"embeddable":true,"href":"https:\/\/nouveau.maisonmallet.com\/back05_01\/index.php?rest_route=\/wp\/v2\/media\/70007"}],"wp:attachment":[{"href":"https:\/\/nouveau.maisonmallet.com\/back05_01\/index.php?rest_route=%2Fwp%2Fv2%2Fmedia&parent=70002"}],"wp:term":[{"taxonomy":"event_cat","embeddable":true,"href":"https:\/\/nouveau.maisonmallet.com\/back05_01\/index.php?rest_route=%2Fwp%2Fv2%2Fevent_cat&post=70002"}],"curies":[{"name":"wp","href":"https:\/\/api.w.org\/{rel}","templated":true}]}}