{"id":70335,"date":"2025-12-23T09:33:41","date_gmt":"2025-12-23T14:33:41","guid":{"rendered":"https:\/\/nouveau.maisonmallet.com\/?post_type=event&#038;p=70335"},"modified":"2026-01-19T14:59:03","modified_gmt":"2026-01-19T19:59:03","slug":"hamelin-laurier","status":"publish","type":"event","link":"https:\/\/nouveau.maisonmallet.com\/back05_01\/?event=hamelin-laurier","title":{"rendered":"HAMELIN, Laurier"},"content":{"rendered":"<p>Le Complexe Thanatologique Mallet &#038; fils a le regret de vous annoncer le d\u00e9c\u00e8s de<\/p>\n<p>Laurier Hamelin<br \/>\n1936 &#8211; 2025<\/p>\n<p>\u00c0 Sept-\u00celes, le 2 d\u00e9cembre 2025, est d\u00e9c\u00e9d\u00e9 \u00e0 l\u2019\u00e2ge de 89 ans et 10 mois, monsieur Laurier Hamelin \u00e9poux de madame Carmen Lebel et domicili\u00e9 \u00e0 Sept-\u00celes.<\/p>\n<p>Selon ses volont\u00e9s, il a \u00e9t\u00e9 confi\u00e9 au cr\u00e9matorium de la Maison Mallet &#038; fils pour cr\u00e9mation.<\/p>\n<p>Il laisse dans le deuil outre son \u00e9pouse madame Carmen Lebel, ses fils : Andr\u00e9 et David, sa s\u0153ur Marie-France ainsi que ses beaux-fr\u00e8res, ses belles-s\u0153urs, ses neveux, ses ni\u00e8ces et ses ami(e)s. <\/p>\n<p>Il \u00e9tait le p\u00e8re de feu Guillaume Hamelin ainsi que le fr\u00e8re de feu Carmen, feu Lucille, feu Georges, feu Joseph, feu Madeleine et feu Suzanne Hamelin.<\/p>\n<p>La famille a confi\u00e9 les arrangements aux services professionnels de la Maison Mallet &#038; fils du 585 Boul. Laure \u00e0 Sept-\u00celes, maintenant reconnue Distinction et membre de la Corporation des Thanatologues du Qu\u00e9bec.<\/p>\n<p>Vous pouvez consulter cet avis de d\u00e9c\u00e8s sur le www.maisonmallet.com<\/p>\n<p>Ceux et celles qui le d\u00e9sirent, peuvent y envoyer des messages de sympathies.<\/p>\n<p>[contact-form to=\u00a0\u00bbcarmen.lebel@cgocable.ca\u00a0\u00bb subject=\u00a0\u00bbCondol\u00e9ances Laurier Hamelin\u00a0\u00bb][contact-field label=\u00a0\u00bbVotre nom\u00a0\u00bb type=\u00a0\u00bbname\u00a0\u00bb required=\u00a0\u00bb1&Prime;][contact-field label=\u00a0\u00bbVotre courriel\u00a0\u00bb type=\u00a0\u00bbemail\u00a0\u00bb required=\u00a0\u00bb1&Prime;][contact-field label=\u00a0\u00bbCondol\u00e9ances\u00a0\u00bb type=\u00a0\u00bbtextarea\u00a0\u00bb][\/contact-form]<\/p>\n","protected":false},"featured_media":70383,"template":"","event_cat":[6],"class_list":["post-70335","event","type-event","status-publish","has-post-thumbnail","hentry","event_cat-maison-mallet-et-fils-inc"],"_links":{"self":[{"href":"https:\/\/nouveau.maisonmallet.com\/back05_01\/index.php?rest_route=\/wp\/v2\/event\/70335","targetHints":{"allow":["GET"]}}],"collection":[{"href":"https:\/\/nouveau.maisonmallet.com\/back05_01\/index.php?rest_route=\/wp\/v2\/event"}],"about":[{"href":"https:\/\/nouveau.maisonmallet.com\/back05_01\/index.php?rest_route=\/wp\/v2\/types\/event"}],"wp:featuredmedia":[{"embeddable":true,"href":"https:\/\/nouveau.maisonmallet.com\/back05_01\/index.php?rest_route=\/wp\/v2\/media\/70383"}],"wp:attachment":[{"href":"https:\/\/nouveau.maisonmallet.com\/back05_01\/index.php?rest_route=%2Fwp%2Fv2%2Fmedia&parent=70335"}],"wp:term":[{"taxonomy":"event_cat","embeddable":true,"href":"https:\/\/nouveau.maisonmallet.com\/back05_01\/index.php?rest_route=%2Fwp%2Fv2%2Fevent_cat&post=70335"}],"curies":[{"name":"wp","href":"https:\/\/api.w.org\/{rel}","templated":true}]}}