{"id":70422,"date":"2025-12-23T11:37:30","date_gmt":"2025-12-23T16:37:30","guid":{"rendered":"https:\/\/nouveau.maisonmallet.com\/?post_type=event&#038;p=70422"},"modified":"2025-12-24T11:41:55","modified_gmt":"2025-12-24T16:41:55","slug":"bourgeois-steve","status":"publish","type":"event","link":"https:\/\/nouveau.maisonmallet.com\/back05_01\/?event=bourgeois-steve","title":{"rendered":"BOURGEOIS, Steve"},"content":{"rendered":"<p>Le Complexe Thanatologique Mallet &#038; fils a le regret de vous annoncer le d\u00e9c\u00e8s de<\/p>\n<p>Steve Bourgeois<br \/>\n1960 &#8211; 2025<\/p>\n<p>\u00c0 Sept-\u00celes (maison \u00c9lyme des sables), le 23 d\u00e9cembre 2025, est d\u00e9c\u00e9d\u00e9 \u00e0 l\u2019\u00e2ge de 65 ans, monsieur Steve Bourgeois \u00e9poux de madame Suzon Girard, fils de feu Gilles Bourgeois et de feu Adrienne Chapados et domicili\u00e9 \u00e0 Sept-\u00celes.<\/p>\n<p>Les fun\u00e9railles de monsieur Steve Bourgeois auront lieu le samedi 27 d\u00e9cembre 2025 \u00e0 10 h 30 en l\u2019\u00e9glise St-Joseph situ\u00e9e au 535, ave. Brochu \u00e0 Sept-\u00celes et de l\u00e0 au cimeti\u00e8re Catholique de Sept-\u00celes.  <\/p>\n<p>La famille re\u00e7oit parents et amis le vendredi 26 d\u00e9cembre 2025 de 13 h \u00e0 16 h et de 19 h \u00e0 22 h. Le samedi 27 d\u00e9cembre 2025, jour des fun\u00e9railles, \u00e0 compter de 9 h au Complexe Thanatologique Mallet &#038; fils du 585, boul. Laure \u00e0 Sept-\u00celes.<\/p>\n<p>Il laisse dans le deuil outre son \u00e9pouse madame Suzon Girard, ses fils : Joey (Jeannine St Marie), Mathieu (Fannie Blais Gravel) et Rapha\u00ebl (Jolyane St-Gelais), ses petits-fils : William, Maverick, Ethan et Louis ainsi qu\u2019une grande famille et de nombreux ami(e)s. <\/p>\n<p>Vos marques de sympathie peuvent se traduire par un don \u00e0 l\u2019\u00c9lyme des sables www.elymedessables.com<\/p>\n<p>La famille a confi\u00e9 la direction des fun\u00e9railles aux services professionnels de la Maison Mallet &#038; fils du 585, boul. Laure \u00e0 Sept-\u00celes, maintenant reconnue Distinction et membre de la Corporation des Thanatologues du Qu\u00e9bec.<\/p>\n<p>Vous pouvez consulter cet avis de d\u00e9c\u00e8s sur le www.maisonmallet.com<\/p>\n<p>Ceux et celles qui le d\u00e9sirent, peuvent y envoyer des messages de sympathies.<\/p>\n<p>[contact-form to=\u00a0\u00bbsuerires123@gmail.com\u00a0\u00bb subject=\u00a0\u00bbCondol\u00e9ances Steve Bourgeois\u00a0\u00bb][contact-field label=\u00a0\u00bbVotre nom\u00a0\u00bb type=\u00a0\u00bbname\u00a0\u00bb required=\u00a0\u00bb1&Prime;][contact-field label=\u00a0\u00bbVotre courriel\u00a0\u00bb type=\u00a0\u00bbemail\u00a0\u00bb required=\u00a0\u00bb1&Prime;][contact-field label=\u00a0\u00bbCondol\u00e9ances\u00a0\u00bb type=\u00a0\u00bbtextarea\u00a0\u00bb][\/contact-form]<\/p>\n","protected":false},"featured_media":70424,"template":"","event_cat":[6],"class_list":["post-70422","event","type-event","status-publish","has-post-thumbnail","hentry","event_cat-maison-mallet-et-fils-inc"],"_links":{"self":[{"href":"https:\/\/nouveau.maisonmallet.com\/back05_01\/index.php?rest_route=\/wp\/v2\/event\/70422","targetHints":{"allow":["GET"]}}],"collection":[{"href":"https:\/\/nouveau.maisonmallet.com\/back05_01\/index.php?rest_route=\/wp\/v2\/event"}],"about":[{"href":"https:\/\/nouveau.maisonmallet.com\/back05_01\/index.php?rest_route=\/wp\/v2\/types\/event"}],"wp:featuredmedia":[{"embeddable":true,"href":"https:\/\/nouveau.maisonmallet.com\/back05_01\/index.php?rest_route=\/wp\/v2\/media\/70424"}],"wp:attachment":[{"href":"https:\/\/nouveau.maisonmallet.com\/back05_01\/index.php?rest_route=%2Fwp%2Fv2%2Fmedia&parent=70422"}],"wp:term":[{"taxonomy":"event_cat","embeddable":true,"href":"https:\/\/nouveau.maisonmallet.com\/back05_01\/index.php?rest_route=%2Fwp%2Fv2%2Fevent_cat&post=70422"}],"curies":[{"name":"wp","href":"https:\/\/api.w.org\/{rel}","templated":true}]}}