{"id":70531,"date":"2025-12-24T16:57:54","date_gmt":"2025-12-24T21:57:54","guid":{"rendered":"https:\/\/nouveau.maisonmallet.com\/?post_type=event&#038;p=70531"},"modified":"2026-01-31T15:43:08","modified_gmt":"2026-01-31T20:43:08","slug":"rousselot-florent","status":"publish","type":"event","link":"https:\/\/nouveau.maisonmallet.com\/back05_01\/?event=rousselot-florent","title":{"rendered":"ROUSSELOT, Florent"},"content":{"rendered":"<p>Le Complexe Thanatologique Mallet &#038; fils a le regret de vous annoncer le d\u00e9c\u00e8s de<\/p>\n<p>Florent Rousselot<br \/>\n1956 \u2013 2025<\/p>\n<p>\u00c0 Sept-\u00celes (maison \u00c9lyme des sables), le 24 d\u00e9cembre 2025, est d\u00e9c\u00e9d\u00e9 l\u2019\u00e2ge de 69 ans, monsieur Florent Rousselot \u00e9poux de feu Jeanne d\u2019Arc Blacksmith, conjoint de feu Bernadette Bellefleur domicili\u00e9 \u00e0 La Romaine.<\/p>\n<p>Les fun\u00e9railles de monsieur Florent Rousselot auront lieu le mercredi 31 d\u00e9cembre 2025 \u00e0 10 h en l\u2019\u00e9glise Marie-Reine-des-Indiens \u00e0 La Romaine et de l\u00e0 au cimeti\u00e8re de l\u2019endroit.<\/p>\n<p>La famille re\u00e7oit parents et amis le lundi 29 d\u00e9cembre 2025 \u00e0 compter de 15 h au 29, rue Tambour \u00e0 La Romaine.<\/p>\n<p>Il laisse dans le deuil ses fr\u00e8res : Philibert (Annie Vachon), Rosario (Linda St-Onge), Jean-No\u00ebl, Jean-Yves et Marcelin (Doris Wapistan), ses s\u0153urs : Stella et Isabelle-Nada ainsi que ses neveux, ses ni\u00e8ces, ses oncles, ses tantes, ses cousins, ses cousines et de nombreux ami(e)s.<\/p>\n<p>Il \u00e9tait le p\u00e8re de feu Johnny.<\/p>\n<p>La famille a confi\u00e9 les arrangements aux services professionnels de la Maison Mallet &#038; fils du 585, boul. Laure \u00e0 Sept-\u00celes, maintenant reconnue Distinction et membre de la Corporation des Thanatologues du Qu\u00e9bec.<\/p>\n<p>Vous pouvez consulter cet avis de d\u00e9c\u00e8s, sur le www.maisonmallet.com<\/p>\n<p>Ceux et celles qui le d\u00e9sirent, peuvent y envoyer des messages de sympathie.<\/p>\n<p>[contact-form to=\u00a0\u00bbn_kate_lalo@hotmail.com\u00a0\u00bb subject=\u00a0\u00bbCondol\u00e9ances Florent Rouselot\u00a0\u00bb][contact-field label=\u00a0\u00bbVotre nom\u00a0\u00bb type=\u00a0\u00bbname\u00a0\u00bb required=\u00a0\u00bb1&Prime;][contact-field label=\u00a0\u00bbVotre courriel\u00a0\u00bb type=\u00a0\u00bbemail\u00a0\u00bb required=\u00a0\u00bb1&Prime;][contact-field label=\u00a0\u00bbCondol\u00e9ances\u00a0\u00bb type=\u00a0\u00bbtextarea\u00a0\u00bb][\/contact-form]<\/p>\n","protected":false},"featured_media":70533,"template":"","event_cat":[6],"class_list":["post-70531","event","type-event","status-publish","has-post-thumbnail","hentry","event_cat-maison-mallet-et-fils-inc"],"_links":{"self":[{"href":"https:\/\/nouveau.maisonmallet.com\/back05_01\/index.php?rest_route=\/wp\/v2\/event\/70531","targetHints":{"allow":["GET"]}}],"collection":[{"href":"https:\/\/nouveau.maisonmallet.com\/back05_01\/index.php?rest_route=\/wp\/v2\/event"}],"about":[{"href":"https:\/\/nouveau.maisonmallet.com\/back05_01\/index.php?rest_route=\/wp\/v2\/types\/event"}],"wp:featuredmedia":[{"embeddable":true,"href":"https:\/\/nouveau.maisonmallet.com\/back05_01\/index.php?rest_route=\/wp\/v2\/media\/70533"}],"wp:attachment":[{"href":"https:\/\/nouveau.maisonmallet.com\/back05_01\/index.php?rest_route=%2Fwp%2Fv2%2Fmedia&parent=70531"}],"wp:term":[{"taxonomy":"event_cat","embeddable":true,"href":"https:\/\/nouveau.maisonmallet.com\/back05_01\/index.php?rest_route=%2Fwp%2Fv2%2Fevent_cat&post=70531"}],"curies":[{"name":"wp","href":"https:\/\/api.w.org\/{rel}","templated":true}]}}