{"id":70572,"date":"2025-12-22T09:43:08","date_gmt":"2025-12-22T14:43:08","guid":{"rendered":"https:\/\/nouveau.maisonmallet.com\/?post_type=event&#038;p=70572"},"modified":"2026-01-31T15:40:51","modified_gmt":"2026-01-31T20:40:51","slug":"boudreau-julien","status":"publish","type":"event","link":"https:\/\/nouveau.maisonmallet.com\/back05_01\/?event=boudreau-julien","title":{"rendered":"BOUDREAU, Julien"},"content":{"rendered":"<p>Le Complexe Thanatologique Mallet &#038; fils a le regret de vous annoncer le d\u00e9c\u00e8s de<\/p>\n<p>Julien Boudreau<br \/>\n1941 \u2013 2025<\/p>\n<p>\u00c0 Sept-\u00celes, le 22 d\u00e9cembre 2025, est d\u00e9c\u00e9d\u00e9 \u00e0 l\u2019\u00e2ge de 84 ans, monsieur Julien Boudreau \u00e9poux de madame Claudette Gagnon et domicili\u00e9 \u00e0 Sept-\u00celes.<\/p>\n<p>Les fun\u00e9railles de monsieur Julien Boudreau auront lieu, le merdredi 22 juillet 2026 \u00e0 14 h en l\u2019\u00e9glise Marie-Immacul\u00e9e situ\u00e9e au 180, rue Papineau \u00e0 Sept-\u00celes et de l\u00e0 au cimeti\u00e8re Catholique de Sept-\u00celes.<\/p>\n<p>Selon ses volont\u00e9s, il a \u00e9t\u00e9 confi\u00e9 au cr\u00e9matorium de la Maison Mallet &#038; fils pour cr\u00e9mation.<\/p>\n<p>La famille re\u00e7oit parents et amis le mardi 21 juillet 2026 de 19 h \u00e0 22 h. Le mercredi 22 juillet 2026, jour des fun\u00e9railles \u00e0 compter de 12 h 30 au Complexe Thanatologique Mallet &#038; fils du 585, boul. Laure \u00e0 Sept-\u00celes.<\/p>\n<p>Il laisse dans le deuil outre son \u00e9pouse madame Claudette Gagnon, ses enfants : Annie et Martin, ses petits-enfants : Alex (Amy) et Sara, ses s\u0153urs : Marie-Claire sscm, Madeleine sscm et Raymonde (Andr\u00e9), ses belles-s\u0153urs : Carmelle, Denise et Huguette, son beau-fr\u00e8re Andr\u00e9. Il laisse aussi derri\u00e8re lui de nombreux autres membres de sa famille et amis qu\u2019il a aussi beaucoup aim\u00e9s. La maison de Julien et Claudette \u00e9tait toujours ouverte \u00e0 tous et Julien aimait avoir une maison remplie de tout cet amour.<\/p>\n<p>L\u2019ont pr\u00e9c\u00e9d\u00e9 dans le deuil ses parents, Vital et Marie-Anne (n\u00e9e Landry) et ses beaux-parents Emile et Blanche (n\u00e9e Dub\u00e9), ses fr\u00e8res : Simon (feu C\u00e9cile), Rosaire (feu Blanche) et Aur\u00e8le, ses s\u0153urs : F\u00e9lixine (feu Lionel), \u00c9liane (feu Jacques), Anita (feu Yvon), Anna sscm et Marie sscm, sa belle-s\u0153ur Louise ainsi que ses beaux-fr\u00e8res Conrad et Julien. <\/p>\n<p>Vos marques de sympathie peuvent se traduire par un don \u00e0 l\u2019\u00c9lyme des sables www.elymedessables.com<\/p>\n<p>La famille a confi\u00e9 la direction des fun\u00e9railles aux services professionnels de la Maison Mallet &#038; fils du 585, boul. Laure \u00e0 Sept-\u00celes, maintenant reconnue Distinction et membre de la Corporation des Thanatologues du Qu\u00e9bec.<\/p>\n<p>Vous pouvez consulter cet avis de d\u00e9c\u00e8s sur le www.maisonmallet.com<\/p>\n<p>Ceux et celles qui le d\u00e9sirent, peuvent y envoyer des messages de sympathies.<\/p>\n<p>[contact-form to=\u00a0\u00bbablebrun@hotmail.com\u00a0\u00bb subject=\u00a0\u00bbCondol\u00e9ances Julien Boudreau\u00a0\u00bb][contact-field label=\u00a0\u00bbVotre nom\u00a0\u00bb type=\u00a0\u00bbname\u00a0\u00bb required=\u00a0\u00bb1&Prime;][contact-field label=\u00a0\u00bbVotre courriel\u00a0\u00bb type=\u00a0\u00bbemail\u00a0\u00bb required=\u00a0\u00bb1&Prime;][contact-field label=\u00a0\u00bbCondol\u00e9ances\u00a0\u00bb type=\u00a0\u00bbtextarea\u00a0\u00bb][\/contact-form]<\/p>\n","protected":false},"featured_media":70591,"template":"","event_cat":[6],"class_list":["post-70572","event","type-event","status-publish","has-post-thumbnail","hentry","event_cat-maison-mallet-et-fils-inc"],"_links":{"self":[{"href":"https:\/\/nouveau.maisonmallet.com\/back05_01\/index.php?rest_route=\/wp\/v2\/event\/70572","targetHints":{"allow":["GET"]}}],"collection":[{"href":"https:\/\/nouveau.maisonmallet.com\/back05_01\/index.php?rest_route=\/wp\/v2\/event"}],"about":[{"href":"https:\/\/nouveau.maisonmallet.com\/back05_01\/index.php?rest_route=\/wp\/v2\/types\/event"}],"wp:featuredmedia":[{"embeddable":true,"href":"https:\/\/nouveau.maisonmallet.com\/back05_01\/index.php?rest_route=\/wp\/v2\/media\/70591"}],"wp:attachment":[{"href":"https:\/\/nouveau.maisonmallet.com\/back05_01\/index.php?rest_route=%2Fwp%2Fv2%2Fmedia&parent=70572"}],"wp:term":[{"taxonomy":"event_cat","embeddable":true,"href":"https:\/\/nouveau.maisonmallet.com\/back05_01\/index.php?rest_route=%2Fwp%2Fv2%2Fevent_cat&post=70572"}],"curies":[{"name":"wp","href":"https:\/\/api.w.org\/{rel}","templated":true}]}}