{"id":70791,"date":"2026-01-13T09:02:09","date_gmt":"2026-01-13T14:02:09","guid":{"rendered":"https:\/\/nouveau.maisonmallet.com\/?post_type=event&#038;p=70791"},"modified":"2026-01-14T09:08:43","modified_gmt":"2026-01-14T14:08:43","slug":"duclos-antoine","status":"publish","type":"event","link":"https:\/\/nouveau.maisonmallet.com\/back05_01\/?event=duclos-antoine","title":{"rendered":"DUCLOS, Antoine"},"content":{"rendered":"<p>Le Complexe Thanatologique Mallet &#038; fils a le regret de vous annoncer le d\u00e9c\u00e8s de<\/p>\n<p>Antoine Duclos<br \/>\n1942 &#8211; 2026<\/p>\n<p>\u00c0 Sept-\u00celes, le 10 janvier 2026, est d\u00e9c\u00e9d\u00e9e \u00e0 l\u2019\u00e2ge de 83 ans, monsieur Antoine Duclos \u00e9poux de feu Adrienne Massey et domicili\u00e9 \u00e0 Sept-\u00celes.<\/p>\n<p>Les fun\u00e9railles de monsieur Antoine Duclos auront lieu le samedi 17 janvier 2026 \u00e0 14 h en l\u2019\u00e9glise Marie-Immacul\u00e9e situ\u00e9e au 180, rue Papineau \u00e0 Sept-\u00celes et de l\u00e0 cr\u00e9matorium de la maison Mallet&#038; fils pour cr\u00e9mation. <\/p>\n<p>La famille re\u00e7oit parents et amis le vendredi 16 janvier 2026 de 19 h \u00e0 22 h. Le samedi 17 janvier 2026 jours des fun\u00e9railles \u00e0 compter de 12 h 30 au Complexe Thanatologique Mallet &#038; fils du 585, Boul. Laure \u00e0 Sept-\u00celes.<\/p>\n<p>Il laisse dans le deuil son fils Alain (Chantal Paradis), sa fille Danielle (Alain De Montigny), son petit-fils Jean, sa petite-fille Genevi\u00e8ve leur m\u00e8re Monique Beaudin ainsi que son fr\u00e8re Paul (Zo\u00e9 Monnier), ses s\u0153urs : Donalda et Dorise, ses beaux-fr\u00e8res, ses belles-s\u0153urs, ses neveux, ses ni\u00e8ces, ses cousins, ses cousines et de nombreux ami(e)s.<\/p>\n<p>Vos marques de sympathie peuvent se traduire par un don \u00e0 l\u2019Association du cancer Est du Qu\u00e9bec www.aceq.org <\/p>\n<p>La famille Duclos tient \u00e0 remercier tout le personnel du centre hospitalier, du C.L.S.C. et les aides familiales pour tous les soins et leur soutient, un remerciement plus particuli\u00e8rement \u00e0 Sylvie Simoneau.<\/p>\n<p>La famille a confi\u00e9 la direction des fun\u00e9railles aux services professionnels de la Maison Mallet &#038; fils du 585 Boul. Laure \u00e0 Sept-\u00celes, maintenant reconnue Distinction et membre de la Corporation des Thanatologues du Qu\u00e9bec.<\/p>\n<p>Vous pouvez consulter cet avis de d\u00e9c\u00e8s sur le www.maisonmallet.com<\/p>\n<p>Ceux et celles qui le d\u00e9sirent, peuvent y envoyer des messages de sympathie.<\/p>\n<p>[contact-form to=\u00a0\u00bbdanielle-sirene0306@hotmail.com,alainduclos67@gmail.com\u00a0\u00bb subject=\u00a0\u00bbCondol\u00e9ances Antoine Duclos\u00a0\u00bb][contact-field label=\u00a0\u00bbVotre nom\u00a0\u00bb type=\u00a0\u00bbname\u00a0\u00bb required=\u00a0\u00bb1&Prime;][contact-field label=\u00a0\u00bbVotre courriel\u00a0\u00bb type=\u00a0\u00bbemail\u00a0\u00bb required=\u00a0\u00bb1&Prime;][contact-field label=\u00a0\u00bbCondol\u00e9ances\u00a0\u00bb type=\u00a0\u00bbtextarea\u00a0\u00bb][\/contact-form]<\/p>\n","protected":false},"featured_media":70821,"template":"","event_cat":[6],"class_list":["post-70791","event","type-event","status-publish","has-post-thumbnail","hentry","event_cat-maison-mallet-et-fils-inc"],"_links":{"self":[{"href":"https:\/\/nouveau.maisonmallet.com\/back05_01\/index.php?rest_route=\/wp\/v2\/event\/70791","targetHints":{"allow":["GET"]}}],"collection":[{"href":"https:\/\/nouveau.maisonmallet.com\/back05_01\/index.php?rest_route=\/wp\/v2\/event"}],"about":[{"href":"https:\/\/nouveau.maisonmallet.com\/back05_01\/index.php?rest_route=\/wp\/v2\/types\/event"}],"wp:featuredmedia":[{"embeddable":true,"href":"https:\/\/nouveau.maisonmallet.com\/back05_01\/index.php?rest_route=\/wp\/v2\/media\/70821"}],"wp:attachment":[{"href":"https:\/\/nouveau.maisonmallet.com\/back05_01\/index.php?rest_route=%2Fwp%2Fv2%2Fmedia&parent=70791"}],"wp:term":[{"taxonomy":"event_cat","embeddable":true,"href":"https:\/\/nouveau.maisonmallet.com\/back05_01\/index.php?rest_route=%2Fwp%2Fv2%2Fevent_cat&post=70791"}],"curies":[{"name":"wp","href":"https:\/\/api.w.org\/{rel}","templated":true}]}}