{"id":71149,"date":"2026-01-28T10:36:21","date_gmt":"2026-01-28T15:36:21","guid":{"rendered":"https:\/\/nouveau.maisonmallet.com\/?post_type=event&#038;p=71149"},"modified":"2026-01-29T10:42:26","modified_gmt":"2026-01-29T15:42:26","slug":"lavoie-cora","status":"publish","type":"event","link":"https:\/\/nouveau.maisonmallet.com\/back05_01\/?event=lavoie-cora","title":{"rendered":"LAVOIE, Cora"},"content":{"rendered":"<p>Le Complexe Thanatologique Mallet &#038; fils a le regret de vous annoncer le d\u00e9c\u00e8s de<\/p>\n<p>Cora Lavoie<br \/>\n1946 \u2013 2025<\/p>\n<p>En R\u00e9publique Dominicaine, le 23 d\u00e9cembre 2025, est d\u00e9c\u00e9d\u00e9e \u00e0 l&rsquo;\u00e2ge de 79 ans, madame Cora Lavoie \u00e9pouse de monsieur Michel Pelletier et domicili\u00e9e \u00e0 Sept-\u00celes.<\/p>\n<p>La c\u00e9r\u00e9monie comm\u00e9morative de madame Cora Lavoie aura lieu le samedi 16 mai 2026 \u00e0 16 h \u00e0 la chapelle du Complexe Thanatologique Mallet &#038; fils du 585, boul. Laure \u00e0 Sept-\u00celes et de l\u00e0, au Columbarium du Cimeti\u00e8re Catholique de Sept-\u00celes. <\/p>\n<p>Selon ses volont\u00e9s, elle a \u00e9t\u00e9 confi\u00e9e au cr\u00e9matorium de la Maison Mallet &#038; fils pour cr\u00e9mation.<\/p>\n<p>La famille re\u00e7oit parents et amis le samedi 16 mai 2026 de 13 h \u00e0 16 h au Complexe Thanatologique Mallet &#038; fils du 585 boul. Laure \u00e0 Sept-\u00celes.  <\/p>\n<p>Elle laisse dans le deuil outre son \u00e9poux monsieur Michel Pelletier, son beau-fils Louis (Karine Lepage, leurs enfants : Mathis et Marie-Ange), sa belle-fille \u00c9dith (Yves Desjardins, les enfants : Gabriel et William) ainsi que sa s\u0153ur Dolor\u00e8s (feu Germain Losier), ses beaux-fr\u00e8res, ses belles-s\u0153urs, ses neveux, ses ni\u00e8ces, ses cousins, ses cousines et de nombreux amis(e)s.<\/p>\n<p>La famille a confi\u00e9 les arrangements aux services professionnels de la Maison Mallet &#038; fils du 585 boul. Laure \u00e0 Sept-\u00celes, maintenant reconnue Distinction et membre de la Corporation des Thanatologues du Qu\u00e9bec.<\/p>\n<p>Vous pouvez consulter cet avis de d\u00e9c\u00e8s sur le : www.maisonmallet.com<\/p>\n<p>Ceux et celles qui le d\u00e9sirent, peuvent y envoyer des messages de sympathie.<\/p>\n<p>[contact-form to=\u00a0\u00bbpelletiermichel49@gmail.com\u00a0\u00bb subject=\u00a0\u00bbCondol\u00e9ances Cora Lavoie\u00a0\u00bb][contact-field label=\u00a0\u00bbVotre nom\u00a0\u00bb type=\u00a0\u00bbname\u00a0\u00bb required=\u00a0\u00bb1&Prime;][contact-field label=\u00a0\u00bbVotre courriel\u00a0\u00bb type=\u00a0\u00bbemail\u00a0\u00bb required=\u00a0\u00bb1&Prime;][contact-field label=\u00a0\u00bbCondol\u00e9ances\u00a0\u00bb type=\u00a0\u00bbtextarea\u00a0\u00bb][\/contact-form]<\/p>\n","protected":false},"featured_media":71151,"template":"","event_cat":[6],"class_list":["post-71149","event","type-event","status-publish","has-post-thumbnail","hentry","event_cat-maison-mallet-et-fils-inc"],"_links":{"self":[{"href":"https:\/\/nouveau.maisonmallet.com\/back05_01\/index.php?rest_route=\/wp\/v2\/event\/71149","targetHints":{"allow":["GET"]}}],"collection":[{"href":"https:\/\/nouveau.maisonmallet.com\/back05_01\/index.php?rest_route=\/wp\/v2\/event"}],"about":[{"href":"https:\/\/nouveau.maisonmallet.com\/back05_01\/index.php?rest_route=\/wp\/v2\/types\/event"}],"wp:featuredmedia":[{"embeddable":true,"href":"https:\/\/nouveau.maisonmallet.com\/back05_01\/index.php?rest_route=\/wp\/v2\/media\/71151"}],"wp:attachment":[{"href":"https:\/\/nouveau.maisonmallet.com\/back05_01\/index.php?rest_route=%2Fwp%2Fv2%2Fmedia&parent=71149"}],"wp:term":[{"taxonomy":"event_cat","embeddable":true,"href":"https:\/\/nouveau.maisonmallet.com\/back05_01\/index.php?rest_route=%2Fwp%2Fv2%2Fevent_cat&post=71149"}],"curies":[{"name":"wp","href":"https:\/\/api.w.org\/{rel}","templated":true}]}}