{"id":71500,"date":"2026-02-18T15:56:53","date_gmt":"2026-02-18T20:56:53","guid":{"rendered":"https:\/\/nouveau.maisonmallet.com\/?post_type=event&#038;p=71500"},"modified":"2026-02-20T17:19:10","modified_gmt":"2026-02-20T22:19:10","slug":"cyr-marie-laure","status":"publish","type":"event","link":"https:\/\/nouveau.maisonmallet.com\/back05_01\/?event=cyr-marie-laure","title":{"rendered":"CYR, Marie-Laure"},"content":{"rendered":"<p>La Maison L.J.G. Mallet a le regret de vous annoncer le d\u00e9c\u00e8s de<\/p>\n<p>Marie-Laure Cyr<br \/>\n1935 \u2013 2026<\/p>\n<p>\u00c0 Havre Saint-Pierre, le 14 f\u00e9vrier 2026, est d\u00e9c\u00e9d\u00e9e \u00e0 l\u2019\u00e2ge de 90 ans, madame Marie-Laure Cyr \u00e9pouse de monsieur Aim\u00e9 Jomphe et domicili\u00e9e \u00e0 Havre Saint-Pierre. <\/p>\n<p>Les fun\u00e9railles de madame Marie-Laure Cyr auront lieu le samedi 18 avril 2026 \u00e0 10 h en l\u2019\u00e9glise St-Pierre situ\u00e9e au 742, rue Bor\u00e9ale \u00e0 Havre Saint-Pierre.<\/p>\n<p>Selon ses volont\u00e9s, elle a \u00e9t\u00e9 confi\u00e9e au cr\u00e9matorium de la maison L.J.G. Mallet pour cr\u00e9mation.<\/p>\n<p>La famille re\u00e7oit parents et amis le vendredi 17 avril 2026 de 19 h \u00e0 22 h.  Le samedi 18 avril 2026 jour des fun\u00e9railles \u00e0 compter de 9 h au salon de la maison L.J.G. Mallet du 1429, rue du Canot \u00e0 Havre Saint-Pierre.  <\/p>\n<p>Elle laisse dans le deuil outre son \u00e9poux monsieur Aim\u00e9 Jomphe, ses filles : Antoinette (Christian Parent), Monique (Bertrand Jomphe), Rolande (Joachim Vigneault), Maria (Jean-Pierre Gagnon) et Claudia (Nicolas Lessard), ses fils : Harold (Brenda Boudreau) et Bruno (Luce No\u00ebl), ses petits-fils : Richard (Vicky Pelletier), Patrick (\u00c9milie Fortin), Francis (Laura Dufour), J\u00e9r\u00e9mie (Daphn\u00e9 Richard), Steeven, Jean-Philipe (Ratu Regian), William (Aela Malite), Mickeal et Justin, ses petites-filles : Julie, Marie-Christine (Olivier Boudreau), Anne-Sophie et Emma, ses arri\u00e8re-petits-enfants : Charlie-Ann Parent, Jean-Fr\u00e9d\u00e9ric Parent, M\u00e9lodie Pelletier, Matt Jomphe, Kiana Vigneault, Florence Boudreau, Marianne Jomphe, Eliam Jomphe, Gloria Jomphe, James Vigneault et Tristan Jomphe ainsi que sa s\u0153ur Paulette (feu Roland Labadie), son fr\u00e8re Harold (Clarisse Dupuis), ses belles-s\u0153urs : Marcelle Th\u00e9riault (feu Jacques Cyr) et Anne-Marie Fournier (feu L\u00e9onard Jomphe), ses neveux, ses ni\u00e8ces, ses cousins, ses cousines et ses ami(e)s.<\/p>\n<p>Vos marques de sympathie peuvent se traduire par un don au Centre de Sant\u00e9 de la Minganie. <\/p>\n<p>La famille a confi\u00e9 la direction des fun\u00e9railles aux services professionnels de la Maison L.J.G. Mallet du 1429, rue du Canot \u00e0 Havre-St-Pierre, membre de la Corporation des thanatologues du Qu\u00e9bec.<\/p>\n<p>Vous pouvez consulter cet avis de d\u00e9c\u00e8s, sur le site www.maisonmallet.com <\/p>\n<p>Ceux et celles qui le d\u00e9sirent, peuvent y envoyer des messages de sympathie.<\/p>\n<p>[contact-form to=\u00a0\u00bbm-jomphe@hotmail.com\u00a0\u00bb subject=\u00a0\u00bbCondol\u00e9ances Marie-Laure Cyr\u00a0\u00bb][contact-field label=\u00a0\u00bbVotre nom\u00a0\u00bb type=\u00a0\u00bbname\u00a0\u00bb required=\u00a0\u00bb1&Prime;][contact-field label=\u00a0\u00bbVotre courriel\u00a0\u00bb type=\u00a0\u00bbemail\u00a0\u00bb required=\u00a0\u00bb1&Prime;][contact-field label=\u00a0\u00bbCondol\u00e9ances\u00a0\u00bb type=\u00a0\u00bbtextarea\u00a0\u00bb][\/contact-form]<\/p>\n","protected":false},"featured_media":71574,"template":"","event_cat":[7],"class_list":["post-71500","event","type-event","status-publish","has-post-thumbnail","hentry","event_cat-maison-l-j-g-mallet-inc"],"_links":{"self":[{"href":"https:\/\/nouveau.maisonmallet.com\/back05_01\/index.php?rest_route=\/wp\/v2\/event\/71500","targetHints":{"allow":["GET"]}}],"collection":[{"href":"https:\/\/nouveau.maisonmallet.com\/back05_01\/index.php?rest_route=\/wp\/v2\/event"}],"about":[{"href":"https:\/\/nouveau.maisonmallet.com\/back05_01\/index.php?rest_route=\/wp\/v2\/types\/event"}],"wp:featuredmedia":[{"embeddable":true,"href":"https:\/\/nouveau.maisonmallet.com\/back05_01\/index.php?rest_route=\/wp\/v2\/media\/71574"}],"wp:attachment":[{"href":"https:\/\/nouveau.maisonmallet.com\/back05_01\/index.php?rest_route=%2Fwp%2Fv2%2Fmedia&parent=71500"}],"wp:term":[{"taxonomy":"event_cat","embeddable":true,"href":"https:\/\/nouveau.maisonmallet.com\/back05_01\/index.php?rest_route=%2Fwp%2Fv2%2Fevent_cat&post=71500"}],"curies":[{"name":"wp","href":"https:\/\/api.w.org\/{rel}","templated":true}]}}