{"id":71527,"date":"2026-02-18T17:25:56","date_gmt":"2026-02-18T22:25:56","guid":{"rendered":"https:\/\/nouveau.maisonmallet.com\/?post_type=event&#038;p=71527"},"modified":"2026-02-25T11:30:54","modified_gmt":"2026-02-25T16:30:54","slug":"gendron-francine","status":"publish","type":"event","link":"https:\/\/nouveau.maisonmallet.com\/back05_01\/?event=gendron-francine","title":{"rendered":"GENDRON, Francine"},"content":{"rendered":"<p>Le Complexe Thanatologique Mallet &#038; fils a le regret de vous annoncer le d\u00e9c\u00e8s de<\/p>\n<p>Francine Gendron<br \/>\n1949 &#8211; 2026<\/p>\n<p>\u00c0 Sept-\u00celes (maison L\u2019\u00c9lyme des sables), le 18 f\u00e9vrier 2026, est d\u00e9c\u00e9d\u00e9e \u00e0 l\u2019\u00e2ge de 76 ans, madame Francine Gendron fille de feu Marie-Marthe Th\u00e9berge et feu Honor\u00e9 Gendron domicili\u00e9e \u00e0 Sept-\u00celes.<\/p>\n<p>Les fun\u00e9railles de madame Francine Gendron auront lieu le mercredi 25 f\u00e9vrier 2026 \u00e0 14 h en l\u2019\u00e9glise St-Joseph situ\u00e9e au 535, ave. Brochu \u00e0 Sept-\u00celes et de l\u00e0 au columbarium de la Maison Mallet &#038; fils.<\/p>\n<p>Selon ses volont\u00e9s, elle a \u00e9t\u00e9 confi\u00e9e au cr\u00e9matorium de la Maison Mallet &#038; fils pour cr\u00e9mation.<\/p>\n<p>La famille re\u00e7oit parents et amis le mardi 24 f\u00e9vrier 2026 de 19 h \u00e0 21 h au Complexe Thanatologique Mallet &#038; fils du 585, boul. Laure \u00e0 Sept-\u00celes.<\/p>\n<p>Elle laisse dans le deuil sa s\u0153ur C\u00e9line, son fr\u00e8re Martin, son neveu S\u00e9bastien (\u00c9lisabeth No\u00ebl-Major), ses cousins, ses cousines ainsi que de nombreux ami(e)s.<\/p>\n<p>Elle \u00e9tait la s\u0153ur de feu Mario. <\/p>\n<p>Vos marques de sympathie peuvent se traduire par un don \u00e0 l\u2019\u00c9lyme des sables www.elymedessables.com<\/p>\n<p>La famille a confi\u00e9 la direction des fun\u00e9railles aux services professionnels de la Maison Mallet &#038; fils du 585, boul. Laure \u00e0 Sept-\u00celes, maintenant reconnue Distinction et membre de la Corporation des Thanatologues du Qu\u00e9bec.<\/p>\n<p>Vous pouvez consulter cet avis de d\u00e9c\u00e8s sur le www.maisonmallet.com<\/p>\n<p>Ceux et celles qui le d\u00e9sirent, peuvent y envoyer des messages de sympathies.<\/p>\n<p>[contact-form to=\u00a0\u00bbsmazerolle@portsi.com\u00a0\u00bb subject=\u00a0\u00bbCondol\u00e9ances Francine Gendron\u00a0\u00bb][contact-field label=\u00a0\u00bbVotre nom\u00a0\u00bb type=\u00a0\u00bbname\u00a0\u00bb required=\u00a0\u00bb1&Prime;][contact-field label=\u00a0\u00bbVotre courriel\u00a0\u00bb type=\u00a0\u00bbemail\u00a0\u00bb required=\u00a0\u00bb1&Prime;][contact-field label=\u00a0\u00bbCondol\u00e9ances\u00a0\u00bb type=\u00a0\u00bbtextarea\u00a0\u00bb][\/contact-form]<\/p>\n","protected":false},"featured_media":71530,"template":"","event_cat":[6],"class_list":["post-71527","event","type-event","status-publish","has-post-thumbnail","hentry","event_cat-maison-mallet-et-fils-inc"],"_links":{"self":[{"href":"https:\/\/nouveau.maisonmallet.com\/back05_01\/index.php?rest_route=\/wp\/v2\/event\/71527","targetHints":{"allow":["GET"]}}],"collection":[{"href":"https:\/\/nouveau.maisonmallet.com\/back05_01\/index.php?rest_route=\/wp\/v2\/event"}],"about":[{"href":"https:\/\/nouveau.maisonmallet.com\/back05_01\/index.php?rest_route=\/wp\/v2\/types\/event"}],"wp:featuredmedia":[{"embeddable":true,"href":"https:\/\/nouveau.maisonmallet.com\/back05_01\/index.php?rest_route=\/wp\/v2\/media\/71530"}],"wp:attachment":[{"href":"https:\/\/nouveau.maisonmallet.com\/back05_01\/index.php?rest_route=%2Fwp%2Fv2%2Fmedia&parent=71527"}],"wp:term":[{"taxonomy":"event_cat","embeddable":true,"href":"https:\/\/nouveau.maisonmallet.com\/back05_01\/index.php?rest_route=%2Fwp%2Fv2%2Fevent_cat&post=71527"}],"curies":[{"name":"wp","href":"https:\/\/api.w.org\/{rel}","templated":true}]}}