{"id":72243,"date":"2026-03-18T22:22:24","date_gmt":"2026-03-19T02:22:24","guid":{"rendered":"https:\/\/nouveau.maisonmallet.com\/?post_type=event&#038;p=72243"},"modified":"2026-03-20T10:23:46","modified_gmt":"2026-03-20T14:23:46","slug":"vicenzi-julietta","status":"publish","type":"event","link":"https:\/\/nouveau.maisonmallet.com\/back05_01\/?event=vicenzi-julietta","title":{"rendered":"VICENZI, Julietta"},"content":{"rendered":"<p>Le Complexe Thanatologique Mallet &#038; fils a le regret de vous annoncer le d\u00e9c\u00e8s de<\/p>\n<p>Julietta Vicenzi<br \/>\n1934 \u2013 2026<\/p>\n<p>\u00c0 Sept-\u00celes, le 17 mars 2026, est d\u00e9c\u00e9d\u00e9e \u00e0 l\u2019\u00e2ge de 91 ans, madame Julietta Vicenzi \u00e9pouse de feu Luigi Zadra et domicili\u00e9e \u00e0 Sept-\u00celes.<\/p>\n<p>Les fun\u00e9railles de madame Julietta Vicenzi auront lieu le mercredi 25 mars 2026 \u00e0 10 h 30 en l\u2019\u00e9glise St-Joseph situ\u00e9e au 535, ave. Brochu \u00e0 Sept-\u00celes et de l\u00e0 au Cimeti\u00e8re Catholique de Sept-\u00celes.<\/p>\n<p>La famille re\u00e7oit parents et amis le mardi 24 mars 2026 de 13 h \u00e0 16 h et de 19 h \u00e0 22 h. Le mercredi 25 mars 2026 jour des fun\u00e9railles \u00e0 compter de 9 h au Complexe Thanatologique Mallet &#038; fils du 585 Boul. Laure \u00e0 Sept-\u00celes.<\/p>\n<p>Elle laisse dans le deuil ses enfants : Joseph (Theresa), Dolores (Jean-Thomas) et Antonio (Anne), ses petits-enfants : Andy, Robert, Jean-S\u00e9bastien, Am\u00e9lie (Guillaume), Victor et Vincent, ses arri\u00e8re-petits-enfants : Theresa, Taya, L\u00e9anne, Camille et Luna ainsi que ses neveux, ses ni\u00e8ces et de nombreux ami(e)s.<\/p>\n<p>La famille a confi\u00e9 la direction des fun\u00e9railles aux services professionnels de la Maison Mallet &#038; fils du 585 boul. Laure \u00e0 Sept-\u00celes, maintenant reconnue Distinction et membre de la Corporation des Thanatologues du Qu\u00e9bec.<\/p>\n<p>Vous pouvez consulter cet avis de d\u00e9c\u00e8s sur le www.maisonmallet.com<\/p>\n<p>Ceux et celles qui le d\u00e9sirent, peuvent y envoyer des messages de sympathie.<\/p>\n<p>[contact-form to=\u00a0\u00bbdolores.z.roy@gmail.com\u00a0\u00bb subject=\u00a0\u00bbCondol\u00e9ances Julietta Vicenzi\u00a0\u00bb][contact-field label=\u00a0\u00bbVotre nom\u00a0\u00bb type=\u00a0\u00bbname\u00a0\u00bb required=\u00a0\u00bb1&Prime;][contact-field label=\u00a0\u00bbVotre courriel\u00a0\u00bb type=\u00a0\u00bbemail\u00a0\u00bb required=\u00a0\u00bb1&Prime;][contact-field label=\u00a0\u00bbCondol\u00e9ances\u00a0\u00bb type=\u00a0\u00bbtextarea\u00a0\u00bb][\/contact-form]<\/p>\n","protected":false},"featured_media":72246,"template":"","event_cat":[6],"class_list":["post-72243","event","type-event","status-publish","has-post-thumbnail","hentry","event_cat-maison-mallet-et-fils-inc"],"_links":{"self":[{"href":"https:\/\/nouveau.maisonmallet.com\/back05_01\/index.php?rest_route=\/wp\/v2\/event\/72243","targetHints":{"allow":["GET"]}}],"collection":[{"href":"https:\/\/nouveau.maisonmallet.com\/back05_01\/index.php?rest_route=\/wp\/v2\/event"}],"about":[{"href":"https:\/\/nouveau.maisonmallet.com\/back05_01\/index.php?rest_route=\/wp\/v2\/types\/event"}],"wp:featuredmedia":[{"embeddable":true,"href":"https:\/\/nouveau.maisonmallet.com\/back05_01\/index.php?rest_route=\/wp\/v2\/media\/72246"}],"wp:attachment":[{"href":"https:\/\/nouveau.maisonmallet.com\/back05_01\/index.php?rest_route=%2Fwp%2Fv2%2Fmedia&parent=72243"}],"wp:term":[{"taxonomy":"event_cat","embeddable":true,"href":"https:\/\/nouveau.maisonmallet.com\/back05_01\/index.php?rest_route=%2Fwp%2Fv2%2Fevent_cat&post=72243"}],"curies":[{"name":"wp","href":"https:\/\/api.w.org\/{rel}","templated":true}]}}