{"id":72245,"date":"2026-03-21T19:49:35","date_gmt":"2026-03-21T23:49:35","guid":{"rendered":"https:\/\/nouveau.maisonmallet.com\/?post_type=event&#038;p=72245"},"modified":"2026-03-22T19:56:45","modified_gmt":"2026-03-22T23:56:45","slug":"barriault-claude","status":"publish","type":"event","link":"https:\/\/nouveau.maisonmallet.com\/back05_01\/?event=barriault-claude","title":{"rendered":"BARRIAULT, Claude"},"content":{"rendered":"<p>La Maison L.J.G. Mallet a le regret de vous annoncer le d\u00e9c\u00e8s de<\/p>\n<p>Claude Barriault<br \/>\n1954 &#8211; 2026<\/p>\n<p>\u00c0 Havre Saint-Pierre, le 17 mars 2026, est d\u00e9c\u00e9d\u00e9 \u00e0 l\u2019\u00e2ge de 71 ans, monsieur Claude Barriault fils de feu Marcel Barriault et de feu Alice Cyr, domicili\u00e9 \u00e0 Havre Saint-Pierre. <\/p>\n<p>Les fun\u00e9railles de monsieur Claude Barriault auront lieu le samedi 28 mars 2026 \u00e0 11 h, en l\u2019\u00e9glise Saint-Pierre situ\u00e9e au 742, rue Bor\u00e9al \u00e0 Havre Saint-Pierre.<\/p>\n<p>Selon ses volont\u00e9s, il a \u00e9t\u00e9 confi\u00e9 au cr\u00e9matorium de la maison L.J.G. Mallet pour cr\u00e9mation.<\/p>\n<p>La famille re\u00e7oit parents et amis le vendredi 27 mars 2026, de 13 h \u00e0 16 et de 19 h \u00e0 22 h. Le samedi 28 mars 2026, jour des fun\u00e9railles \u00e0 compter de 10 h au salon de la Maison L.J.G. Mallet du 1429, rue du Canot \u00e0 Havre Saint-Pierre.<\/p>\n<p>Il laisse dans le deuil ses s\u0153urs : Marie-Ange, Th\u00e9r\u00e8se (G\u00e9rard Gallant) et Martine (Robert Boudrias), ses fr\u00e8res : Daniel (Francine Landry), Yves (Sonia Gallant), Pierre (Luce Boudreau) et Jean (Luce Scherrer) ainsi que ses neveux, ses ni\u00e8ces, ses oncles, ses tantes, ses cousins, ses cousines et de nombreux ami(e)s.<\/p>\n<p>Il \u00e9tait le fr\u00e8re de feu Michel (Lorraine Boulanger) et de feue Monique (R\u00e9jean Marceau).<\/p>\n<p>Vos marques de sympathie peuvent se traduire par un don \u00e0 L\u2019espoir de Shelna de Havre Saint-Pierre.  <\/p>\n<p>La famille a confi\u00e9 la direction des fun\u00e9railles aux services professionnels de la Maison L.J.G. Mallet du 1429, rue du Canot \u00e0 Havre Saint-Pierre, membre de la Corporation des Thanatologues du Qu\u00e9bec.<\/p>\n<p>Vous pouvez consulter cet avis de d\u00e9c\u00e8s, sur le www.maisonmallet.com <\/p>\n<p>Ceux et celles qui le d\u00e9sirent, peuvent y envoyer des messages de sympathie.<\/p>\n<p>[contact-form to=\u00a0\u00bbdanielbarriault@live.ca\u00a0\u00bb subject=\u00a0\u00bbCondol\u00e9ances Claude Barriault\u00a0\u00bb][contact-field label=\u00a0\u00bbVotre nom\u00a0\u00bb type=\u00a0\u00bbname\u00a0\u00bb required=\u00a0\u00bb1&Prime;][contact-field label=\u00a0\u00bbVotre courriel\u00a0\u00bb type=\u00a0\u00bbemail\u00a0\u00bb required=\u00a0\u00bb1&Prime;][contact-field label=\u00a0\u00bbCondol\u00e9ances\u00a0\u00bb type=\u00a0\u00bbtextarea\u00a0\u00bb][\/contact-form]<\/p>\n","protected":false},"featured_media":72315,"template":"","event_cat":[7],"class_list":["post-72245","event","type-event","status-publish","has-post-thumbnail","hentry","event_cat-maison-l-j-g-mallet-inc"],"_links":{"self":[{"href":"https:\/\/nouveau.maisonmallet.com\/back05_01\/index.php?rest_route=\/wp\/v2\/event\/72245","targetHints":{"allow":["GET"]}}],"collection":[{"href":"https:\/\/nouveau.maisonmallet.com\/back05_01\/index.php?rest_route=\/wp\/v2\/event"}],"about":[{"href":"https:\/\/nouveau.maisonmallet.com\/back05_01\/index.php?rest_route=\/wp\/v2\/types\/event"}],"wp:featuredmedia":[{"embeddable":true,"href":"https:\/\/nouveau.maisonmallet.com\/back05_01\/index.php?rest_route=\/wp\/v2\/media\/72315"}],"wp:attachment":[{"href":"https:\/\/nouveau.maisonmallet.com\/back05_01\/index.php?rest_route=%2Fwp%2Fv2%2Fmedia&parent=72245"}],"wp:term":[{"taxonomy":"event_cat","embeddable":true,"href":"https:\/\/nouveau.maisonmallet.com\/back05_01\/index.php?rest_route=%2Fwp%2Fv2%2Fevent_cat&post=72245"}],"curies":[{"name":"wp","href":"https:\/\/api.w.org\/{rel}","templated":true}]}}