{"id":72314,"date":"2026-03-21T20:01:49","date_gmt":"2026-03-22T00:01:49","guid":{"rendered":"https:\/\/nouveau.maisonmallet.com\/?post_type=event&#038;p=72314"},"modified":"2026-03-22T20:07:03","modified_gmt":"2026-03-23T00:07:03","slug":"berube-adalbert","status":"publish","type":"event","link":"https:\/\/nouveau.maisonmallet.com\/back05_01\/?event=berube-adalbert","title":{"rendered":"B\u00c9RUB\u00c9, Adalbert"},"content":{"rendered":"<p>Le Complexe Thanatologique Mallet &#038; fils a le regret de vous annoncer le d\u00e9c\u00e8s de<\/p>\n<p>Adalbert B\u00e9rub\u00e9<br \/>\n1935 \u2013 2026<\/p>\n<p>\u00c0 Sept-\u00celes (maison \u00c9lyme des sables), le 2 mars 2026, est d\u00e9c\u00e9d\u00e9 \u00e0 l\u2019\u00e2ge de 90 ans et 6 mois, monsieur Adalbert B\u00e9rub\u00e9 \u00e9poux en premi\u00e8res noces de feu Jeanne Bouchard, en secondes noces de madame Georgianne Meunier, fils de feu Simone Ringuet et de feu Germain B\u00e9rub\u00e9 domicili\u00e9 \u00e0 Sept-\u00celes autrefois de Rimouski.<\/p>\n<p>Les rituels fun\u00e9raires de monsieur Adalbert B\u00e9rub\u00e9 auront lieu \u00e0 une date ult\u00e9rieure.  <\/p>\n<p>Selon ses volont\u00e9s, il a \u00e9t\u00e9 confi\u00e9 au cr\u00e9matorium de la Maison Mallet &#038; fils pour cr\u00e9mation.<\/p>\n<p>Il laisse dans le deuil : ses filles : France (Jean-Guy Labrie), Linda (Michel Villeneuve), Lise (Alain Thiffault), H\u00e9l\u00e8ne et Ann (Francis Proulx), ses petits-enfants : Isabelle Ducasse (Keven Rodgers, son fils Brian (Laurie) et la petite Diana), Jean-Francois Ducasse (Laurence Tremblay), Jean-S\u00e9bastien Thiffault (Mariepier Arsenault), Alexandre Thiffault (Kim Labrie), Fr\u00e9d\u00e9ric Thiffault (Catherine Savard), Samuel Villeneuve, Jeanne et James Proulx, ses arri\u00e8re-petits-enfants : William Caron (Myrtille Perez), Noah Rodgers, Livia et Charles-\u00c9loi Thiffault, Alycia et \u00c9mile Ducasse ainsi que ses fr\u00e8res, ses s\u0153urs, ses beaux-fr\u00e8res, ses belles-s\u0153urs des familles B\u00e9rub\u00e9 et Meunier, ses neveux, ses ni\u00e8ces, ses cousins, ses cousines, ainsi que de nombreux amis (es).<\/p>\n<p>La famille tient \u00e0 remercier chaleureusement l\u2019ensemble du personnel de l\u2019\u00c9lyme des sables et tout particuli\u00e8rement Dre Julie L\u00e9ger et Dre Laurence Desch\u00eanes.<\/p>\n<p>Les services professionnels ont \u00e9t\u00e9 confi\u00e9s au Fun\u00e9rarium JB, une filiale du r\u00e9seau HG Division certifi\u00e9e Distinction par la Corporation des thanatologues du Qu\u00e9bec et par le Bureau de normalisation du Qu\u00e9bec.<\/p>\n<p>La direction et le personnel de HG Division offrent leurs plus sinc\u00e8res condol\u00e9ances \u00e0 la famille.<\/p>\n<p>Vous pouvez consulter cet avis de d\u00e9c\u00e8s, sur le www.maisonmallet.com <\/p>\n<p>Ceux et celles qui le d\u00e9sirent, peuvent y envoyer des messages de sympathie.<\/p>\n<p>[contact-form to=\u00a0\u00bbisabelle.ducasse@gmail.com\u00a0\u00bb subject=\u00a0\u00bbCondol\u00e9ances Adalbert B\u00e9rub\u00e9\u00a0\u00bb][contact-field label=\u00a0\u00bbVotre nom\u00a0\u00bb type=\u00a0\u00bbname\u00a0\u00bb required=\u00a0\u00bb1&Prime;][contact-field label=\u00a0\u00bbVotre courriel\u00a0\u00bb type=\u00a0\u00bbemail\u00a0\u00bb required=\u00a0\u00bb1&Prime;][contact-field label=\u00a0\u00bbCondol\u00e9ances\u00a0\u00bb type=\u00a0\u00bbtextarea\u00a0\u00bb][\/contact-form]<\/p>\n","protected":false},"featured_media":72317,"template":"","event_cat":[6],"class_list":["post-72314","event","type-event","status-publish","has-post-thumbnail","hentry","event_cat-maison-mallet-et-fils-inc"],"_links":{"self":[{"href":"https:\/\/nouveau.maisonmallet.com\/back05_01\/index.php?rest_route=\/wp\/v2\/event\/72314","targetHints":{"allow":["GET"]}}],"collection":[{"href":"https:\/\/nouveau.maisonmallet.com\/back05_01\/index.php?rest_route=\/wp\/v2\/event"}],"about":[{"href":"https:\/\/nouveau.maisonmallet.com\/back05_01\/index.php?rest_route=\/wp\/v2\/types\/event"}],"wp:featuredmedia":[{"embeddable":true,"href":"https:\/\/nouveau.maisonmallet.com\/back05_01\/index.php?rest_route=\/wp\/v2\/media\/72317"}],"wp:attachment":[{"href":"https:\/\/nouveau.maisonmallet.com\/back05_01\/index.php?rest_route=%2Fwp%2Fv2%2Fmedia&parent=72314"}],"wp:term":[{"taxonomy":"event_cat","embeddable":true,"href":"https:\/\/nouveau.maisonmallet.com\/back05_01\/index.php?rest_route=%2Fwp%2Fv2%2Fevent_cat&post=72314"}],"curies":[{"name":"wp","href":"https:\/\/api.w.org\/{rel}","templated":true}]}}