{"id":72493,"date":"2026-04-01T10:51:02","date_gmt":"2026-04-01T14:51:02","guid":{"rendered":"https:\/\/nouveau.maisonmallet.com\/?post_type=event&#038;p=72493"},"modified":"2026-04-02T10:57:31","modified_gmt":"2026-04-02T14:57:31","slug":"boily-richard-dick","status":"publish","type":"event","link":"https:\/\/nouveau.maisonmallet.com\/back05_01\/?event=boily-richard-dick","title":{"rendered":"BOILY, Richard (Dick)"},"content":{"rendered":"<p>Le Complexe Thanatologique Mallet &#038; fils a le regret de vous annoncer le d\u00e9c\u00e8s de<\/p>\n<p>Richard Boily (Dick)<br \/>\n1959 \u2013 2026<\/p>\n<p>\u00c0 Sept-\u00celes, le 23 f\u00e9vrier 2026, est d\u00e9c\u00e9d\u00e9 \u00e0 l&rsquo;\u00e2ge de 74 ans, monsieur Richard Boily (Dick) conjoint de madame Fran\u00e7oise Vollant et domicili\u00e9 \u00e0 Moisie.<\/p>\n<p>Selon ses volont\u00e9s, il a \u00e9t\u00e9 confi\u00e9 au cr\u00e9matorium de la Maison Mallet &#038; fils pour cr\u00e9mation.<\/p>\n<p>Il laisse dans le deuil ses fils : Jean-Fran\u00e7ois et Dominick, ses petits-enfants : Naomie, Ma\u00efka, Nathan et Flora, ses s\u0153urs : Monick et H\u00e9laine ainsi que ses beaux-fr\u00e8res, ses belles-s\u0153urs, ses neveux, ses ni\u00e8ces, ses cousins, ses cousines et de nombreux ami(e)s.<\/p>\n<p>La famille a confi\u00e9 les arrangements aux services professionnels de la Maison Mallet &#038; fils du 585, boul. Laure \u00e0 Sept-\u00celes, maintenant reconnue Distinction et membre de la Corporation des Thanatologues du Qu\u00e9bec.<\/p>\n<p>Vous pouvez consulter cet avis de d\u00e9c\u00e8s sur le : www.maisonmallet.com<\/p>\n<p>Ceux et celles qui le d\u00e9sirent, peuvent y envoyer des messages de sympathie.<\/p>\n<p>[contact-form to=\u00a0\u00bb\u00a0\u00bb subject=\u00a0\u00bbCondol\u00e9ances\u00a0\u00bb][contact-field label=\u00a0\u00bbVotre nom\u00a0\u00bb type=\u00a0\u00bbname\u00a0\u00bb required=\u00a0\u00bb1&Prime;][contact-field label=\u00a0\u00bbVotre courriel\u00a0\u00bb type=\u00a0\u00bbemail\u00a0\u00bb required=\u00a0\u00bb1&Prime;][contact-field label=\u00a0\u00bbCondol\u00e9ances\u00a0\u00bb type=\u00a0\u00bbtextarea\u00a0\u00bb][\/contact-form]<\/p>\n","protected":false},"featured_media":72524,"template":"","event_cat":[6],"class_list":["post-72493","event","type-event","status-publish","has-post-thumbnail","hentry","event_cat-maison-mallet-et-fils-inc"],"_links":{"self":[{"href":"https:\/\/nouveau.maisonmallet.com\/back05_01\/index.php?rest_route=\/wp\/v2\/event\/72493","targetHints":{"allow":["GET"]}}],"collection":[{"href":"https:\/\/nouveau.maisonmallet.com\/back05_01\/index.php?rest_route=\/wp\/v2\/event"}],"about":[{"href":"https:\/\/nouveau.maisonmallet.com\/back05_01\/index.php?rest_route=\/wp\/v2\/types\/event"}],"wp:featuredmedia":[{"embeddable":true,"href":"https:\/\/nouveau.maisonmallet.com\/back05_01\/index.php?rest_route=\/wp\/v2\/media\/72524"}],"wp:attachment":[{"href":"https:\/\/nouveau.maisonmallet.com\/back05_01\/index.php?rest_route=%2Fwp%2Fv2%2Fmedia&parent=72493"}],"wp:term":[{"taxonomy":"event_cat","embeddable":true,"href":"https:\/\/nouveau.maisonmallet.com\/back05_01\/index.php?rest_route=%2Fwp%2Fv2%2Fevent_cat&post=72493"}],"curies":[{"name":"wp","href":"https:\/\/api.w.org\/{rel}","templated":true}]}}